{"id":571,"date":"2018-10-17T12:50:07","date_gmt":"2018-10-17T10:50:07","guid":{"rendered":"http:\/\/cheries-cheris.com\/festival\/?page_id=571"},"modified":"2019-10-13T16:43:30","modified_gmt":"2019-10-13T14:43:30","slug":"remerciements","status":"publish","type":"page","link":"https:\/\/cheries-cheris.com\/festival\/24e-festival-du-film-lgbtq-de-paris-du-17-au-27-novembre-2018\/remerciements\/","title":{"rendered":"Remerciements"},"content":{"rendered":"<p>Anne Hidalgo, Maire de Paris\u00a0\u25c6\u00a0Michel Gomez, Delphine Vieira et la Mission cine\u0301ma, l\u2019e\u0301quipe de la Mairie de Paris\u00a0\u25c6\u00a0Vale\u0301rie Pe\u0301cresse, Pre\u0301sidente du Conseil re\u0301gional d\u2019I\u0302le-de-France, Franc\u0327ois Demas, Conseiller culture, Olivier Bruand et l\u2019e\u0301quipe du Conseil re\u0301gional d\u2019I\u0302le-de-France\u00a0\u25c6\u00a0Direction re\u0301gionale des Affaires culturelles d\u2019I\u0302le-de-France : Nicole Da Costa (Directrice), Tifenn\u00a0Martinot-Lagarde\u00a0(cheffe du service de l\u2019e\u0301conomie culturelle),\u00a0Emeric de Lastens, Catherine Ernatus (administration), Sothean Nihem (communication)\u00a0\u25c6\u00a0Odile Tessier, Directrice g\u00e9n\u00e9rale d\u2019Audiens, Dominique Laine, Cheffe de missions diversit\u00e9 LGBT et responsable de r\u00e9alisations collectives au P\u00f4le social et individus et au P\u00f4le m\u00e9dical d\u2019Audiens\u00a0\u25c6\u00a0DILCRAH Yohann Roszewitch et Cindy Le\u0301oni\u00a0\u25c6\u00a0Nathanae\u0308l Karmitz, Bertrand Roger, Caroline Leseur, Ste\u0301phanie Laroque, Caroline Desroches et les e\u0301quipes de MK2\u00a0\u25c6\u00a0Pardis Fouladi, Manon Pechberty, S\u00e9verine Dos Santos, Florent Ingicco et les agents d\u2019accueil et projectionnistes des cine\u0301mas MK2 Biblioth\u00e8que, Beaubourg et Quai de Seine\u00a0\u25c6\u00a0Elinor Agam Ben-David, Annabelle Semer Abraham, Alix Menut et les services culturels de l\u2019ambassade d\u2019Israe\u0308l en France\u00a0\u25c6Fernanda Jumah et\u00a0Camoes, le\u00a0Centre Culturel Portugais\u25c6\u00a0Michael Le\u0301ger et La Vague Production\u00a0\u25c6\u00a0Cyrille Marie,\u00a0R\u00e9mi Guillaume et Pink TV\u00a0\u25c6\u00a0David Dibillio, Samuel Guignet et INPES\u00a0\u25c6\u00a0Sant\u00e9 info Solidarit\u00e9-Animation\u00a0\u25c6\u00a0Steve Trameau et Optimale\u00a0\u25c6\u00a0Derek Curl,\u00a0Adam Silver\u00a0et TLA Releasing\u00a0\u25c6\u00a0Eric Lagesse, Roxane Arnold et Pyramide distribution\u00a0\u25c6\u00a0St\u00e9phane Auclaire, Lucie Plumart et UFO Distribution.\u00a0\u25c6\u00a0Emilie Djiane, Elsa de Balby et Rouge Distribution\u00a0\u25c6\u00a0Adam Lablack et LFR Films\u00a0\u25c6\u00a0Thibaut Fouge\u0300res et Outplay\u00a0\u25c6\u00a0Herve\u0301 Latapie, Le Tango\u00a0et le Centre LGBT Paris\u00a0\u25c6\u00a0Thierry Calmont, Patrick Courty et le magazine Tribu Move\u00a0\u25c6\u00a0Christophe Soret et le magazine Qweek\u00a0\u25c6\u00a0Vincent Jaury, Me\u0301lanie Brie\u0301e et le magazine Transfuge\u00a0\u25c6\u00a0Didier Tell, Franck Finance-Madureira et le site Komitid\u00a0\u25c6 Un grand merci a\u0300\u00a0Christophe Vix-Gras,\u00a0Zouzou et l\u2019\u00e9quipe\u00a0du\u00a0Rosa Bonheur\u00a0\u25c6 Gr\u00e9gory Pinon, Laeticia Zerbib\u00a0et Le Cirque\u00a0\u25c6\u00a0IEM\u00a0\u25c6\u00a0Christophe Arnaud, Yoann\u00a0Datt et les PopinGays\u00a0\u25c6\u00a0Aurore Foursy et l\u2019Inter-LGBT\u00a0\u25c6\u00a0Tou(te)s les re\u0301alisatrices-teurs, productrices-teurs, distributrices-teurs qui nous ont confi\u00e9 les films de cette e\u0301dition 2018\u00a0\u25c6<\/p>\n","protected":false},"excerpt":{"rendered":"<p>Anne Hidalgo, Maire de Paris\u00a0\u25c6\u00a0Michel Gomez, Delphine Vieira et la Mission cine\u0301ma, l\u2019e\u0301quipe de la Mairie de Paris\u00a0\u25c6\u00a0Vale\u0301rie Pe\u0301cresse, Pre\u0301sidente du Conseil re\u0301gional d\u2019I\u0302le-de-France, Franc\u0327ois Demas, Conseiller culture, Olivier Bruand et l\u2019e\u0301quipe du Conseil re\u0301gional d\u2019I\u0302le-de-France\u00a0\u25c6\u00a0Direction re\u0301gionale des Affaires culturelles d\u2019I\u0302le-de-France : Nicole Da Costa (Directrice), Tifenn\u00a0Martinot-Lagarde\u00a0(cheffe du service de l\u2019e\u0301conomie culturelle),\u00a0Emeric de Lastens, Catherine [&hellip;]<\/p>\n","protected":false},"author":1,"featured_media":0,"parent":321,"menu_order":0,"comment_status":"closed","ping_status":"closed","template":"","meta":{"footnotes":""},"cc_edition":[],"class_list":["post-571","page","type-page","status-publish","hentry"],"_links":{"self":[{"href":"https:\/\/cheries-cheris.com\/festival\/wp-json\/wp\/v2\/pages\/571","targetHints":{"allow":["GET"]}}],"collection":[{"href":"https:\/\/cheries-cheris.com\/festival\/wp-json\/wp\/v2\/pages"}],"about":[{"href":"https:\/\/cheries-cheris.com\/festival\/wp-json\/wp\/v2\/types\/page"}],"author":[{"embeddable":true,"href":"https:\/\/cheries-cheris.com\/festival\/wp-json\/wp\/v2\/users\/1"}],"replies":[{"embeddable":true,"href":"https:\/\/cheries-cheris.com\/festival\/wp-json\/wp\/v2\/comments?post=571"}],"version-history":[{"count":2,"href":"https:\/\/cheries-cheris.com\/festival\/wp-json\/wp\/v2\/pages\/571\/revisions"}],"predecessor-version":[{"id":1270,"href":"https:\/\/cheries-cheris.com\/festival\/wp-json\/wp\/v2\/pages\/571\/revisions\/1270"}],"up":[{"embeddable":true,"href":"https:\/\/cheries-cheris.com\/festival\/wp-json\/wp\/v2\/pages\/321"}],"wp:attachment":[{"href":"https:\/\/cheries-cheris.com\/festival\/wp-json\/wp\/v2\/media?parent=571"}],"wp:term":[{"taxonomy":"cc_edition","embeddable":true,"href":"https:\/\/cheries-cheris.com\/festival\/wp-json\/wp\/v2\/cc_edition?post=571"}],"curies":[{"name":"wp","href":"https:\/\/api.w.org\/{rel}","templated":true}]}}