{"id":4467,"date":"2022-12-02T17:30:19","date_gmt":"2022-12-02T16:30:19","guid":{"rendered":"https:\/\/cheries-cheris.com\/festival\/?page_id=4467"},"modified":"2022-12-02T18:01:34","modified_gmt":"2022-12-02T17:01:34","slug":"palmares-du-28e-festival-international-du-film-lgbtq-de-paris","status":"publish","type":"page","link":"https:\/\/cheries-cheris.com\/festival\/28eme-festival-du-film-lgbtq-de-paris-du-19-au-29-novembre-2022\/palmares-du-28e-festival-international-du-film-lgbtq-de-paris\/","title":{"rendered":"Palmar\u00e8s du 28e festival international du film LGBTQ &#038; +++ de Paris"},"content":{"rendered":"<section class=\"kc-elm kc-css-643680 kc_row\"><div class=\"kc-row-container  kc-container\"><div class=\"kc-wrap-columns\"><div class=\"kc-elm kc-css-157936 kc_col-sm-12 kc_column kc_col-sm-12\"><div class=\"kc-col-container\"><div class=\"kc-elm kc-css-297205\" style=\"height: 59px; clear: both; width:100%;\"><\/div><div class=\"kc-elm kc-css-651512 kc_text_block\"><\/p>\n<h1 style=\"text-align: center;\">Annonce du palmar\u00e8s de la 28\u00e8me \u00e9dition<br \/>du Festival du Film LGBTQI&#038;+++<br \/>Ch\u00e9ries-Ch\u00e9ris<\/h1>\n<p>\n<\/div><div class=\"kc-elm kc-css-824078\" style=\"height: 59px; clear: both; width:100%;\"><\/div><div class=\"kc-elm kc-css-934254 kc_text_block\"><\/p>\n<h1 style=\"text-align: center;\"><strong>COMP\u00c9TITION FICTION<\/strong><\/h1>\n<p>\n<\/div><div class=\"kc-elm kc-css-700536\" style=\"height: 20px; clear: both; width:100%;\"><\/div><div class=\"kc-elm kc-css-591690 kc_row kc_row_inner\"><div class=\"kc-elm kc-css-225099 kc_col-sm-6 kc_column_inner kc_col-sm-6\"><div class=\"kc_wrapper kc-col-inner-container\">\n<div class=\"kc-elm kc-css-966216 kc-title-wrap \">\n\n\t<h1 class=\"kc_title\">Grand Prix<\/h1>\n<\/div>\n<div class=\"kc-elm kc-css-501104\" style=\"height: 20px; clear: both; width:100%;\"><\/div><div class=\"kc-elm kc-css-974123 kc_shortcode kc_single_image\">\n\n        <a  href=\"https:\/\/cheries-cheris.com\/festival\/films\/joyland\/\" title=\"Joyland\" target=\"_self\">\n        <img decoding=\"async\" src=\"https:\/\/cheries-cheris.com\/festival\/wp-content\/uploads\/2022\/12\/joyland.jpg\" class=\"\" alt=\"image extraite de Joyland \/ Saim Sadiq\" \/>    <\/a>\n    <\/div>\n<div class=\"kc-elm kc-css-140722 kc_text_block\"><\/p>\n<h2 style=\"text-align: center;\"><a href=\"https:\/\/cheries-cheris.com\/festival\/films\/joyland\/\">JOYLAND<\/a><\/h2>\n<p style=\"text-align: center;\">de Saim Sadiq (Pakistan)<\/p>\n<p>\n<\/div><\/div><\/div><div class=\"kc-elm kc-css-62767 kc_col-sm-6 kc_column_inner kc_col-sm-6\"><div class=\"kc_wrapper kc-col-inner-container\">\n<div class=\"kc-elm kc-css-415645 kc-title-wrap \">\n\n\t<h1 class=\"kc_title\">Prix du Jury<\/h1>\n<\/div>\n<div class=\"kc-elm kc-css-749326\" style=\"height: 20px; clear: both; width:100%;\"><\/div><div class=\"kc-elm kc-css-166382 kc_shortcode kc_single_image\">\n\n        <a  href=\"https:\/\/cheries-cheris.com\/festival\/films\/le-bleu-du-caftan\/\" title=\"LE BLEU DU CAFTAN\" target=\"_self\">\n        <img decoding=\"async\" src=\"https:\/\/cheries-cheris.com\/festival\/wp-content\/uploads\/2022\/12\/le-bleu-du-caftan.jpg\" class=\"\" alt=\"image extraite de Le bleu du caftan \/ Maryam Touzani\" \/>    <\/a>\n    <\/div>\n<div class=\"kc-elm kc-css-777559 kc_text_block\"><\/p>\n<h2 style=\"text-align: center;\"><a href=\"https:\/\/cheries-cheris.com\/festival\/films\/le-bleu-du-caftan\/\">LE BLEU DU CAFTAN<\/a><\/h2>\n<p style=\"text-align: center;\">de Maryam Touzani (Maroc)<\/p>\n<p>\n<\/div><\/div><\/div><\/div><div class=\"kc-elm kc-css-462317\" style=\"height: 59px; clear: both; width:100%;\"><\/div>\n<div class=\"kc-elm kc-css-414251 kc-title-wrap \">\n\n\t<h1 class=\"kc_title\">Prix d'interpr\u00e9tation<\/h1>\n<\/div>\n<div class=\"kc-elm kc-css-40089\" style=\"height: 20px; clear: both; width:100%;\"><\/div><div class=\"kc-elm kc-css-881921 kc_row kc_row_inner\"><div class=\"kc-elm kc-css-445018 kc_col-sm-6 kc_column_inner kc_col-sm-6\"><div class=\"kc_wrapper kc-col-inner-container\"><div class=\"kc-elm kc-css-980908 kc_shortcode kc_single_image\">\n\n        <a  href=\"https:\/\/cheries-cheris.com\/festival\/films\/paloma\/\" title=\"PALOMA\" target=\"_self\">\n        <img decoding=\"async\" src=\"https:\/\/cheries-cheris.com\/festival\/wp-content\/uploads\/2022\/12\/kika-sena.jpg\" class=\"\" alt=\"portrait de Kika Sena\" \/>    <\/a>\n    <\/div>\n<\/div><\/div><div class=\"kc-elm kc-css-824567 kc_col-sm-6 kc_column_inner kc_col-sm-6\"><div class=\"kc_wrapper kc-col-inner-container\"><div class=\"kc-elm kc-css-867649 kc_text_block\"><\/p>\n<p>Kika Sena pour<\/p>\n<h2><a href=\"https:\/\/cheries-cheris.com\/festival\/films\/paloma\/\">PALOMA<\/a><\/h2>\n<p>de Marcelo Gomes (Br\u00e9sil)<\/p>\n<\/p>\n<p>\n<\/div><\/div><\/div><\/div><div class=\"kc-elm kc-css-973393\" style=\"height: 61px; clear: both; width:100%;\"><\/div><div class=\"kc-elm kc-css-247623 kc_text_block\"><\/p>\n<h1 style=\"text-align: center;\"><b>COMP\u00c9TITION DOCUMENTAIRE<\/b><\/h1>\n<p>\n<\/div><div class=\"kc-elm kc-css-566342\" style=\"height: 61px; clear: both; width:100%;\"><\/div><div class=\"kc-elm kc-css-372109 kc_row kc_row_inner\"><div class=\"kc-elm kc-css-268580 kc_col-sm-4 kc_column_inner kc_col-sm-4\"><div class=\"kc_wrapper kc-col-inner-container\">\n<div class=\"kc-elm kc-css-344749 kc-title-wrap \">\n\n\t<h1 class=\"kc_title\">Grand Prix<\/h1>\n<\/div>\n<div class=\"kc-elm kc-css-568907\" style=\"height: 20px; clear: both; width:100%;\"><\/div><div class=\"kc-elm kc-css-336524 kc_shortcode kc_single_image\">\n\n        <a  href=\"https:\/\/cheries-cheris.com\/festival\/films\/la-guerre-de-miguel\/\" title=\"LA GUERRE DE MIGUEL\" target=\"_self\">\n        <img decoding=\"async\" src=\"https:\/\/cheries-cheris.com\/festival\/wp-content\/uploads\/2022\/11\/la-guerre-de-miguel.jpg\" class=\"\" alt=\"\" \/>    <\/a>\n    <\/div>\n<div class=\"kc-elm kc-css-441185 kc_text_block\"><\/p>\n<h2 style=\"text-align: center;\"><a href=\"https:\/\/cheries-cheris.com\/festival\/films\/la-guerre-de-miguel\/\">LA GUERRE DE MIGUEL<\/a><\/h2>\n<p style=\"text-align: center;\">de Eliane Raheb (Liban, Allemagne, Espagne)<\/p>\n<p>\n<\/div><\/div><\/div><div class=\"kc-elm kc-css-76482 kc_col-sm-8 kc_column_inner kc_col-sm-8\"><div class=\"kc_wrapper kc-col-inner-container\">\n<div class=\"kc-elm kc-css-331874 kc-title-wrap \">\n\n\t<h1 class=\"kc_title\">Prix du Jury ex \u00e6quo<\/h1>\n<\/div>\n<div class=\"kc-elm kc-css-622585\" style=\"height: 20px; clear: both; width:100%;\"><\/div><div class=\"kc-elm kc-css-\u00bb642659&Prime; kc_row kc_row_inner\"><div class=\"kc-elm kc-css-\u00bb794015&Prime; kc_col-sm-1 kc_column_inner kc_col-sm-1\"><div class=\"kc_wrapper kc-col-inner-container\"><div class=\"kc-elm kc-css-192958 kc_shortcode kc_single_image\">\n\n        <a  href=\"https:\/\/cheries-cheris.com\/festival\/films\/nun-of-your-business\/\" title=\"NUN OF YOUR BUSINESS\" target=\"_self\">\n        <img decoding=\"async\" src=\"https:\/\/cheries-cheris.com\/festival\/wp-content\/uploads\/2022\/11\/nun-of-your-business.jpg\" class=\"\" alt=\"NUN OF YOUR BUSINESS\" \/>    <\/a>\n    <\/div>\n<div class=\"kc-elm kc-css-886581 kc_text_block\"><\/p>\n<h2 style=\"text-align: center;\"><a href=\"https:\/\/cheries-cheris.com\/festival\/films\/nun-of-your-business\/\">NUN OF YOUR BUSINESS<\/a><\/h2>\n<p style=\"text-align: center;\">Ivana Marini\u0107 Kragi\u0107 (Croatie)<\/p>\n<p>\n<\/div><\/div><\/div><div class=\"kc-elm kc-css-\u00bb450550&Prime; kc_col-sm-1 kc_column_inner kc_col-sm-1\"><div class=\"kc_wrapper kc-col-inner-container\"><div class=\"kc-elm kc-css-14460 kc_shortcode kc_single_image\">\n\n        <a  href=\"https:\/\/cheries-cheris.com\/festival\/films\/vilain-garcon\/\" title=\"VILAIN GARCON\" target=\"_self\">\n        <img decoding=\"async\" src=\"https:\/\/cheries-cheris.com\/festival\/wp-content\/uploads\/2022\/11\/vilain-garcon-295x197xc.jpg\" class=\"\" alt=\"VILAIN GARCON\" \/>    <\/a>\n    <\/div>\n<div class=\"kc-elm kc-css-11572 kc_text_block\"><\/p>\n<h2 style=\"text-align: center;\"><a href=\"https:\/\/cheries-cheris.com\/festival\/films\/vilain-garcon\/\">VILAIN GARCON<\/a><\/h2>\n<p style=\"text-align: center;\">de Fran\u00e7ois Zabaletta<\/p>\n<p>\n<\/div><\/div><\/div><\/div><\/div><\/div><\/div><div class=\"kc-elm kc-css-858788\" style=\"height: 61px; clear: both; width:100%;\"><\/div><div class=\"kc-elm kc-css-205209 kc_text_block\"><\/p>\n<h1 style=\"text-align: center;\"><b>COMP\u00c9TITION COURTS METRAGES<\/b><\/h1>\n<\/p>\n<p style=\"text-align: center;\"><strong>Grand Prix : <a href=\"https:\/\/cheries-cheris.com\/festival\/films\/competition-courts-metrages-queer-2022\/\">HIDEOUS<\/a><\/strong> de Yann Gonzalez (Royaume-Uni)<\/p>\n<p style=\"text-align: center;\"><strong>Prix du Jury ex \u00e6quo : <a href=\"https:\/\/cheries-cheris.com\/festival\/films\/competition-courts-metrages-lesbiens-1-2022\/\">L\u2019ATTENTE<\/a><\/strong> de Alice Douard (France) &#038; <a href=\"https:\/\/cheries-cheris.com\/festival\/films\/competition-courts-metrages-gays-2-2022\/\"><strong>REGARDE-MOI<\/strong><\/a> de Shuli Huang (Chine)<\/p>\n<p style=\"text-align: center;\"><strong>Prix sp\u00e9cial du Jury : <a href=\"https:\/\/cheries-cheris.com\/festival\/films\/competition-courts-metrages-transgenres-1-2022\/\">LES CR\u00c9ATURES QUI FONDENT AU SOLEIL<\/a><\/strong> de Diego C\u00e9spedes (Chili, France)<\/p>\n<p>\n<\/div><div class=\"kc-elm kc-css-811067\" style=\"height: 61px; clear: both; width:100%;\"><\/div><div class=\"kc-elm kc-css-791126 kc_text_block\"><\/p>\n<h1 style=\"text-align: center;\"><strong>PRIX LIBERT\u00c9S CH\u00c9RIES<br \/><\/strong><\/h1>\n<\/p>\n<p style=\"text-align: center;\"><i><a href=\"https:\/\/cheries-cheris.com\/festival\/28eme-festival-du-film-lgbtq-de-paris-du-19-au-29-novembre-2022\/editos-et-jurys\/le-prix-libertes-cheries\/\">Laur\u00e9at du Prix dot\u00e9 par l\u2019ONG Solidarit\u00e9 internationale LGBTQI+ (SIL)<\/a>\u00a0<\/i><\/p>\n<p style=\"text-align: center;\"><strong>Laur\u00e9at : <a href=\"https:\/\/cheries-cheris.com\/festival\/films\/camila-sortira-ce-soir\/\">CAMILA SORTIRA CE SOIR<\/a><\/strong> de In\u00e9s Mar\u00eda Barrionuevo (Argentine)<\/p>\n<p style=\"text-align: center;\"><strong>Mentions sp\u00e9ciales : <a href=\"https:\/\/cheries-cheris.com\/festival\/films\/silent-love\/\">SILENT LOVE<\/a><\/strong> de Marek Kozakiewicz (Pologne) &#038; <a href=\"https:\/\/cheries-cheris.com\/festival\/films\/un-varon-un-male\/\"><strong>UN VAR\u00d3N<\/strong><\/a> de Fabi\u00e1n Hern\u00e1ndez (Colombie)<\/p>\n<p>\n<\/div><\/div><\/div><\/div><\/div><\/section>\n","protected":false},"excerpt":{"rendered":"","protected":false},"author":9,"featured_media":4446,"parent":3861,"menu_order":0,"comment_status":"closed","ping_status":"closed","template":"template-cc-home.php","meta":{"footnotes":""},"cc_edition":[],"class_list":["post-4467","page","type-page","status-publish","has-post-thumbnail","hentry"],"_links":{"self":[{"href":"https:\/\/cheries-cheris.com\/festival\/wp-json\/wp\/v2\/pages\/4467","targetHints":{"allow":["GET"]}}],"collection":[{"href":"https:\/\/cheries-cheris.com\/festival\/wp-json\/wp\/v2\/pages"}],"about":[{"href":"https:\/\/cheries-cheris.com\/festival\/wp-json\/wp\/v2\/types\/page"}],"author":[{"embeddable":true,"href":"https:\/\/cheries-cheris.com\/festival\/wp-json\/wp\/v2\/users\/9"}],"replies":[{"embeddable":true,"href":"https:\/\/cheries-cheris.com\/festival\/wp-json\/wp\/v2\/comments?post=4467"}],"version-history":[{"count":5,"href":"https:\/\/cheries-cheris.com\/festival\/wp-json\/wp\/v2\/pages\/4467\/revisions"}],"predecessor-version":[{"id":4488,"href":"https:\/\/cheries-cheris.com\/festival\/wp-json\/wp\/v2\/pages\/4467\/revisions\/4488"}],"up":[{"embeddable":true,"href":"https:\/\/cheries-cheris.com\/festival\/wp-json\/wp\/v2\/pages\/3861"}],"wp:featuredmedia":[{"embeddable":true,"href":"https:\/\/cheries-cheris.com\/festival\/wp-json\/wp\/v2\/media\/4446"}],"wp:attachment":[{"href":"https:\/\/cheries-cheris.com\/festival\/wp-json\/wp\/v2\/media?parent=4467"}],"wp:term":[{"taxonomy":"cc_edition","embeddable":true,"href":"https:\/\/cheries-cheris.com\/festival\/wp-json\/wp\/v2\/cc_edition?post=4467"}],"curies":[{"name":"wp","href":"https:\/\/api.w.org\/{rel}","templated":true}]}}