{"id":3803,"date":"2022-11-04T11:25:43","date_gmt":"2022-11-04T10:25:43","guid":{"rendered":"https:\/\/cheries-cheris.com\/festival\/?page_id=3803"},"modified":"2022-11-04T11:37:49","modified_gmt":"2022-11-04T10:37:49","slug":"le-prix-libertes-cheries","status":"publish","type":"page","link":"https:\/\/cheries-cheris.com\/festival\/28eme-festival-du-film-lgbtq-de-paris-du-19-au-29-novembre-2022\/editos-et-jurys\/le-prix-libertes-cheries\/","title":{"rendered":"Le prix \u00ab Libert\u00e9s Ch\u00e9ries \u00bb"},"content":{"rendered":"<p><section class=\"kc-elm kc-css-224693 kc_row\"><div class=\"kc-row-container  kc-container\"><div class=\"kc-wrap-columns\"><div class=\"kc-elm kc-css-546151 kc_col-sm-8 kc_column kc_col-sm-8\"><div class=\"kc-col-container\"><div class=\"kc-elm kc-css-575605 kc_text_block\"><\/p>\n<p>Dans de nombreux pays les personnes LGBTQI+ sont mal accept\u00e9es : l&#039;homosexualit\u00e9 et la transidentit\u00e9 y sont rejet\u00e9es par la soci\u00e9t\u00e9, interdites et p\u00e9nalis\u00e9es par des lois, condamn\u00e9es parfois jusqu\u2019\u00e0 la peine de mort. Dans d&#039;autres pays, leurs droits progressent et un foss\u00e9 se creuse entre nos deux mondes.<\/p>\n<p>Afin d\u2019aller \u00e0 la rencontre des r\u00e9alit\u00e9s v\u00e9cues par les citoyen.ne.s LGBTQI+ de ces pays o\u00f9 les libert\u00e9s sont restreintes, afin aussi d\u2019encourager la production et la diffusion de films qui permettent de mieux appr\u00e9hender ce que l\u2019on vit et ce dont on r\u00eave dans de tels contextes,\u00a0<em>Ch\u00e9ries-Ch\u00e9ris<\/em>\u00a0et l\u2019ONG Solidarit\u00e9 Internationale LGBTQI+ (SIL) ont cr\u00e9\u00e9 cette ann\u00e9e le prix \u00ab\u00a0Libert\u00e9s Ch\u00e9ries\u00a0\u00bb dot\u00e9 \u00e0 hauteur de 4000\u20ac.<\/p>\n<p>\n<\/div><\/div><\/div><div class=\"kc-elm kc-css-144984 kc_col-sm-4 kc_column kc_col-sm-4\"><div class=\"kc-col-container\"><div class=\"kc-elm kc-css-901297 kc_shortcode kc_single_image\">\n\n        <img decoding=\"async\" src=\"https:\/\/cheries-cheris.com\/festival\/wp-content\/uploads\/2022\/11\/logo-libertes_cheries-bleu.png\" class=\"\" alt=\"\" \/>    <\/div>\n<\/div><\/div><\/div><\/div><\/section><section class=\"kc-elm kc-css-463255 kc_row\"><div class=\"kc-row-container  kc-container\"><div class=\"kc-wrap-columns\"><div class=\"kc-elm kc-css-811282 kc_col-sm-12 kc_column kc_col-sm-12\"><div class=\"kc-col-container\"><div class=\"kc-elm kc-css-253722 kc_text_block\"><\/p>\n<h2>Films en s\u00e9lection<\/h2>\n<h3>5 documentaires :<\/h3>\n<ul>\n<li><a href=\"https:\/\/cheries-cheris.com\/festival\/films\/carte-blanche-a-linstitut-du-monde-arabe-1\/\">BOUCHE COUSUE<\/a> de Anic\u00e9e Gohar (Egypte)\u00a0<\/li>\n<li><a href=\"https:\/\/cheries-cheris.com\/festival\/films\/carte-blanche-a-linstitut-du-monde-arabe-2\/\">L\u2019ART DU P\u00c9CH\u00c9<\/a> de Ibrahim Mursal (Norve\u0300ge\/Soudan)\u00a0<\/li>\n<li><a href=\"https:\/\/cheries-cheris.com\/festival\/films\/nun-of-your-business\/\">NUN OF YOUR BUSINESS<\/a> de Ivana Marini\u0107 Kragi\u0107 (Croatie)\u00a0<\/li>\n<li><a href=\"https:\/\/cheries-cheris.com\/festival\/films\/silent-love\/\">SILENT LOVE<\/a> de Marek Kozakiewicz (Pologne)\u00a0<\/li>\n<li><a href=\"https:\/\/cheries-cheris.com\/festival\/films\/travesia-travesti\/\">TRAVESIA TRAVESTI<\/a> de Nicol\u00e1s Videla (Chili)\u00a0<\/li>\n<\/ul>\n<h3>5 fictions :<\/h3>\n<ul>\n<li><a href=\"https:\/\/cheries-cheris.com\/festival\/films\/camila-sortira-ce-soir\/\">CAMILA SORTIRA CE SOIR<\/a> de In\u00e9s Mar\u00eda Barrionuevo (Argentine)<\/li>\n<li><a href=\"https:\/\/cheries-cheris.com\/festival\/films\/joyland\/\">JOYLAND<\/a> de Saim Sadiq (Pakistan)\u00a0<\/li>\n<li><a href=\"https:\/\/cheries-cheris.com\/festival\/films\/les-damnes-ne-pleurent-pas\/\">LES DAMN\u00c9S NE PLEURENT PAS<\/a> de Fyzal Boulifa (France, Belgique, Maroc)\u00a0<\/li>\n<li><a href=\"https:\/\/cheries-cheris.com\/festival\/films\/nos-peurs-et-nos-espoirs\/\">NOS PEURS ET NOS ESPOIRS<\/a> de \u0141ukasz Ronduda &#038; \u0141ukasz Gutt (Pologne)<\/li>\n<li><a href=\"https:\/\/cheries-cheris.com\/festival\/films\/un-varon-un-male\/\">UN VAR\u00d3N<\/a> de Fabi\u00e1n Hern\u00e1ndez (Colombie)\u00a0<\/li>\n<\/ul>\n<p>\n<\/div><\/div><\/div><\/div><\/div><\/section><\/p>\n","protected":false},"excerpt":{"rendered":"","protected":false},"author":9,"featured_media":4060,"parent":3746,"menu_order":0,"comment_status":"closed","ping_status":"closed","template":"","meta":{"footnotes":""},"cc_edition":[],"class_list":["post-3803","page","type-page","status-publish","has-post-thumbnail","hentry"],"_links":{"self":[{"href":"https:\/\/cheries-cheris.com\/festival\/wp-json\/wp\/v2\/pages\/3803","targetHints":{"allow":["GET"]}}],"collection":[{"href":"https:\/\/cheries-cheris.com\/festival\/wp-json\/wp\/v2\/pages"}],"about":[{"href":"https:\/\/cheries-cheris.com\/festival\/wp-json\/wp\/v2\/types\/page"}],"author":[{"embeddable":true,"href":"https:\/\/cheries-cheris.com\/festival\/wp-json\/wp\/v2\/users\/9"}],"replies":[{"embeddable":true,"href":"https:\/\/cheries-cheris.com\/festival\/wp-json\/wp\/v2\/comments?post=3803"}],"version-history":[{"count":5,"href":"https:\/\/cheries-cheris.com\/festival\/wp-json\/wp\/v2\/pages\/3803\/revisions"}],"predecessor-version":[{"id":4071,"href":"https:\/\/cheries-cheris.com\/festival\/wp-json\/wp\/v2\/pages\/3803\/revisions\/4071"}],"up":[{"embeddable":true,"href":"https:\/\/cheries-cheris.com\/festival\/wp-json\/wp\/v2\/pages\/3746"}],"wp:featuredmedia":[{"embeddable":true,"href":"https:\/\/cheries-cheris.com\/festival\/wp-json\/wp\/v2\/media\/4060"}],"wp:attachment":[{"href":"https:\/\/cheries-cheris.com\/festival\/wp-json\/wp\/v2\/media?parent=3803"}],"wp:term":[{"taxonomy":"cc_edition","embeddable":true,"href":"https:\/\/cheries-cheris.com\/festival\/wp-json\/wp\/v2\/cc_edition?post=3803"}],"curies":[{"name":"wp","href":"https:\/\/api.w.org\/{rel}","templated":true}]}}