{"id":809,"date":"2018-10-21T11:47:00","date_gmt":"2018-10-21T09:47:00","guid":{"rendered":"http:\/\/cheries-cheris.com\/festival\/?post_type=film&#038;p=809"},"modified":"2018-10-26T19:55:14","modified_gmt":"2018-10-26T17:55:14","slug":"competition-courts-metrages-queer","status":"publish","type":"film","link":"https:\/\/cheries-cheris.com\/festival\/films\/competition-courts-metrages-queer\/","title":{"rendered":"Competition courts m\u00e9trages Queer"},"content":{"rendered":"<style type=\"text\/css\">@media only screen and (min-width: 1000px) and (max-width: 5000px){body.kc-css-system .kc-css-435149{width: 12.5%;}body.kc-css-system .kc-css-577598{width: 25%;}body.kc-css-system .kc-css-365073{width: 50%;}body.kc-css-system .kc-css-141781{width: 12.5%;}body.kc-css-system .kc-css-926992{width: 12.5%;}body.kc-css-system .kc-css-113711{width: 25%;}body.kc-css-system .kc-css-600836{width: 50%;}body.kc-css-system .kc-css-597601{width: 12.5%;}body.kc-css-system .kc-css-989516{width: 12.5%;}body.kc-css-system .kc-css-740736{width: 25%;}body.kc-css-system .kc-css-500551{width: 50%;}body.kc-css-system .kc-css-650072{width: 12.5%;}body.kc-css-system .kc-css-53083{width: 12.5%;}body.kc-css-system .kc-css-230420{width: 25%;}body.kc-css-system .kc-css-934877{width: 50%;}body.kc-css-system .kc-css-638446{width: 12.5%;}body.kc-css-system .kc-css-734010{width: 12.5%;}body.kc-css-system .kc-css-175170{width: 25%;}body.kc-css-system .kc-css-745550{width: 50%;}body.kc-css-system .kc-css-612095{width: 12.5%;}body.kc-css-system .kc-css-910339{width: 12.5%;}body.kc-css-system .kc-css-428938{width: 25%;}body.kc-css-system .kc-css-278250{width: 50%;}body.kc-css-system .kc-css-16549{width: 12.5%;}}<\/style>\n<section class=\"kc-elm kc-css-213795 kc_row\">\n<div class=\"kc-row-container  kc-container\">\n<div class=\"kc-wrap-columns\">\n<div class=\"kc-elm kc-css-248089 kc_col-sm-12 kc_column kc_col-sm-12\">\n<div class=\"kc-col-container\">\n<div class=\"kc-elm kc-css-947910 kc_text_block\">\n<p>\nLa projection du 23 novembre sera en pr\u00e9sence des \u00e9quipes de film.<\/p>\n<\/div>\n<div class=\"kc-elm kc-css-388807\" style=\"height: 20px; clear: both; width:100%;\"><\/div>\n<div class=\"kc-elm kc-css-266827 kc_row kc_row_inner\">\n<div class=\"kc-elm kc-css-435149 kc_col-sm-2 kc_column_inner kc_col-sm-2\">\n<div class=\"kc_wrapper kc-col-inner-container\"><\/div>\n<\/div>\n<div class=\"kc-elm kc-css-577598 kc_col-sm-3 kc_column_inner kc_col-sm-3\">\n<div class=\"kc_wrapper kc-col-inner-container\">\n<div class=\"kc-elm kc-css-112035 kc_shortcode kc_single_image\">\n<p>        <img decoding=\"async\" src=\"http:\/\/cheries-cheris.com\/festival\/wp-content\/uploads\/2018\/10\/soleils-bruns-2.jpg\" class=\"\" alt=\"Soleils Bruns\" \/>    <\/div>\n<\/div>\n<\/div>\n<div class=\"kc-elm kc-css-365073 kc_col-sm-6 kc_column_inner kc_col-sm-6\">\n<div class=\"kc_wrapper kc-col-inner-container\">\n<div class=\"kc-elm kc-css-470470 kc_text_block\">\n<h2>Soleils bruns<\/h2>\n<h5><strong>Nicolas Medy<\/strong><\/h5>\n<p>A l\u2019or\u00e9e d\u2019un bois, dans une clairi\u00e8re ensoleill\u00e9e o\u00f9 ils se pr\u00e9lassent avec des amis, azzedine et mehdi se s\u00e9duisent. Ensemble, ils vont s\u2019aimer dans la for\u00eat. C\u2019\u00e9tait sans compter sur l\u2019arriv\u00e9e d\u2019un \u00e9l\u00e9gant vampire.<\/p>\n<p><strong>Fiction. France. 2018. 16\u201905<\/strong><\/p>\n<\/div>\n<\/div>\n<\/div>\n<div class=\"kc-elm kc-css-141781 kc_col-sm-2 kc_column_inner kc_col-sm-2\">\n<div class=\"kc_wrapper kc-col-inner-container\"><\/div>\n<\/div>\n<\/div>\n<div class=\"kc-elm kc-css-953322\" style=\"height: 20px; clear: both; width:100%;\"><\/div>\n<\/div>\n<\/div>\n<\/div>\n<\/div>\n<\/section>\n<section class=\"kc-elm kc-css-221605 kc_row\">\n<div class=\"kc-row-container  kc-container\">\n<div class=\"kc-wrap-columns\">\n<div class=\"kc-elm kc-css-992270 kc_col-sm-12 kc_column kc_col-sm-12\">\n<div class=\"kc-col-container\">\n<div class=\"kc-elm kc-css-695007 kc_row kc_row_inner\">\n<div class=\"kc-elm kc-css-926992 kc_col-sm-2 kc_column_inner kc_col-sm-2\">\n<div class=\"kc_wrapper kc-col-inner-container\"><\/div>\n<\/div>\n<div class=\"kc-elm kc-css-113711 kc_col-sm-3 kc_column_inner kc_col-sm-3\">\n<div class=\"kc_wrapper kc-col-inner-container\">\n<div class=\"kc-elm kc-css-671373 kc_shortcode kc_single_image\">\n<p>        <img decoding=\"async\" src=\"http:\/\/cheries-cheris.com\/festival\/wp-content\/uploads\/2018\/10\/NOUS-SOMMES-NUIT-ILS-SONT-JOUR.jpg\" class=\"\" alt=\"NOUS SOMMES NUIT, ILS SONT JOUR\" \/>    <\/div>\n<\/div>\n<\/div>\n<div class=\"kc-elm kc-css-600836 kc_col-sm-6 kc_column_inner kc_col-sm-6\">\n<div class=\"kc_wrapper kc-col-inner-container\">\n<div class=\"kc-elm kc-css-730707 kc_text_block\">\n<h2>NOUS SOMMES NUIT, ILS SONT JOUR<\/h2>\n<h5>Barbara Balestas Kazazian<\/h5>\n<p>Un nuage clandestin en transhumance, voil\u00e0 ce qu\u2019\u00e9tait le corps de Cl\u00e9ment dans cette faune nocturne. Et c\u2019est Jude, soleil qui illumine l\u2019obscurit\u00e9, chaleur qui r\u00e9chauffe les corps, qui va guider l&#039;inconscient de Cl\u00e9ment dans cette nuit de tous les possibles, vers la r\u00e9demption.<\/p>\n<p><strong>Fiction. France. 2018. 24\u201904<\/strong><\/p>\n<\/div>\n<\/div>\n<\/div>\n<div class=\"kc-elm kc-css-597601 kc_col-sm-2 kc_column_inner kc_col-sm-2\">\n<div class=\"kc_wrapper kc-col-inner-container\"><\/div>\n<\/div>\n<\/div>\n<div class=\"kc-elm kc-css-578071\" style=\"height: 20px; clear: both; width:100%;\"><\/div>\n<\/div>\n<\/div>\n<\/div>\n<\/div>\n<\/section>\n<section class=\"kc-elm kc-css-251150 kc_row\">\n<div class=\"kc-row-container  kc-container\">\n<div class=\"kc-wrap-columns\">\n<div class=\"kc-elm kc-css-393170 kc_col-sm-12 kc_column kc_col-sm-12\">\n<div class=\"kc-col-container\">\n<div class=\"kc-elm kc-css-296208 kc_row kc_row_inner\">\n<div class=\"kc-elm kc-css-989516 kc_col-sm-2 kc_column_inner kc_col-sm-2\">\n<div class=\"kc_wrapper kc-col-inner-container\"><\/div>\n<\/div>\n<div class=\"kc-elm kc-css-740736 kc_col-sm-3 kc_column_inner kc_col-sm-3\">\n<div class=\"kc_wrapper kc-col-inner-container\">\n<div class=\"kc-elm kc-css-66037 kc_shortcode kc_single_image\">\n<p>        <img decoding=\"async\" src=\"http:\/\/cheries-cheris.com\/festival\/wp-content\/uploads\/2018\/10\/Clac.jpg\" class=\"\" alt=\"Clac\" \/>    <\/div>\n<\/div>\n<\/div>\n<div class=\"kc-elm kc-css-500551 kc_col-sm-6 kc_column_inner kc_col-sm-6\">\n<div class=\"kc_wrapper kc-col-inner-container\">\n<div class=\"kc-elm kc-css-634388 kc_text_block\">\n<h2>CLAC\u00a0!<\/h2>\n<h5>Fabien Ara<\/h5>\n<p>Un d\u00eener de famille au restaurant chinois. La m\u00e8re : \u00ab J\u2019ai Alzheimer. Je vais me suicider. Ce soir. \u00bb Le dernier repas explosif d\u2019une famille paniqu\u00e9e.<\/p>\n<p><strong>Fiction. France. 2017. 19\u201932<\/strong><\/p>\n<\/div>\n<\/div>\n<\/div>\n<div class=\"kc-elm kc-css-650072 kc_col-sm-2 kc_column_inner kc_col-sm-2\">\n<div class=\"kc_wrapper kc-col-inner-container\"><\/div>\n<\/div>\n<\/div>\n<div class=\"kc-elm kc-css-858603\" style=\"height: 20px; clear: both; width:100%;\"><\/div>\n<\/div>\n<\/div>\n<\/div>\n<\/div>\n<\/section>\n<section class=\"kc-elm kc-css-121852 kc_row\">\n<div class=\"kc-row-container  kc-container\">\n<div class=\"kc-wrap-columns\">\n<div class=\"kc-elm kc-css-274408 kc_col-sm-12 kc_column kc_col-sm-12\">\n<div class=\"kc-col-container\">\n<div class=\"kc-elm kc-css-956466 kc_row kc_row_inner\">\n<div class=\"kc-elm kc-css-53083 kc_col-sm-2 kc_column_inner kc_col-sm-2\">\n<div class=\"kc_wrapper kc-col-inner-container\"><\/div>\n<\/div>\n<div class=\"kc-elm kc-css-230420 kc_col-sm-3 kc_column_inner kc_col-sm-3\">\n<div class=\"kc_wrapper kc-col-inner-container\">\n<div class=\"kc-elm kc-css-885226 kc_shortcode kc_single_image\">\n<p>        <img decoding=\"async\" src=\"http:\/\/cheries-cheris.com\/festival\/wp-content\/uploads\/2018\/10\/Nos-desirs_10-crop.jpg\" class=\"\" alt=\"Nos D\u00e9sirs\" \/>    <\/div>\n<\/div>\n<\/div>\n<div class=\"kc-elm kc-css-934877 kc_col-sm-6 kc_column_inner kc_col-sm-6\">\n<div class=\"kc_wrapper kc-col-inner-container\">\n<div class=\"kc-elm kc-css-299635 kc_text_block\">\n<h2>NOS DESIRS<\/h2>\n<h5>Rapha\u00ebl Lef\u00e8vre<\/h5>\n<p>Un apr\u00e8s-midi d\u2019\u00e9t\u00e9, un petit th\u00e9\u00e2tre du d\u00e9sir et de la domination, tendre et parfois cruel, se met en place entre les jeunes serveurs et les clients d\u2019un bar proven\u00e7al.<\/p>\n<p><strong>Fiction. France. 2017. 19\u201902<\/strong><\/p>\n<\/div>\n<\/div>\n<\/div>\n<div class=\"kc-elm kc-css-638446 kc_col-sm-2 kc_column_inner kc_col-sm-2\">\n<div class=\"kc_wrapper kc-col-inner-container\"><\/div>\n<\/div>\n<\/div>\n<div class=\"kc-elm kc-css-337248\" style=\"height: 20px; clear: both; width:100%;\"><\/div>\n<\/div>\n<\/div>\n<\/div>\n<\/div>\n<\/section>\n<section class=\"kc-elm kc-css-569816 kc_row\">\n<div class=\"kc-row-container  kc-container\">\n<div class=\"kc-wrap-columns\">\n<div class=\"kc-elm kc-css-671143 kc_col-sm-12 kc_column kc_col-sm-12\">\n<div class=\"kc-col-container\">\n<div class=\"kc-elm kc-css-460890 kc_row kc_row_inner\">\n<div class=\"kc-elm kc-css-734010 kc_col-sm-2 kc_column_inner kc_col-sm-2\">\n<div class=\"kc_wrapper kc-col-inner-container\"><\/div>\n<\/div>\n<div class=\"kc-elm kc-css-175170 kc_col-sm-3 kc_column_inner kc_col-sm-3\">\n<div class=\"kc_wrapper kc-col-inner-container\">\n<div class=\"kc-elm kc-css-554911 kc_shortcode kc_single_image\">\n<p>        <img decoding=\"async\" src=\"http:\/\/cheries-cheris.com\/festival\/wp-content\/uploads\/2018\/10\/SEUL-AVEC-ELLE-MAIN.jpg\" class=\"\" alt=\"SEUL AVEC ELLE\" \/>    <\/div>\n<\/div>\n<\/div>\n<div class=\"kc-elm kc-css-745550 kc_col-sm-6 kc_column_inner kc_col-sm-6\">\n<div class=\"kc_wrapper kc-col-inner-container\">\n<div class=\"kc-elm kc-css-830953 kc_text_block\">\n<h2>SEUL AVEC ELLE<\/h2>\n<h5>Laura Petrone et Guillaume Kerbusch<\/h5>\n<p>Aujourd\u2019hui, Guillaume ne va pas bien.\u00a0Quelque chose le ronge\u2026 \u00c7a lui arrive souvent, mais l\u00e0, c\u2019est encore pire. Il n\u2019en peut plus, il veut que \u00e7a sorte, que \u00e7a \u00e9merge, avant qu\u2019il n\u2019explose.<\/p>\n<p><strong>Fiction. Belgique. 2018. 9\u2019<\/strong><\/p>\n<\/div>\n<\/div>\n<\/div>\n<div class=\"kc-elm kc-css-612095 kc_col-sm-2 kc_column_inner kc_col-sm-2\">\n<div class=\"kc_wrapper kc-col-inner-container\"><\/div>\n<\/div>\n<\/div>\n<div class=\"kc-elm kc-css-591940\" style=\"height: 20px; clear: both; width:100%;\"><\/div>\n<\/div>\n<\/div>\n<\/div>\n<\/div>\n<\/section>\n<section class=\"kc-elm kc-css-283270 kc_row\">\n<div class=\"kc-row-container  kc-container\">\n<div class=\"kc-wrap-columns\">\n<div class=\"kc-elm kc-css-492919 kc_col-sm-12 kc_column kc_col-sm-12\">\n<div class=\"kc-col-container\">\n<div class=\"kc-elm kc-css-195366 kc_row kc_row_inner\">\n<div class=\"kc-elm kc-css-910339 kc_col-sm-2 kc_column_inner kc_col-sm-2\">\n<div class=\"kc_wrapper kc-col-inner-container\"><\/div>\n<\/div>\n<div class=\"kc-elm kc-css-428938 kc_col-sm-3 kc_column_inner kc_col-sm-3\">\n<div class=\"kc_wrapper kc-col-inner-container\">\n<div class=\"kc-elm kc-css-943912 kc_shortcode kc_single_image\">\n<p>        <img decoding=\"async\" src=\"http:\/\/cheries-cheris.com\/festival\/wp-content\/uploads\/2018\/10\/Entre-paredes.jpg\" class=\"\" alt=\"ENTRE PAREDES (ENTRE LES MURS)\" \/>    <\/div>\n<\/div>\n<\/div>\n<div class=\"kc-elm kc-css-278250 kc_col-sm-6 kc_column_inner kc_col-sm-6\">\n<div class=\"kc_wrapper kc-col-inner-container\">\n<div class=\"kc-elm kc-css-188184 kc_text_block\">\n<h2>ENTRE PAREDES (ENTRE LES MURS)<\/h2>\n<h5>Ruth Caudeli<\/h5>\n<p>Isabelle, Mario et Cristina sont \u00e0 la recherche d\u2019un plan \u00e0 trois sur une application. Ils se retrouvent dans un motel pour coucher ensemble et consommer des drogues.<\/p>\n<p><strong>Fiction. Colombie. 2018. 19\u2019<\/strong><\/p>\n<\/div>\n<\/div>\n<\/div>\n<div class=\"kc-elm kc-css-16549 kc_col-sm-2 kc_column_inner kc_col-sm-2\">\n<div class=\"kc_wrapper kc-col-inner-container\"><\/div>\n<\/div>\n<\/div>\n<div class=\"kc-elm kc-css-884144\" style=\"height: 20px; clear: both; width:100%;\"><\/div>\n<\/div>\n<\/div>\n<\/div>\n<\/div>\n<\/section>\n","protected":false},"excerpt":{"rendered":"<p>La projection du 23 novembre sera en pr\u00e9sence des \u00e9quipes de film. Soleils bruns Nicolas Medy A l\u2019or\u00e9e d\u2019un bois, dans une clairi\u00e8re ensoleill\u00e9e o\u00f9 ils se pr\u00e9lassent avec des amis, azzedine et mehdi se s\u00e9duisent. Ensemble, ils vont s\u2019aimer dans la for\u00eat. C\u2019\u00e9tait sans compter sur l\u2019arriv\u00e9e d\u2019un \u00e9l\u00e9gant vampire. Fiction. France. 2018. 16\u201905 [&hellip;]<\/p>\n","protected":false},"featured_media":811,"template":"","meta":[],"film-type":[11,39],"film-tag":[],"class_list":["post-809","film","type-film","status-publish","has-post-thumbnail","hentry","film-type-competition-courts-metrages","film-type-courts-metrages"],"_links":{"self":[{"href":"https:\/\/cheries-cheris.com\/festival\/wp-json\/wp\/v2\/film\/809","targetHints":{"allow":["GET"]}}],"collection":[{"href":"https:\/\/cheries-cheris.com\/festival\/wp-json\/wp\/v2\/film"}],"about":[{"href":"https:\/\/cheries-cheris.com\/festival\/wp-json\/wp\/v2\/types\/film"}],"wp:featuredmedia":[{"embeddable":true,"href":"https:\/\/cheries-cheris.com\/festival\/wp-json\/wp\/v2\/media\/811"}],"wp:attachment":[{"href":"https:\/\/cheries-cheris.com\/festival\/wp-json\/wp\/v2\/media?parent=809"}],"wp:term":[{"taxonomy":"film-type","embeddable":true,"href":"https:\/\/cheries-cheris.com\/festival\/wp-json\/wp\/v2\/film-type?post=809"},{"taxonomy":"film-tag","embeddable":true,"href":"https:\/\/cheries-cheris.com\/festival\/wp-json\/wp\/v2\/film-tag?post=809"}],"curies":[{"name":"wp","href":"https:\/\/api.w.org\/{rel}","templated":true}]}}