{"id":6645,"date":"2025-10-17T15:34:56","date_gmt":"2025-10-17T13:34:56","guid":{"rendered":"https:\/\/cheries-cheris.com\/festival\/?post_type=film&#038;p=6645"},"modified":"2025-10-30T15:36:58","modified_gmt":"2025-10-30T14:36:58","slug":"competition-courts-metrages-lesbiens-1-2025","status":"publish","type":"film","link":"https:\/\/cheries-cheris.com\/festival\/films\/competition-courts-metrages-lesbiens-1-2025\/","title":{"rendered":"COMP\u00c9TITION COURTS M\u00c9TRAGES LESBIENS 1"},"content":{"rendered":"<style type=\"text\/css\"><span style=\"display: inline-block; width: 0px; overflow: hidden; line-height: 0;\" data-mce-type=\"bookmark\" class=\"mce_SELRES_start\">\ufeff<\/span><span style=\"display: inline-block; width: 0px; overflow: hidden; line-height: 0;\" data-mce-type=\"bookmark\" class=\"mce_SELRES_start\">\ufeff<\/span>@media only screen and (min-width: 1000px) and (max-width: 5000px){body.kc-css-system .kc-css-721212{width: 9.97%;}body.kc-css-system .kc-css-330202{width: 29.53%;}body.kc-css-system .kc-css-569133{width: 50.26%;}body.kc-css-system .kc-css-420463{width: 10.22%;}body.kc-css-system .kc-css-392432{width: 10.08%;}body.kc-css-system .kc-css-662601{width: 29.42%;}body.kc-css-system .kc-css-124557{width: 50.04%;}body.kc-css-system .kc-css-999176{width: 10.44%;}body.kc-css-system .kc-css-39136{width: 9.97%;}body.kc-css-system .kc-css-651349{width: 29.53%;}body.kc-css-system .kc-css-763965{width: 50.26%;}body.kc-css-system .kc-css-514961{width: 10.22%;}body.kc-css-system .kc-css-846836{width: 9.97%;}body.kc-css-system .kc-css-640901{width: 29.53%;}body.kc-css-system .kc-css-782797{width: 50.26%;}body.kc-css-system .kc-css-170111{width: 10.22%;}body.kc-css-system .kc-css-924274{width: 9.97%;}body.kc-css-system .kc-css-308532{width: 29.53%;}body.kc-css-system .kc-css-213059{width: 50.26%;}body.kc-css-system .kc-css-461880{width: 10.22%;}body.kc-css-system .kc-css-225238{width: 9.97%;}body.kc-css-system .kc-css-862411{width: 29.53%;}body.kc-css-system .kc-css-849818{width: 50.26%;}body.kc-css-system .kc-css-800140{width: 10.22%;}body.kc-css-system .kc-css-456314{width: 9.97%;}body.kc-css-system .kc-css-910505{width: 29.53%;}body.kc-css-system .kc-css-944232{width: 50.26%;}body.kc-css-system .kc-css-367182{width: 10.22%;}body.kc-css-system .kc-css-500169{width: 9.97%;}body.kc-css-system .kc-css-173759{width: 29.53%;}body.kc-css-system .kc-css-38574{width: 50.26%;}body.kc-css-system .kc-css-658816{width: 10.22%;}body.kc-css-system .kc-css-936079{width: 9.97%;}body.kc-css-system .kc-css-124085{width: 29.53%;}body.kc-css-system .kc-css-216312{width: 50.26%;}body.kc-css-system .kc-css-22602{width: 10.22%;}body.kc-css-system .kc-css-228982{width: 9.97%;}body.kc-css-system .kc-css-41437{width: 29.53%;}body.kc-css-system .kc-css-997454{width: 50.26%;}body.kc-css-system .kc-css-973162{width: 10.22%;}}body.kc-css-system .kc-css-666216 ,body.kc-css-system .kc-css-666216 p{color: #dd3333;font-size: 1.25em;}body.kc-css-system .kc-css-363141{margin-top: 20px;}body.kc-css-system .kc-css-131788{margin-top: 20px;}body.kc-css-system .kc-css-278815{margin-top: 20px;}body.kc-css-system .kc-css-627148{margin-top: 20px;}body.kc-css-system .kc-css-50083{margin-top: 20px;}body.kc-css-system .kc-css-222595{margin-top: 20px;}body.kc-css-system .kc-css-476751{margin-top: 20px;}body.kc-css-system .kc-css-126793{margin-top: 20px;}body.kc-css-system .kc-css-517818{margin-top: 20px;}body.kc-css-system .kc-css-558034{margin-top: 20px;}<\/style>\n<section class=\"kc-elm kc-css-729986 kc_row\">\n<div class=\"kc-row-container kc-container\">\n<div class=\"kc-wrap-columns\">\n<div class=\"kc-elm kc-css-836116 kc_col-sm-1 kc_column kc_col-sm-1\">\n<div class=\"kc-col-container\"><\/div>\n<\/div>\n<div class=\"kc-elm kc-css-772906 kc_col-sm-3 kc_column kc_col-sm-3\">\n<div class=\"kc-col-container\">\n<div class=\"kc-elm kc-css-541558 kc_shortcode kc_single_image\">\n<p>&nbsp;<\/p>\n<p><img loading=\"lazy\" decoding=\"async\" class=\"alignnone size-full wp-image-6832\" src=\"https:\/\/cheries-cheris.com\/festival\/wp-content\/uploads\/2025\/10\/amelia-starlight.jpg\" alt=\"\" width=\"300\" height=\"193\" srcset=\"https:\/\/cheries-cheris.com\/festival\/wp-content\/uploads\/2025\/10\/amelia-starlight.jpg 300w, https:\/\/cheries-cheris.com\/festival\/wp-content\/uploads\/2025\/10\/amelia-starlight-269x173.jpg 269w\" sizes=\"auto, (max-width: 300px) 100vw, 300px\" \/><\/p>\n<\/div>\n<\/div>\n<\/div>\n<div class=\"kc-elm kc-css-237305 kc_col-sm-6 kc_column kc_col-sm-6\">\n<div class=\"kc-col-container\">\n<div class=\"kc-elm kc-css-543905 kc_text_block\">\n<h2>AM\u00c9LIA STARLIGHT<\/h2>\n<h5>Laura Thomassaint<\/h5>\n<p>Am\u00e9lia Starlight, grande figure de la chanson fran\u00e7aise, va mourir. Plus d\u2019une quinzaine d\u2019ann\u00e9es se sont \u00e9coul\u00e9es depuis que la chanteuse s\u2019est brutalement retir\u00e9e loin des plateaux t\u00e9l\u00e9 et des salles de concerts. Aujourd\u2019hui, sur la cha\u00eene nationale, dans l\u2019\u00e9mission de la tr\u00e8s appr\u00e9ci\u00e9e Danielle Villard, la France la retrouve pour un direct tout \u00e0 fait sp\u00e9cial\u2026<\/p>\n<p><strong>Fiction. France. 2025. 21\u2019<\/strong><\/p>\n<p>&nbsp;<\/p>\n<\/div>\n<\/div>\n<\/div>\n<div class=\"kc-elm kc-css-486623 kc_col-sm-1 kc_column kc_col-sm-1\">\n<div class=\"kc-col-container\"><\/div>\n<\/div>\n<\/div>\n<\/div>\n<\/section>\n<section class=\"kc-elm kc-css-729986 kc_row\">\n<div class=\"kc-row-container kc-container\">\n<div class=\"kc-wrap-columns\">\n<div class=\"kc-elm kc-css-836116 kc_col-sm-1 kc_column kc_col-sm-1\">\n<div class=\"kc-col-container\"><\/div>\n<\/div>\n<div class=\"kc-elm kc-css-772906 kc_col-sm-3 kc_column kc_col-sm-3\">\n<div class=\"kc-col-container\">\n<div class=\"kc-elm kc-css-541558 kc_shortcode kc_single_image\">\n<p>&nbsp;<\/p>\n<p><img loading=\"lazy\" decoding=\"async\" class=\"alignnone size-full wp-image-6833\" src=\"https:\/\/cheries-cheris.com\/festival\/wp-content\/uploads\/2025\/10\/polaroid.jpg\" alt=\"\" width=\"300\" height=\"192\" srcset=\"https:\/\/cheries-cheris.com\/festival\/wp-content\/uploads\/2025\/10\/polaroid.jpg 300w, https:\/\/cheries-cheris.com\/festival\/wp-content\/uploads\/2025\/10\/polaroid-269x172.jpg 269w\" sizes=\"auto, (max-width: 300px) 100vw, 300px\" \/><\/p>\n<\/div>\n<\/div>\n<\/div>\n<div class=\"kc-elm kc-css-237305 kc_col-sm-6 kc_column kc_col-sm-6\">\n<div class=\"kc-col-container\">\n<div class=\"kc-elm kc-css-543905 kc_text_block\">\n<h2>POLAROID<\/h2>\n<h5>Irene Corts\u00a0Curto<\/h5>\n<p>Quatre amies se r\u00e9unissent le temps d\u2019un week-end d\u2019\u00e9t\u00e9 apr\u00e8s que Julia soit rentr\u00e9e de voyage. Au cours d\u2019un jeu, Julia embrasse Marta. Se pourrait-il que Julia ait reconsid\u00e9r\u00e9 son orientation sexuelle ? Marta osera-t-elle d\u00e9couvrir si cette relation d\u00e9passe l\u2019amiti\u00e9 ?<\/p>\n<p><strong>Fiction. Portugal. 2025. 14\u2019<\/strong><\/p>\n<p>&nbsp;<\/p>\n<\/div>\n<\/div>\n<\/div>\n<div class=\"kc-elm kc-css-486623 kc_col-sm-1 kc_column kc_col-sm-1\">\n<div class=\"kc-col-container\"><\/div>\n<\/div>\n<\/div>\n<\/div>\n<\/section>\n<section class=\"kc-elm kc-css-729986 kc_row\">\n<div class=\"kc-row-container kc-container\">\n<div class=\"kc-wrap-columns\">\n<div class=\"kc-elm kc-css-836116 kc_col-sm-1 kc_column kc_col-sm-1\">\n<div class=\"kc-col-container\"><\/div>\n<\/div>\n<div class=\"kc-elm kc-css-772906 kc_col-sm-3 kc_column kc_col-sm-3\">\n<div class=\"kc-col-container\">\n<div class=\"kc-elm kc-css-541558 kc_shortcode kc_single_image\">\n<p>&nbsp;<\/p>\n<p><img loading=\"lazy\" decoding=\"async\" class=\"alignnone size-full wp-image-6834\" src=\"https:\/\/cheries-cheris.com\/festival\/wp-content\/uploads\/2025\/10\/winds-of-anemoia.jpg\" alt=\"\" width=\"300\" height=\"191\" srcset=\"https:\/\/cheries-cheris.com\/festival\/wp-content\/uploads\/2025\/10\/winds-of-anemoia.jpg 300w, https:\/\/cheries-cheris.com\/festival\/wp-content\/uploads\/2025\/10\/winds-of-anemoia-269x171.jpg 269w\" sizes=\"auto, (max-width: 300px) 100vw, 300px\" \/><\/p>\n<\/div>\n<\/div>\n<\/div>\n<div class=\"kc-elm kc-css-237305 kc_col-sm-6 kc_column kc_col-sm-6\">\n<div class=\"kc-col-container\">\n<div class=\"kc-elm kc-css-543905 kc_text_block\">\n<h2>THE WINDS OF ANEMOIA<\/h2>\n<h5>Lana Limar<\/h5>\n<p>Dans les Alpes, Maxine marche au bord de la nationale. Lorsque Catherine s&rsquo;arr\u00eate en voiture, un coup de foudre appelle la temp\u00eate.<\/p>\n<p><strong>Fiction. France. 2025. 19\u2019<\/strong><\/p>\n<p>&nbsp;<\/p>\n<\/div>\n<\/div>\n<\/div>\n<div class=\"kc-elm kc-css-486623 kc_col-sm-1 kc_column kc_col-sm-1\">\n<div class=\"kc-col-container\"><\/div>\n<\/div>\n<\/div>\n<\/div>\n<\/section>\n<section class=\"kc-elm kc-css-729986 kc_row\">\n<div class=\"kc-row-container kc-container\">\n<div class=\"kc-wrap-columns\">\n<div class=\"kc-elm kc-css-836116 kc_col-sm-1 kc_column kc_col-sm-1\">\n<div class=\"kc-col-container\"><\/div>\n<\/div>\n<div class=\"kc-elm kc-css-772906 kc_col-sm-3 kc_column kc_col-sm-3\">\n<div class=\"kc-col-container\">\n<div class=\"kc-elm kc-css-541558 kc_shortcode kc_single_image\">\n<p>&nbsp;<\/p>\n<p><img loading=\"lazy\" decoding=\"async\" class=\"alignnone size-full wp-image-6835\" src=\"https:\/\/cheries-cheris.com\/festival\/wp-content\/uploads\/2025\/10\/ferides.jpg\" alt=\"\" width=\"300\" height=\"169\" srcset=\"https:\/\/cheries-cheris.com\/festival\/wp-content\/uploads\/2025\/10\/ferides.jpg 300w, https:\/\/cheries-cheris.com\/festival\/wp-content\/uploads\/2025\/10\/ferides-269x152.jpg 269w\" sizes=\"auto, (max-width: 300px) 100vw, 300px\" \/><\/p>\n<\/div>\n<\/div>\n<\/div>\n<div class=\"kc-elm kc-css-237305 kc_col-sm-6 kc_column kc_col-sm-6\">\n<div class=\"kc-col-container\">\n<div class=\"kc-elm kc-css-543905 kc_text_block\">\n<h2>FERIDES (BLESSURES)<\/h2>\n<h5>Alba Cros Pellis\u00e9<\/h5>\n<p>Une renaissance au milieu de la nuit \u00e0 travers la premi\u00e8re rencontre entre Sa\u00f3 et Juliana, o\u00f9 vuln\u00e9rabilit\u00e9 et s\u00e9duction s&rsquo;entrem\u00ealent pour ouvrir la voie \u00e0 un avenir prometteur.<\/p>\n<p><strong>Fiction. Espagne. 2025. 18\u2019<\/strong><\/p>\n<p>&nbsp;<\/p>\n<\/div>\n<\/div>\n<\/div>\n<div class=\"kc-elm kc-css-486623 kc_col-sm-1 kc_column kc_col-sm-1\">\n<div class=\"kc-col-container\"><\/div>\n<\/div>\n<\/div>\n<\/div>\n<\/section>\n<section class=\"kc-elm kc-css-729986 kc_row\">\n<div class=\"kc-row-container kc-container\">\n<div class=\"kc-wrap-columns\">\n<div class=\"kc-elm kc-css-836116 kc_col-sm-1 kc_column kc_col-sm-1\">\n<div class=\"kc-col-container\"><\/div>\n<\/div>\n<div class=\"kc-elm kc-css-772906 kc_col-sm-3 kc_column kc_col-sm-3\">\n<div class=\"kc-col-container\">\n<div class=\"kc-elm kc-css-541558 kc_shortcode kc_single_image\">\n<h2><\/h2>\n<p><img loading=\"lazy\" decoding=\"async\" class=\"alignnone wp-image-6836 size-full\" src=\"https:\/\/cheries-cheris.com\/festival\/wp-content\/uploads\/2025\/10\/metamorphosia.jpg\" alt=\"\" width=\"300\" height=\"169\" srcset=\"https:\/\/cheries-cheris.com\/festival\/wp-content\/uploads\/2025\/10\/metamorphosia.jpg 300w, https:\/\/cheries-cheris.com\/festival\/wp-content\/uploads\/2025\/10\/metamorphosia-269x152.jpg 269w\" sizes=\"auto, (max-width: 300px) 100vw, 300px\" \/><\/p>\n<\/div>\n<\/div>\n<\/div>\n<div class=\"kc-elm kc-css-237305 kc_col-sm-6 kc_column kc_col-sm-6\">\n<div class=\"kc-col-container\">\n<div class=\"kc-elm kc-css-543905 kc_text_block\">\n<h2>METAMORPHOSIA<\/h2>\n<h5>Elsa Michaud<\/h5>\n<p>Au milieu d\u2019un paysage insulaire, deux femmes trouvent deux limousines suffocantes sur une plage. Imm\u00e9diatement fascin\u00e9es par les v\u00e9hicules, elles d\u00e9cident de les r\u00e9parer.<\/p>\n<p><strong>Fiction. France. 2025. 15\u2019<\/strong><\/p>\n<p>&nbsp;<\/p>\n<\/div>\n<\/div>\n<\/div>\n<div class=\"kc-elm kc-css-486623 kc_col-sm-1 kc_column kc_col-sm-1\">\n<div class=\"kc-col-container\"><\/div>\n<\/div>\n<\/div>\n<\/div>\n<\/section>\n<section class=\"kc-elm kc-css-729986 kc_row\">\n<div class=\"kc-row-container kc-container\">\n<div class=\"kc-wrap-columns\">\n<div class=\"kc-elm kc-css-836116 kc_col-sm-1 kc_column kc_col-sm-1\">\n<div class=\"kc-col-container\"><\/div>\n<\/div>\n<div class=\"kc-elm kc-css-772906 kc_col-sm-3 kc_column kc_col-sm-3\">\n<div class=\"kc-col-container\">\n<div class=\"kc-elm kc-css-541558 kc_shortcode kc_single_image\"><\/div>\n<\/div>\n<\/div>\n<\/div>\n<\/div>\n<\/section>\n<section class=\"kc-elm kc-css-729986 kc_row\">\n<div class=\"kc-row-container kc-container\">\n<div class=\"kc-wrap-columns\">\n<div class=\"kc-elm kc-css-836116 kc_col-sm-1 kc_column kc_col-sm-1\">\n<div class=\"kc-col-container\"><\/div>\n<\/div>\n<div class=\"kc-elm kc-css-772906 kc_col-sm-3 kc_column kc_col-sm-3\">\n<div class=\"kc-col-container\">\n<div class=\"kc-elm kc-css-541558 kc_shortcode kc_single_image\">\n<p>&nbsp;<\/p>\n<p><img loading=\"lazy\" decoding=\"async\" class=\"alignnone size-full wp-image-6837\" src=\"https:\/\/cheries-cheris.com\/festival\/wp-content\/uploads\/2025\/10\/es-la-reuccion-minima-del-abismo.jpg\" alt=\"\" width=\"300\" height=\"158\" srcset=\"https:\/\/cheries-cheris.com\/festival\/wp-content\/uploads\/2025\/10\/es-la-reuccion-minima-del-abismo.jpg 300w, https:\/\/cheries-cheris.com\/festival\/wp-content\/uploads\/2025\/10\/es-la-reuccion-minima-del-abismo-269x142.jpg 269w\" sizes=\"auto, (max-width: 300px) 100vw, 300px\" \/><\/p>\n<\/div>\n<\/div>\n<\/div>\n<div class=\"kc-elm kc-css-237305 kc_col-sm-6 kc_column kc_col-sm-6\">\n<div class=\"kc-col-container\">\n<div class=\"kc-elm kc-css-543905 kc_text_block\">\n<h2>ES LA REDUCCION MINIMA DEL ABISMO<\/h2>\n<h5>Delfina Romero Feldman<\/h5>\n<p>Polo et Mora partagent une matin\u00e9e \u00e0 calculer la distance qui les s\u00e9pare. Toutes deux tentent de trouver les gestes intimes qui leur permettent de r\u00e9duire cette distance.<\/p>\n<p><strong>Fiction. Argentine. 2025. 15\u2019<\/strong><\/p>\n<\/div>\n<\/div>\n<\/div>\n<div class=\"kc-elm kc-css-486623 kc_col-sm-1 kc_column kc_col-sm-1\">\n<div class=\"kc-col-container\"><\/div>\n<\/div>\n<\/div>\n<\/div>\n<\/section>\n<section class=\"kc-elm kc-css-873743 kc_row\">\n<div class=\"kc-row-container kc-container\">\n<div class=\"kc-wrap-columns\">\n<div class=\"kc-elm kc-css-598019 kc_col-sm-4 kc_column kc_col-sm-4\">\n<div class=\"kc-col-container\"><\/div>\n<\/div>\n<div class=\"kc-elm kc-css-749001 kc_col-sm-6 kc_column kc_col-sm-6\">\n<div class=\"kc-col-container\">\n<div class=\"kc-elm kc-css-854265 kc_text_block\">\n<p><em>S\u00e9ances en pr\u00e9sence des \u00e9quipes des films<\/em><\/p>\n<\/div>\n<\/div>\n<\/div>\n<div class=\"kc-elm kc-css-212369 kc_col-sm-1 kc_column kc_col-sm-1\">\n<div class=\"kc-col-container\"><\/div>\n<\/div>\n<\/div>\n<\/div>\n<\/section>\n","protected":false},"excerpt":{"rendered":"<p>Films projet\u00e9s : Am\u00e9lia Starlight, Polaroid, The Winds of Anemoia, Ferides, Metamorphosia et Es la reduccion minima del abismo<\/p>\n","protected":false},"featured_media":0,"template":"","meta":[],"film-type":[98],"film-tag":[93],"class_list":["post-6645","film","type-film","status-publish","hentry","film-type-competition-courts-metrages-2025","film-tag-93"],"_links":{"self":[{"href":"https:\/\/cheries-cheris.com\/festival\/wp-json\/wp\/v2\/film\/6645","targetHints":{"allow":["GET"]}}],"collection":[{"href":"https:\/\/cheries-cheris.com\/festival\/wp-json\/wp\/v2\/film"}],"about":[{"href":"https:\/\/cheries-cheris.com\/festival\/wp-json\/wp\/v2\/types\/film"}],"wp:attachment":[{"href":"https:\/\/cheries-cheris.com\/festival\/wp-json\/wp\/v2\/media?parent=6645"}],"wp:term":[{"taxonomy":"film-type","embeddable":true,"href":"https:\/\/cheries-cheris.com\/festival\/wp-json\/wp\/v2\/film-type?post=6645"},{"taxonomy":"film-tag","embeddable":true,"href":"https:\/\/cheries-cheris.com\/festival\/wp-json\/wp\/v2\/film-tag?post=6645"}],"curies":[{"name":"wp","href":"https:\/\/api.w.org\/{rel}","templated":true}]}}