{"id":638,"date":"2018-10-17T21:02:39","date_gmt":"2018-10-17T19:02:39","guid":{"rendered":"http:\/\/cheries-cheris.com\/festival\/?post_type=film&#038;p=638"},"modified":"2018-10-23T23:26:17","modified_gmt":"2018-10-23T21:26:17","slug":"mon-pere","status":"publish","type":"film","link":"https:\/\/cheries-cheris.com\/festival\/films\/mon-pere\/","title":{"rendered":"MON PERE"},"content":{"rendered":"<p>Vivant dans les montagnes recul\u00e9es du P\u00e9rou, Segundo, un jeune gar\u00e7on de 14 ans, se pr\u00e9pare \u00e0 suivre les traces de son p\u00e8re dans l&rsquo;art traditionnel du retable, repr\u00e9sentant des sc\u00e8nes religieuses et d&rsquo;importants \u00e9v\u00e9nements quotidiens. Segundo, comme tous les habitants de la r\u00e9gion, v\u00e9n\u00e8re son p\u00e8re, et prend conscience du poids et des obligations que repr\u00e9sente un tel h\u00e9ritage. Mais la d\u00e9couverte d\u2019un secret inavouable va tout renverser pour la vie de son p\u00e8re et r\u00e9v\u00e9ler \u00e0 Segundo la r\u00e9alit\u00e9 brute du monde dans lequel il a grandi.<!--more--><\/p>\n<p><strong>R\u00e9compens\u00e9 du Teddy Award du meilleur premier film \u00e0 Berlin, Mon p\u00e8re est un r\u00e9cit d\u2019apprentissage \u00e2pre et bouleversant. Celui d\u2019un adolescent qui de\u0301couvre l&rsquo;orientation sexuelle de son pe\u0300re et doit apprendre a\u0300 l\u2019accepter au sein de la communaute\u0301 traditionnelle des Andes du Pe\u0301rou ou\u0300 ils vivent. Au-dela\u0300 de la relation de parente\u0301, le film se plonge dans l\u2019existence humaine de manie\u0300re plus large, en termes de lutte comportementale, entre une voie moderne et alternative et un ordre traditionnel et conventionnel. <\/strong><\/p>\n","protected":false},"excerpt":{"rendered":"<p>Vivant dans les montagnes recul\u00e9es du P\u00e9rou, Segundo, un jeune gar\u00e7on de 14 ans, se pr\u00e9pare \u00e0 suivre les traces de son p\u00e8re dans l&rsquo;art traditionnel du retable, repr\u00e9sentant des sc\u00e8nes religieuses et d&rsquo;importants \u00e9v\u00e9nements quotidiens. Segundo, comme tous les habitants de la r\u00e9gion, v\u00e9n\u00e8re son p\u00e8re, et prend conscience du poids et des obligations [&hellip;]<\/p>\n","protected":false},"featured_media":639,"template":"","meta":[],"film-type":[20],"film-tag":[],"class_list":["post-638","film","type-film","status-publish","has-post-thumbnail","hentry","film-type-panorama-fictions"],"_links":{"self":[{"href":"https:\/\/cheries-cheris.com\/festival\/wp-json\/wp\/v2\/film\/638","targetHints":{"allow":["GET"]}}],"collection":[{"href":"https:\/\/cheries-cheris.com\/festival\/wp-json\/wp\/v2\/film"}],"about":[{"href":"https:\/\/cheries-cheris.com\/festival\/wp-json\/wp\/v2\/types\/film"}],"wp:featuredmedia":[{"embeddable":true,"href":"https:\/\/cheries-cheris.com\/festival\/wp-json\/wp\/v2\/media\/639"}],"wp:attachment":[{"href":"https:\/\/cheries-cheris.com\/festival\/wp-json\/wp\/v2\/media?parent=638"}],"wp:term":[{"taxonomy":"film-type","embeddable":true,"href":"https:\/\/cheries-cheris.com\/festival\/wp-json\/wp\/v2\/film-type?post=638"},{"taxonomy":"film-tag","embeddable":true,"href":"https:\/\/cheries-cheris.com\/festival\/wp-json\/wp\/v2\/film-tag?post=638"}],"curies":[{"name":"wp","href":"https:\/\/api.w.org\/{rel}","templated":true}]}}