{"id":5675,"date":"2024-10-16T16:40:37","date_gmt":"2024-10-16T14:40:37","guid":{"rendered":"https:\/\/cheries-cheris.com\/festival\/?post_type=film&#038;p=5675"},"modified":"2024-10-21T16:53:40","modified_gmt":"2024-10-21T14:53:40","slug":"prisonnieres-reas","status":"publish","type":"film","link":"https:\/\/cheries-cheris.com\/festival\/films\/prisonnieres-reas\/","title":{"rendered":"PRISONNI\u00c8RES (REAS)\u00a0"},"content":{"rendered":"<p><a href=\"https:\/\/cheries-cheris.com\/festival\/30eme-festival-du-film-lgbtqia-de-paris-du-15-au-26-novembre-2024\/edito-et-jurys\/le-prix-libertes-cheries\/\"><img loading=\"lazy\" decoding=\"async\" class=\"alignright wp-image-4060 size-full\" src=\"https:\/\/cheries-cheris.com\/festival\/wp-content\/uploads\/2022\/11\/logo-libertes_cheries-bleu.png\" alt=\"logo du prix Libert\u00e9s Ch\u00e9ries\" width=\"100\" height=\"100\" \/><\/a>Yoseli s&rsquo;est fait tatouer la tour Eiffel parce qu&rsquo;elle aimerait conna\u00eetre Paris, mais alors qu&rsquo;elle pense que la vie va enfin lui donner l&rsquo;occasion de voyager \u00e0 travers le monde, elle se retrouve arr\u00eat\u00e9e pour trafic de drogue \u00e0 l&rsquo;a\u00e9roport. D\u00e9sormais incarc\u00e9r\u00e9e, elle int\u00e8gre un univers fait de r\u00e8gles, restrictions et vexations quotidiennes, mais aussi d\u2019amiti\u00e9, de solidarit\u00e9 et d&rsquo;amour.\u00a0L\u2019enceinte de la prison d\u00e9saffect\u00e9e de Buenos Aires sert de d\u00e9cor \u00e0 ce film hybride o\u00f9 des personnes auparavant emprisonn\u00e9es recr\u00e9ent, en les fictionnalisant, des souvenirs de leur v\u00e9cu en prison. Star de \u201cvoging\u201d, danseuse, ou musicien\u00b7ne, chacun\u00b7e a sa place dans ce microcosme confin\u00e9.<\/p>\n<p>Avec <em>Prisonni\u00e8res<\/em><em>,<\/em> la r\u00e9alisatrice argentine Lola Arias propose une \u0153uvre collective qui r\u00e9invente le genre musical\u00a0: les interpr\u00e8tes &#8211; femmes cis et personnes trans &#8211; dansent et chantent leur pass\u00e9 en prison, revivent leur vie sous forme de fiction et s\u00a0&lsquo;inventent, par la fantaisie et l&rsquo;imagination, un avenir possible. Des images fortes et des num\u00e9ros de chant et de danse m\u00e9morables combinent la r\u00e9alit\u00e9 et la fiction, le documentaire et la com\u00e9die musicale. Avec son approche originale, qui m\u00e9lange plusieurs genres, la cin\u00e9aste forge avec dext\u00e9rit\u00e9 un portrait aussi divertissant qu\u2019\u00e9mouvant, o\u00f9 voix et corps, d\u2019une sinc\u00e9rit\u00e9 d\u00e9sarmante, expriment toute la solidarit\u00e9 et la d\u00e9termination du collectif.<\/p>\n","protected":false},"excerpt":{"rendered":"<p>Yoseli s&rsquo;est fait tatouer la tour Eiffel parce qu&rsquo;elle aimerait conna\u00eetre Paris, mais alors qu&rsquo;elle pense que la vie va enfin lui donner l&rsquo;occasion de voyager \u00e0 travers le monde, elle se retrouve arr\u00eat\u00e9e pour trafic de drogue \u00e0 l&rsquo;a\u00e9roport. D\u00e9sormais incarc\u00e9r\u00e9e, elle int\u00e8gre un univers fait de r\u00e8gles, restrictions et vexations quotidiennes, mais aussi [&hellip;]<\/p>\n","protected":false},"featured_media":5784,"template":"","meta":[],"film-type":[20],"film-tag":[86],"class_list":["post-5675","film","type-film","status-publish","has-post-thumbnail","hentry","film-type-panorama-fictions","film-tag-86"],"_links":{"self":[{"href":"https:\/\/cheries-cheris.com\/festival\/wp-json\/wp\/v2\/film\/5675","targetHints":{"allow":["GET"]}}],"collection":[{"href":"https:\/\/cheries-cheris.com\/festival\/wp-json\/wp\/v2\/film"}],"about":[{"href":"https:\/\/cheries-cheris.com\/festival\/wp-json\/wp\/v2\/types\/film"}],"wp:featuredmedia":[{"embeddable":true,"href":"https:\/\/cheries-cheris.com\/festival\/wp-json\/wp\/v2\/media\/5784"}],"wp:attachment":[{"href":"https:\/\/cheries-cheris.com\/festival\/wp-json\/wp\/v2\/media?parent=5675"}],"wp:term":[{"taxonomy":"film-type","embeddable":true,"href":"https:\/\/cheries-cheris.com\/festival\/wp-json\/wp\/v2\/film-type?post=5675"},{"taxonomy":"film-tag","embeddable":true,"href":"https:\/\/cheries-cheris.com\/festival\/wp-json\/wp\/v2\/film-tag?post=5675"}],"curies":[{"name":"wp","href":"https:\/\/api.w.org\/{rel}","templated":true}]}}