{"id":5596,"date":"2024-10-16T15:06:30","date_gmt":"2024-10-16T13:06:30","guid":{"rendered":"https:\/\/cheries-cheris.com\/festival\/?post_type=film&#038;p=5596"},"modified":"2024-10-22T12:06:39","modified_gmt":"2024-10-22T10:06:39","slug":"trans-memoria","status":"publish","type":"film","link":"https:\/\/cheries-cheris.com\/festival\/films\/trans-memoria\/","title":{"rendered":"TRANS MEMORIA"},"content":{"rendered":"<p>En r\u00e9alisant son r\u00eave &#8211; celui de devenir femme &#8211; Victoria se confronte au deuil de son amie Meril. Elle r\u00e9alise que la seule fa\u00e7on d\u2019avancer c\u2019est de revenir en arri\u00e8re. Avec Athena et Aamina, qui initient leurs propres parcours de transition, Victoria retourne en Tha\u00eflande \u00e0 la recherche des fant\u00f4mes du pass\u00e9 et d\u2019un futur meilleur.<\/p>\n<p><em>\u00ab\u00a0<\/em>Trans Memoria<em> est une histoire profond\u00e9ment personnelle bas\u00e9e sur mon exp\u00e9rience de transition et la perte de <\/em><em>Meril<\/em><em>, ma seule amie partageant l&rsquo;exp\u00e9rience trans. \u00c0 travers cette histoire, je r\u00e9fl\u00e9chis aux \u00e9v\u00e9nements qui se sont d\u00e9roul\u00e9s, explorant leur impact sur moi. Cela implique \u00e9galement les perspectives d\u2019<\/em><em>Aamina<\/em><em> et d\u2019Ath\u00e9na, toutes deux au d\u00e9but de leur transition.<\/em><em>\u00a0<\/em><em>N<\/em><em>ous rendons toutes les trois un r\u00e9cit sinc\u00e8re de notre exp\u00e9rience de transition, d&rsquo;avenir et de f\u00e9minit\u00e9. L&rsquo;histoire se d\u00e9place de mani\u00e8re fluide entre le pass\u00e9 et le pr\u00e9sent, entrela\u00e7ant des souvenirs reconstitu\u00e9s, des s\u00e9quences documentaires<\/em><em> tourn\u00e9es en Tha\u00eflande<\/em><em> et des journaux vid\u00e9o secrets de 2012<\/em><em>. <\/em>Trans Memoria<em>\u00a0<\/em><em>explore les questions existentielles du sens et la relation des femmes tr<\/em><em>ans \u00e0 la mortalit\u00e9. Il s&rsquo;agit des changements physiques que l&rsquo;on traverse lors d&rsquo;une transition, mais aussi du voyage int\u00e9rieur qui est moins tangible. C\u2019est un film r\u00e9alis\u00e9 par et sur des personnes trans, visant \u00e0 donner un portrait honn\u00eate de nos vies. \u00bb<\/em><em>\u00a0<\/em>Victoria Verseau<\/p>\n<p>&nbsp;<\/p>\n<p>&nbsp;<\/p>\n<p>&nbsp;<\/p>\n<p>&nbsp;<\/p>\n","protected":false},"excerpt":{"rendered":"<p>En r\u00e9alisant son r\u00eave &#8211; celui de devenir femme &#8211; Victoria se confronte au deuil de son amie Meril. Elle r\u00e9alise que la seule fa\u00e7on d\u2019avancer c\u2019est de revenir en arri\u00e8re. Avec Athena et Aamina, qui initient leurs propres parcours de transition, Victoria retourne en Tha\u00eflande \u00e0 la recherche des fant\u00f4mes du pass\u00e9 et d\u2019un [&hellip;]<\/p>\n","protected":false},"featured_media":5758,"template":"","meta":[],"film-type":[13],"film-tag":[86],"class_list":["post-5596","film","type-film","status-publish","has-post-thumbnail","hentry","film-type-competition-documentaires","film-tag-86"],"_links":{"self":[{"href":"https:\/\/cheries-cheris.com\/festival\/wp-json\/wp\/v2\/film\/5596","targetHints":{"allow":["GET"]}}],"collection":[{"href":"https:\/\/cheries-cheris.com\/festival\/wp-json\/wp\/v2\/film"}],"about":[{"href":"https:\/\/cheries-cheris.com\/festival\/wp-json\/wp\/v2\/types\/film"}],"wp:featuredmedia":[{"embeddable":true,"href":"https:\/\/cheries-cheris.com\/festival\/wp-json\/wp\/v2\/media\/5758"}],"wp:attachment":[{"href":"https:\/\/cheries-cheris.com\/festival\/wp-json\/wp\/v2\/media?parent=5596"}],"wp:term":[{"taxonomy":"film-type","embeddable":true,"href":"https:\/\/cheries-cheris.com\/festival\/wp-json\/wp\/v2\/film-type?post=5596"},{"taxonomy":"film-tag","embeddable":true,"href":"https:\/\/cheries-cheris.com\/festival\/wp-json\/wp\/v2\/film-tag?post=5596"}],"curies":[{"name":"wp","href":"https:\/\/api.w.org\/{rel}","templated":true}]}}