{"id":5577,"date":"2024-10-15T11:45:17","date_gmt":"2024-10-15T09:45:17","guid":{"rendered":"https:\/\/cheries-cheris.com\/festival\/?post_type=film&#038;p=5577"},"modified":"2024-11-09T19:24:38","modified_gmt":"2024-11-09T18:24:38","slug":"black-as-u-r","status":"publish","type":"film","link":"https:\/\/cheries-cheris.com\/festival\/films\/black-as-u-r\/","title":{"rendered":"BLACK AS U R"},"content":{"rendered":"<p><a href=\"https:\/\/cheries-cheris.com\/festival\/30eme-festival-du-film-lgbtqia-de-paris-du-15-au-26-novembre-2024\/edito-et-jurys\/le-prix-libertes-cheries\/\"><img loading=\"lazy\" decoding=\"async\" class=\"alignright wp-image-4060 size-full\" src=\"https:\/\/cheries-cheris.com\/festival\/wp-content\/uploads\/2022\/11\/logo-libertes_cheries-bleu.png\" alt=\"logo du prix Libert\u00e9s Ch\u00e9ries\" width=\"100\" height=\"100\" \/><\/a><em>\u00ab BLACK AS U R pose \u00e0 l&rsquo;Am\u00e9rique noire une question tr\u00e8s conflictuelle et souvent \u00e9vit\u00e9e. Pourquoi protestons-nous, en tant que peuple, contre l&rsquo;injustice raciale, mais n\u00e9gligeons-nous les injustices subies par les personnes noires queers ? Apr\u00e8s tout, nous sommes tout aussi noirs que vous. \u00bb <\/em>Micheal Rice<\/p>\n<p>Avec une honn\u00eatet\u00e9 sans faille, le cin\u00e9aste Micheal Rice, bas\u00e9 \u00e0 Brooklyn, interroge la trans\/homophobie au sein de la communaut\u00e9 noire am\u00e9ricaine. La m\u00eame semaine et dans la m\u00eame ville o\u00f9 George Floyd a \u00e9t\u00e9 assassin\u00e9 en 2020, une jeune femme trans noire nomm\u00e9e Iyanna Dior \u00e9tait agress\u00e9e par un groupe de personnes noires. L\u2019attaque brutale et le manque d\u2019attention qu\u2019elle a re\u00e7u marquent le point de d\u00e9part de ce documentaire n\u00e9cessaire, qui se r\u00e9f\u00e8re au concept d\u2019intersectionnalit\u00e9 cr\u00e9\u00e9 par Kimberl\u00e9\u00a0Crenshaw en 1989. Via le prisme des \u00ab\u00a0races\u00a0\u00bb, du genre, de l\u2019orientation sexuelle et de l\u2019Histoire, le r\u00e9alisateur dresse une analyse critique et raconte la lutte pour l\u2019\u00e9galit\u00e9 au sein de sa propre communaut\u00e9. Tout en enregistrant des t\u00e9moignages sinc\u00e8res de Noirs de toutes g\u00e9n\u00e9rations, il revient sur son \u00e9ducation dans le Sud et ses propres pr\u00e9jug\u00e9s int\u00e9rioris\u00e9s. Prim\u00e9 au prestigieux Frameline de San Francisco, <em>Black as U R<\/em> est la premi\u00e8re \u00e9tape cathartique d&rsquo;une confrontation de la communaut\u00e9 afro-am\u00e9ricaine \u00e0 la queerphobie, \u00e0 travers les r\u00e9cits poignants de personnes noires queers.<\/p>\n<p><strong>S\u00e9ance du 17 nov. en pr\u00e9sence de Micheal Rice et d&rsquo;Anne Cr\u00e9mieux, professeure de civilisation am\u00e9ricaine. Rencontre soutenue par l\u2019Ambassade des \u00c9tats-Unis en France.<br \/>\n<\/strong><\/p>\n","protected":false},"excerpt":{"rendered":"<p>\u00ab BLACK AS U R pose \u00e0 l&rsquo;Am\u00e9rique noire une question tr\u00e8s conflictuelle et souvent \u00e9vit\u00e9e. Pourquoi protestons-nous, en tant que peuple, contre l&rsquo;injustice raciale, mais n\u00e9gligeons-nous les injustices subies par les personnes noires queers ? Apr\u00e8s tout, nous sommes tout aussi noirs que vous. \u00bb Micheal Rice Avec une honn\u00eatet\u00e9 sans faille, le cin\u00e9aste [&hellip;]<\/p>\n","protected":false},"featured_media":5621,"template":"","meta":[],"film-type":[13],"film-tag":[86],"class_list":["post-5577","film","type-film","status-publish","has-post-thumbnail","hentry","film-type-competition-documentaires","film-tag-86"],"_links":{"self":[{"href":"https:\/\/cheries-cheris.com\/festival\/wp-json\/wp\/v2\/film\/5577","targetHints":{"allow":["GET"]}}],"collection":[{"href":"https:\/\/cheries-cheris.com\/festival\/wp-json\/wp\/v2\/film"}],"about":[{"href":"https:\/\/cheries-cheris.com\/festival\/wp-json\/wp\/v2\/types\/film"}],"wp:featuredmedia":[{"embeddable":true,"href":"https:\/\/cheries-cheris.com\/festival\/wp-json\/wp\/v2\/media\/5621"}],"wp:attachment":[{"href":"https:\/\/cheries-cheris.com\/festival\/wp-json\/wp\/v2\/media?parent=5577"}],"wp:term":[{"taxonomy":"film-type","embeddable":true,"href":"https:\/\/cheries-cheris.com\/festival\/wp-json\/wp\/v2\/film-type?post=5577"},{"taxonomy":"film-tag","embeddable":true,"href":"https:\/\/cheries-cheris.com\/festival\/wp-json\/wp\/v2\/film-tag?post=5577"}],"curies":[{"name":"wp","href":"https:\/\/api.w.org\/{rel}","templated":true}]}}