{"id":4695,"date":"2023-10-30T16:33:07","date_gmt":"2023-10-30T15:33:07","guid":{"rendered":"https:\/\/cheries-cheris.com\/festival\/?post_type=film&#038;p=4695"},"modified":"2023-10-30T16:33:07","modified_gmt":"2023-10-30T15:33:07","slug":"lempreinte-de-tes-levres-la-huella-de-unos-labios","status":"publish","type":"film","link":"https:\/\/cheries-cheris.com\/festival\/films\/lempreinte-de-tes-levres-la-huella-de-unos-labios\/","title":{"rendered":"L\u2019EMPREINTE\u00a0DE TES L\u00c8VRES (LA HUELLA DE UNOS LABIOS)"},"content":{"rendered":"<p>Rom\u00e1n doit rester isol\u00e9 dans son appartement alors qu\u2019une pand\u00e9mie tient le monde en haleine. Aldo, lui a plus de chance car il a la possibilit\u00e9 de sortir, uniquement dans le cadre de son travail consid\u00e9r\u00e9 comme essentiel par les autorit\u00e9s. Hormis cela, aucun regroupement n\u2019est autoris\u00e9. Ils vivent proches l\u2019un de l\u2019autre, dans des immeubles qui se font face mais leur unique fa\u00e7on de se rencontrer ne peut \u00eatre qu\u2019en visio via leurs \u00e9crans d\u2019ordinateur\u2026 Au bout d\u2019une certain temps, la tentation de sortir pour se voir est si forte qu\u2019elle finit par se produire\u2026<\/p>\n<p>&nbsp;<\/p>\n<p>Cin\u00e9aste prolifique au style incomparable, Julian Hern\u00e1ndez fait son retour \u00e0 Ch\u00e9ries-Ch\u00e9ris avec <em>L\u2019empreinte de tes l\u00e8vres<\/em>, un film d\u2019atmosph\u00e8re mais surtout de fantasmes, mettant en sc\u00e8ne la relation virtuelle (puis clandestine) entre deux jeunes hommes esseul\u00e9s\u00a0: Roman et Aldo, qui malgr\u00e9 le confinement strict en temps de pand\u00e9mie, sont plus que jamais en qu\u00eate de relations affectives et de sensations fortes. Dans la lign\u00e9e de l\u2019univers d\u2019<em>O Fantasma\u00a0<\/em>(Jo\u00e3o Pedro Rodrigues, 2000), cette \u0153uvre inclassable explore les m\u00e9andres du d\u00e9sir en nous montrant une sexualit\u00e9\u00a0gay\u00a0d\u00e9pourvue de culpabilit\u00e9 et ouverte \u00e0 toutes les exp\u00e9rimentations. \u00c0 la fois cru et romantique, f\u00e9tichiste et po\u00e9tique, un v\u00e9ritable concentr\u00e9 de culture gay qui fascine autant qu\u2019il impressionne.<\/p>\n","protected":false},"excerpt":{"rendered":"<p>Rom\u00e1n doit rester isol\u00e9 dans son appartement alors qu\u2019une pand\u00e9mie tient le monde en haleine. Aldo, lui a plus de chance car il a la possibilit\u00e9 de sortir, uniquement dans le cadre de son travail consid\u00e9r\u00e9 comme essentiel par les autorit\u00e9s. Hormis cela, aucun regroupement n\u2019est autoris\u00e9. Ils vivent proches l\u2019un de l\u2019autre, dans des [&hellip;]<\/p>\n","protected":false},"featured_media":4748,"template":"","meta":[],"film-type":[20],"film-tag":[81],"class_list":["post-4695","film","type-film","status-publish","has-post-thumbnail","hentry","film-type-panorama-fictions","film-tag-81"],"_links":{"self":[{"href":"https:\/\/cheries-cheris.com\/festival\/wp-json\/wp\/v2\/film\/4695","targetHints":{"allow":["GET"]}}],"collection":[{"href":"https:\/\/cheries-cheris.com\/festival\/wp-json\/wp\/v2\/film"}],"about":[{"href":"https:\/\/cheries-cheris.com\/festival\/wp-json\/wp\/v2\/types\/film"}],"wp:featuredmedia":[{"embeddable":true,"href":"https:\/\/cheries-cheris.com\/festival\/wp-json\/wp\/v2\/media\/4748"}],"wp:attachment":[{"href":"https:\/\/cheries-cheris.com\/festival\/wp-json\/wp\/v2\/media?parent=4695"}],"wp:term":[{"taxonomy":"film-type","embeddable":true,"href":"https:\/\/cheries-cheris.com\/festival\/wp-json\/wp\/v2\/film-type?post=4695"},{"taxonomy":"film-tag","embeddable":true,"href":"https:\/\/cheries-cheris.com\/festival\/wp-json\/wp\/v2\/film-tag?post=4695"}],"curies":[{"name":"wp","href":"https:\/\/api.w.org\/{rel}","templated":true}]}}