{"id":4687,"date":"2023-10-30T16:16:52","date_gmt":"2023-10-30T15:16:52","guid":{"rendered":"https:\/\/cheries-cheris.com\/festival\/?post_type=film&#038;p=4687"},"modified":"2023-10-30T16:16:52","modified_gmt":"2023-10-30T15:16:52","slug":"des-os-et-des-noms-knochen-und-namen","status":"publish","type":"film","link":"https:\/\/cheries-cheris.com\/festival\/films\/des-os-et-des-noms-knochen-und-namen\/","title":{"rendered":"DES OS ET DES NOMS (KNOCHEN UND NAMEN)"},"content":{"rendered":"<p>Boris et Jonathan, respectivement acteur et \u00e9crivain, forment un couple brillant. Mais leur relation a atteint un point o\u00f9 ils pourraient tout aussi bien passer leurs soir\u00e9es s\u00e9par\u00e9ment : l&rsquo;un est allong\u00e9 dans son lit \u00e0 lire des scripts, tandis que l&rsquo;autre travaille \u00e0 un bureau dans la pi\u00e8ce voisine. S&rsquo;immergeant de plus en plus profond\u00e9ment dans les r\u00e9p\u00e9titions d&rsquo;un nouveau film avec une r\u00e9alisatrice ambitieuse, Boris commence \u00e0 confondre personnages r\u00e9els et fictifs ; Pendant ce temps, Jonathan tente de red\u00e9finir sa voix d&rsquo;\u00e9crivain.<\/p>\n<p>&nbsp;<\/p>\n<p>Aper\u00e7u notamment dans <em>Great freedom<\/em>, Fabian Stumm signe avec <em>Des os et des noms<\/em>, prim\u00e9 \u00e0 la Berlinale, son premier long m\u00e9trage en tant que r\u00e9alisateur et sc\u00e9nariste. Se d\u00e9ployant en s\u00e9quences humoristiques qui se d\u00e9roulent dans des d\u00e9cors d\u00e9limit\u00e9s (chambre, supermarch\u00e9 et salle de r\u00e9p\u00e9tition), son film est une r\u00e9flexion subtile et divertissante sur les ambivalences des relations sentimentales et professionnelles. Le cin\u00e9aste donne une \u00e9paisseur certaine \u00e0 ces deux personnages qui s\u2019\u00e9loignent peu \u00e0 peu, cr\u00e9ant une r\u00e9elle empathie au milieu de consid\u00e9rations intellectuelles autour de leurs m\u00e9tiers respectifs. Dans les r\u00f4les principaux, Fabian Stumm et Knut Berger livrent des prestations jubilatoires.<\/p>\n<p>S\u00e9ances en pr\u00e9sence du r\u00e9alisateur et acteur principal Fabian Stumm<\/p>\n","protected":false},"excerpt":{"rendered":"<p>Boris et Jonathan, respectivement acteur et \u00e9crivain, forment un couple brillant. Mais leur relation a atteint un point o\u00f9 ils pourraient tout aussi bien passer leurs soir\u00e9es s\u00e9par\u00e9ment : l&rsquo;un est allong\u00e9 dans son lit \u00e0 lire des scripts, tandis que l&rsquo;autre travaille \u00e0 un bureau dans la pi\u00e8ce voisine. S&rsquo;immergeant de plus en plus [&hellip;]<\/p>\n","protected":false},"featured_media":4756,"template":"","meta":[],"film-type":[20],"film-tag":[81],"class_list":["post-4687","film","type-film","status-publish","has-post-thumbnail","hentry","film-type-panorama-fictions","film-tag-81"],"_links":{"self":[{"href":"https:\/\/cheries-cheris.com\/festival\/wp-json\/wp\/v2\/film\/4687","targetHints":{"allow":["GET"]}}],"collection":[{"href":"https:\/\/cheries-cheris.com\/festival\/wp-json\/wp\/v2\/film"}],"about":[{"href":"https:\/\/cheries-cheris.com\/festival\/wp-json\/wp\/v2\/types\/film"}],"wp:featuredmedia":[{"embeddable":true,"href":"https:\/\/cheries-cheris.com\/festival\/wp-json\/wp\/v2\/media\/4756"}],"wp:attachment":[{"href":"https:\/\/cheries-cheris.com\/festival\/wp-json\/wp\/v2\/media?parent=4687"}],"wp:term":[{"taxonomy":"film-type","embeddable":true,"href":"https:\/\/cheries-cheris.com\/festival\/wp-json\/wp\/v2\/film-type?post=4687"},{"taxonomy":"film-tag","embeddable":true,"href":"https:\/\/cheries-cheris.com\/festival\/wp-json\/wp\/v2\/film-tag?post=4687"}],"curies":[{"name":"wp","href":"https:\/\/api.w.org\/{rel}","templated":true}]}}