{"id":4674,"date":"2023-10-30T11:31:48","date_gmt":"2023-10-30T10:31:48","guid":{"rendered":"https:\/\/cheries-cheris.com\/festival\/?post_type=film&#038;p=4674"},"modified":"2023-10-30T11:31:48","modified_gmt":"2023-10-30T10:31:48","slug":"donna","status":"publish","type":"film","link":"https:\/\/cheries-cheris.com\/festival\/films\/donna\/","title":{"rendered":"DONNA"},"content":{"rendered":"<p>Donna Personna s\u2019est r\u00e9v\u00e9l\u00e9e en tant que femme trans \u00e0 l\u2019\u00e2ge de 60 ans. Depuis, elle n\u2019a plus de contacts avec sa famille, qui ne la conna\u00eet que comme Gustavo, leur petit fr\u00e8re. Fi\u00e8re de ce qu\u2019elle est devenue, Donna veut faire avancer sa carri\u00e8re\u2026 Son projet est de produire son spectacle \u00e0 Los Angeles afin de se faire conna\u00eetre. Elle esp\u00e8re y inviter sa famille et leur montrer qui elle est vraiment.<\/p>\n<p>&nbsp;<\/p>\n<p>Avec <em>Donna<\/em>, extension de son court m\u00e9trage\u00a0<em>My Mother<\/em>, le r\u00e9alisateur britannique Jay Bedwani retrace le parcours intime d\u2019une conteuse, d\u2019une artiste et d\u2019une militante d\u2019exception\u00a0: Donna Personna. On suit avec un grand plaisir cette femme \u00e0 la fois dr\u00f4le, sinc\u00e8re et touchante\u00a0alors qu&rsquo;elle travaille sur une pi\u00e8ce immersive racontant l&rsquo;\u00e9meute de la caf\u00e9t\u00e9ria Compton, v\u00e9ritable tournant dans la lutte pour le droit des personnes trans aux \u00c9tats-Unis. Un portrait aussi instructif que captivant qui nous prouve qu\u2019il n\u2019est jamais trop tard pour s\u2019\u00e9panouir pleinement.<\/p>\n<p>&nbsp;<\/p>\n<p>S\u00e9ance en pr\u00e9sence du r\u00e9alisateur (sous r\u00e9serve)<\/p>\n","protected":false},"excerpt":{"rendered":"<p>Donna Personna s\u2019est r\u00e9v\u00e9l\u00e9e en tant que femme trans \u00e0 l\u2019\u00e2ge de 60 ans. Depuis, elle n\u2019a plus de contacts avec sa famille, qui ne la conna\u00eet que comme Gustavo, leur petit fr\u00e8re. Fi\u00e8re de ce qu\u2019elle est devenue, Donna veut faire avancer sa carri\u00e8re\u2026 Son projet est de produire son spectacle \u00e0 Los Angeles [&hellip;]<\/p>\n","protected":false},"featured_media":4720,"template":"","meta":[],"film-type":[21],"film-tag":[81],"class_list":["post-4674","film","type-film","status-publish","has-post-thumbnail","hentry","film-type-panorama-documentaires","film-tag-81"],"_links":{"self":[{"href":"https:\/\/cheries-cheris.com\/festival\/wp-json\/wp\/v2\/film\/4674","targetHints":{"allow":["GET"]}}],"collection":[{"href":"https:\/\/cheries-cheris.com\/festival\/wp-json\/wp\/v2\/film"}],"about":[{"href":"https:\/\/cheries-cheris.com\/festival\/wp-json\/wp\/v2\/types\/film"}],"wp:featuredmedia":[{"embeddable":true,"href":"https:\/\/cheries-cheris.com\/festival\/wp-json\/wp\/v2\/media\/4720"}],"wp:attachment":[{"href":"https:\/\/cheries-cheris.com\/festival\/wp-json\/wp\/v2\/media?parent=4674"}],"wp:term":[{"taxonomy":"film-type","embeddable":true,"href":"https:\/\/cheries-cheris.com\/festival\/wp-json\/wp\/v2\/film-type?post=4674"},{"taxonomy":"film-tag","embeddable":true,"href":"https:\/\/cheries-cheris.com\/festival\/wp-json\/wp\/v2\/film-tag?post=4674"}],"curies":[{"name":"wp","href":"https:\/\/api.w.org\/{rel}","templated":true}]}}