{"id":4573,"date":"2023-10-26T12:03:43","date_gmt":"2023-10-26T10:03:43","guid":{"rendered":"https:\/\/cheries-cheris.com\/festival\/?post_type=film&#038;p=4573"},"modified":"2023-10-31T15:22:03","modified_gmt":"2023-10-31T14:22:03","slug":"transfariana","status":"publish","type":"film","link":"https:\/\/cheries-cheris.com\/festival\/films\/transfariana\/","title":{"rendered":"TRANSFARIANA"},"content":{"rendered":"<p><a href=\"https:\/\/cheries-cheris.com\/festival\/29eme-festival-du-film-lgbtqi-de-paris-du-18-au-28-novembre-2023\/edito-et-jurys\/le-prix-libertes-cheries\/\"><img loading=\"lazy\" decoding=\"async\" class=\"size-full wp-image-4060 alignright\" src=\"https:\/\/cheries-cheris.com\/festival\/wp-content\/uploads\/2022\/11\/logo-libertes_cheries-bleu.png\" alt=\"logo du prix Libert\u00e9s Ch\u00e9ries\" width=\"100\" height=\"100\" \/><\/a>A\u0300 la Picota, prison de haute-se\u0301curite\u0301 au sud de Bogota\u0301, le mariage de Jaison, un gue\u0301rillero des FARC, avec Laura, une femme trans ex-travailleuse du sexe condamne\u0301e a\u0300 perpe\u0301tuite\u0301,\u00a0a d\u2019abord provoqu\u00e9 le scandale, puis une transformation des mentalite\u0301s. Partant du re\u0301cit de ces noces rebelles, le film de\u0301crit la rencontre entre deux formes de combat, deux mode\u0300les de lutte qui se transforment en s\u2019interpe\u0301ne\u0301trant. FARC et LGBTI me\u0302me combat ? Entre univers carce\u0301ral, vie urbaine a\u0300 Bogota\u0301, et campagne colombienne, la came\u0301ra guette les signes des mouvements discrets qui contribuent aux changements d\u2019une socie\u0301te\u0301.<\/p>\n<p>Avec <em>Transfariana<\/em>, le r\u00e9alisateur fran\u00e7ais Joris Lachaise signe un documentaire passionnant qui m\u00eale de fa\u00e7on \u00e9tonnante amour et politique. Bien au-del\u00e0 d\u00b4un simple r\u00e9cit sentimental, il ausculte comment, dans la soci\u00e9t\u00e9 colombienne, la sph\u00e8re intime peut bouleverser les lois soci\u00e9tales. Gra\u0302ce au \u00ab\u00a0couple rebelle\u00a0\u00bb form\u00e9 par Jaison et Laura, un dialogue ine\u0301dit s&rsquo;engage entre des membres de la gue\u0301rilla et des membres d&rsquo;organisations trans dans la zone de tole\u0301rance de Bogota. Peu a\u0300 peu, leurs histoires s&rsquo;entreme\u0302lent, leurs luttes convergent et composent, dans un contexte de transition politique, une fresque historique poignante.<\/p>\n","protected":false},"excerpt":{"rendered":"<p>A\u0300 la Picota, prison de haute-se\u0301curite\u0301 au sud de Bogota\u0301, le mariage de Jaison, un gue\u0301rillero des FARC, avec Laura, une femme trans ex-travailleuse du sexe condamne\u0301e a\u0300 perpe\u0301tuite\u0301,\u00a0a d\u2019abord provoqu\u00e9 le scandale, puis une transformation des mentalite\u0301s. Partant du re\u0301cit de ces noces rebelles, le film de\u0301crit la rencontre entre deux formes de combat, [&hellip;]<\/p>\n","protected":false},"featured_media":4601,"template":"","meta":[],"film-type":[13],"film-tag":[81],"class_list":["post-4573","film","type-film","status-publish","has-post-thumbnail","hentry","film-type-competition-documentaires","film-tag-81"],"_links":{"self":[{"href":"https:\/\/cheries-cheris.com\/festival\/wp-json\/wp\/v2\/film\/4573","targetHints":{"allow":["GET"]}}],"collection":[{"href":"https:\/\/cheries-cheris.com\/festival\/wp-json\/wp\/v2\/film"}],"about":[{"href":"https:\/\/cheries-cheris.com\/festival\/wp-json\/wp\/v2\/types\/film"}],"wp:featuredmedia":[{"embeddable":true,"href":"https:\/\/cheries-cheris.com\/festival\/wp-json\/wp\/v2\/media\/4601"}],"wp:attachment":[{"href":"https:\/\/cheries-cheris.com\/festival\/wp-json\/wp\/v2\/media?parent=4573"}],"wp:term":[{"taxonomy":"film-type","embeddable":true,"href":"https:\/\/cheries-cheris.com\/festival\/wp-json\/wp\/v2\/film-type?post=4573"},{"taxonomy":"film-tag","embeddable":true,"href":"https:\/\/cheries-cheris.com\/festival\/wp-json\/wp\/v2\/film-tag?post=4573"}],"curies":[{"name":"wp","href":"https:\/\/api.w.org\/{rel}","templated":true}]}}