{"id":4541,"date":"2023-10-24T16:27:59","date_gmt":"2023-10-24T14:27:59","guid":{"rendered":"https:\/\/cheries-cheris.com\/festival\/?post_type=film&#038;p=4541"},"modified":"2023-10-31T11:54:25","modified_gmt":"2023-10-31T10:54:25","slug":"sans-coeur-sem-coracao","status":"publish","type":"film","link":"https:\/\/cheries-cheris.com\/festival\/films\/sans-coeur-sem-coracao\/","title":{"rendered":"SANS C\u0152UR\u00a0(SEM CORA\u00c7\u00c3O)"},"content":{"rendered":"<p><section class=\"kc-elm kc-css-979794 kc_row\"><div class=\"kc-row-container  kc-container\"><div class=\"kc-wrap-columns\"><div class=\"kc-elm kc-css-424924 kc_col-sm-12 kc_column kc_col-sm-12\"><div class=\"kc-col-container\"><div class=\"kc-elm kc-css-745924 kc_text_block\"><\/p>\n<p>\u00c9t\u00e9 1996, dans le petit village de Gar\u00e7a Torta, au c\u0153ur du Nordeste Br\u00e9silien,\u00a0Tamara profite de ses derni\u00e8res vacances avant d\u2019entrer en classe pr\u00e9paratoire universitaire. Un jour elle entend parler d\u2019une fille surnomm\u00e9e \u00ab\u00a0Sans C\u0153ur\u00a0\u00bb en raison de la\u00a0cicatrice qui traverse sa poitrine. Tamara va ressentir une attirance imm\u00e9diate pour cette myst\u00e9rieuse fille\u2026<\/p>\n<p>Avec <em>Sans c\u0153ur<\/em>, applaudi \u00e0 la Mostra de Venise 2023, Nara Normande &amp; Ti\u00e3o livrent un coming-of-age queer dans le Br\u00e9sil des ann\u00e9es 90 adapt\u00e9 de leur court prim\u00e9 \u00e0 la Quinzaine des Cin\u00e9astes en 2014. Nara Normande s&rsquo;inspire de certains de ses souvenirs d&rsquo;adolescence pass\u00e9s sur la c\u00f4te d&rsquo;Alagoas, une r\u00e9gion rarement repr\u00e9sent\u00e9e dans le cin\u00e9ma br\u00e9silien, et dont la beaut\u00e9 enchanteresse contraste avec les complexit\u00e9s sociales et politiques. Entre lumi\u00e8re et obscurit\u00e9, r\u00eave et r\u00e9alit\u00e9, le film capte avec sensibilit\u00e9 la difficult\u00e9 de vivre sa diff\u00e9rence dans un endroit si repli\u00e9 sur lui-m\u00eame. Le duo de cin\u00e9astes \u00e9voque par l\u00e0-m\u00eame la menace homophobe, le poids des h\u00e9ritages sociaux et familiaux, ainsi que la remise en question des vieux sch\u00e9mas pour inaugurer de nouvelles voies. Tout pr\u00e8s du documentaire, <em>Sans c\u0153ur<\/em> r\u00e9unit douceur et sensualit\u00e9, intensit\u00e9 et gr\u00e2ce dans un m\u00eame mouvement.<\/p>\n<p>\n<\/div><div class=\"kc-elm kc-css-264017\" style=\"height: 20px; clear: both; width:100%;\"><\/div><\/div><\/div><\/div><\/div><\/section><section class=\"kc-elm kc-css-722569 kc_row\"><div class=\"kc-row-container  kc-container\"><div class=\"kc-wrap-columns\"><div class=\"kc-elm kc-css-901678 kc_col-sm-6 kc_column kc_col-sm-6\"><div class=\"kc-col-container\"><div class=\"kc-elm kc-css-91772 kc_shortcode kc_single_image\">\n\n        <img decoding=\"async\" src=\"https:\/\/cheries-cheris.com\/festival\/wp-content\/uploads\/2023\/10\/guaxuma-e1698157437823.jpeg\" class=\"\" alt=\"\" \/>    <\/div>\n<\/div><\/div><div class=\"kc-elm kc-css-624533 kc_col-sm-6 kc_column kc_col-sm-6\"><div class=\"kc-col-container\"><div class=\"kc-elm kc-css-662914 kc_text_block\"><\/p>\n<p><u><span style=\"font-weight: 600;\">En avant-programme\u00a0:<\/span><\/u><\/p>\n<p><span style=\"font-weight: 600;\">GUAXUMA<\/span><\/p>\n<p>Animation.<br \/>\nFrance, Br\u00e9sil. 2018. 14\u2019<br \/>\nR\u00e9alisation\u00a0: Nara Normande &amp; Ti\u00e3o<\/p>\n<p>J\u2019ai grandi avec Tayra au bord d\u2019une plage au nord-est du Br\u00e9sil. Nous \u00e9tions ins\u00e9parables. Le souffle de la mer me rappelle des souvenirs heureux.<\/p>\n<p>\n<\/div><\/div><\/div><\/div><\/div><\/section><\/p>\n","protected":false},"excerpt":{"rendered":"<p>\u00c9t\u00e9 1996, dans le petit village de Gar\u00e7a Torta, au c\u0153ur du Nordeste Br\u00e9silien,\u00a0Tamara profite de ses derni\u00e8res vacances avant d\u2019entrer en classe pr\u00e9paratoire universitaire. Un jour elle entend parler d\u2019une fille surnomm\u00e9e \u00ab\u00a0Sans C\u0153ur\u00a0\u00bb en raison de la\u00a0cicatrice qui traverse sa poitrine.<\/p>\n","protected":false},"featured_media":4552,"template":"","meta":[],"film-type":[12],"film-tag":[81],"class_list":["post-4541","film","type-film","status-publish","has-post-thumbnail","hentry","film-type-competition-longs-metrages","film-tag-81"],"_links":{"self":[{"href":"https:\/\/cheries-cheris.com\/festival\/wp-json\/wp\/v2\/film\/4541","targetHints":{"allow":["GET"]}}],"collection":[{"href":"https:\/\/cheries-cheris.com\/festival\/wp-json\/wp\/v2\/film"}],"about":[{"href":"https:\/\/cheries-cheris.com\/festival\/wp-json\/wp\/v2\/types\/film"}],"wp:featuredmedia":[{"embeddable":true,"href":"https:\/\/cheries-cheris.com\/festival\/wp-json\/wp\/v2\/media\/4552"}],"wp:attachment":[{"href":"https:\/\/cheries-cheris.com\/festival\/wp-json\/wp\/v2\/media?parent=4541"}],"wp:term":[{"taxonomy":"film-type","embeddable":true,"href":"https:\/\/cheries-cheris.com\/festival\/wp-json\/wp\/v2\/film-type?post=4541"},{"taxonomy":"film-tag","embeddable":true,"href":"https:\/\/cheries-cheris.com\/festival\/wp-json\/wp\/v2\/film-tag?post=4541"}],"curies":[{"name":"wp","href":"https:\/\/api.w.org\/{rel}","templated":true}]}}