{"id":3928,"date":"2022-11-02T14:02:32","date_gmt":"2022-11-02T13:02:32","guid":{"rendered":"https:\/\/cheries-cheris.com\/festival\/?post_type=film&#038;p=3928"},"modified":"2022-11-02T15:46:24","modified_gmt":"2022-11-02T14:46:24","slug":"nelly-nadine","status":"publish","type":"film","link":"https:\/\/cheries-cheris.com\/festival\/films\/nelly-nadine\/","title":{"rendered":"Nelly &#038; Nadine"},"content":{"rendered":"<p>Au c\u0153ur du camp de concentration de Ravensbru\u0308ck, la veille de Noe\u0308l 1944, Nelly rencontre Nadine. Pre\u0300s de soixante-dix ans plus tard, la petite fille de Nelly, Sylvie, de\u0301cide d\u2019ouvrir les archives personnelles de Nelly et Nadine, afin de de\u0301couvrir leur improbable histoire d\u2019amour.<\/p>\n<p>Avec <em>Nelly &amp; Nadine<\/em>, Teddy du Jury \u00e0 la Berlinale, le Su\u00e9dois Magnus Gertten accompagne Sylvie dans son enqu\u00eate sur la vie intime de son a\u00efeule, une grande chanteuse d\u2019op\u00e9ra. Les photographies, les images Super 8, les enregistrements audio ainsi que les pages po\u00e9tiques et d\u00e9chirantes du journal intime qu\u2019elle a laiss\u00e9es d\u00e9crivent non seulement les souvenirs de sa grand-m\u00e8re du camp, mais racontent \u00e9galement l\u2019histoire de sa vie avec Nadine &#8211; une relation qui n&rsquo;a jamais \u00e9t\u00e9 \u00e9voqu\u00e9e comme telle par la famille.\u00a0\u00c0 un moment du film, l&rsquo;historienne Joan Schenkar d\u00e9clare\u00a0lors d\u2019une conversation avec Sylvie : \u00ab\u00a0Rien n&rsquo;est r\u00e9el tant qu&rsquo;il n&rsquo;est pas exprim\u00e9 socialement\u00a0\u00bb. De fait, ce documentaire profond et \u00e9mouvant rend pleinement justice \u00e0 une grande histoire d\u2019amour en rappelant l\u2019importance d\u2019entretenir une m\u00e9moire individuelle et collective.<\/p>\n","protected":false},"excerpt":{"rendered":"<p>Au c\u0153ur du camp de concentration de Ravensbru\u0308ck, la veille de Noe\u0308l 1944, Nelly rencontre Nadine. Pre\u0300s de soixante-dix ans plus tard, la petite fille de Nelly, Sylvie, de\u0301cide d\u2019ouvrir les archives personnelles de Nelly et Nadine, afin de de\u0301couvrir leur improbable histoire d\u2019amour. Avec Nelly &amp; Nadine, Teddy du Jury \u00e0 la Berlinale, le [&hellip;]<\/p>\n","protected":false},"featured_media":3943,"template":"","meta":[],"film-type":[13],"film-tag":[75],"class_list":["post-3928","film","type-film","status-publish","has-post-thumbnail","hentry","film-type-competition-documentaires","film-tag-75"],"_links":{"self":[{"href":"https:\/\/cheries-cheris.com\/festival\/wp-json\/wp\/v2\/film\/3928","targetHints":{"allow":["GET"]}}],"collection":[{"href":"https:\/\/cheries-cheris.com\/festival\/wp-json\/wp\/v2\/film"}],"about":[{"href":"https:\/\/cheries-cheris.com\/festival\/wp-json\/wp\/v2\/types\/film"}],"wp:featuredmedia":[{"embeddable":true,"href":"https:\/\/cheries-cheris.com\/festival\/wp-json\/wp\/v2\/media\/3943"}],"wp:attachment":[{"href":"https:\/\/cheries-cheris.com\/festival\/wp-json\/wp\/v2\/media?parent=3928"}],"wp:term":[{"taxonomy":"film-type","embeddable":true,"href":"https:\/\/cheries-cheris.com\/festival\/wp-json\/wp\/v2\/film-type?post=3928"},{"taxonomy":"film-tag","embeddable":true,"href":"https:\/\/cheries-cheris.com\/festival\/wp-json\/wp\/v2\/film-tag?post=3928"}],"curies":[{"name":"wp","href":"https:\/\/api.w.org\/{rel}","templated":true}]}}