{"id":3916,"date":"2022-11-01T20:42:20","date_gmt":"2022-11-01T19:42:20","guid":{"rendered":"https:\/\/cheries-cheris.com\/festival\/?post_type=film&#038;p=3916"},"modified":"2022-11-02T15:25:43","modified_gmt":"2022-11-02T14:25:43","slug":"oublier-cheyenne","status":"publish","type":"film","link":"https:\/\/cheries-cheris.com\/festival\/films\/oublier-cheyenne\/","title":{"rendered":"Oublier Cheyenne"},"content":{"rendered":"<p>Cheyenne, jeune journaliste en fin de droits, d\u00e9cide de quitter Paris pour mener une vie marginale \u00e0 la campagne. Elle laisse derri\u00e8re elle la femme qu&rsquo;elle aime, Sonia, prof de physique-chimie dans un lyc\u00e9e parisien, qui fait tout ce qu&rsquo;elle peut pour l&rsquo;oublier&#8230; Mais ce n&rsquo;est pas facile. Comment concilier ce qu&rsquo;on veut et ce qu&rsquo;on peut ? Ce qu&rsquo;on pense et ce qu&rsquo;on fait ? Celle qu&rsquo;on aime et ce qu&rsquo;on refuse ?<\/p>\n<p>Avec <em>Oublier Cheyenne<\/em>, son premier film, Val\u00e9rie Minetto livre une fable contemporaine, \u00e0 la fois sociale, politique et romantique, sur la nouvelle pr\u00e9carit\u00e9, le besoin de changer les choses et la puissance de l&rsquo;amour. \u00c9vitant tous les clich\u00e9s du genre, elle propose une r\u00e9flexion originale sur le couple et les tensions politiques et sociales qui peuvent le mettre en p\u00e9ril\u00a0: \u00ab\u00a0<em>La difficult\u00e9 pour Cheyenne et Sonia \u00e0 vivre leur histoire d\u2019amour n\u2019est pas li\u00e9e \u00e0 l\u2019homosexualit\u00e9. C\u2019est pourquoi tout le monde peut partager ce qui leur arrive<\/em>, explique la r\u00e9alisatrice.<em>\u00a0<\/em><em>Par ailleurs, je suis heureuse de pouvoir montrer l\u2019homosexualit\u00e9 comme quelque chose de simple, sans culpabilit\u00e9 ni revendication particuli\u00e8re<\/em>\u00a0\u00bb.<\/p>\n<p><strong>S\u00e9ance <\/strong><strong>suivie d\u2019un<\/strong><strong>e rencontre <\/strong><strong>avec Anne <\/strong><strong>Delabre<\/strong><strong>, journaliste, autrice et programmatrice du cin\u00e9-club Le 7e genre, la r\u00e9alisatrice Val\u00e9rie <\/strong><strong>Minetto<\/strong><strong> et la sc\u00e9nariste C\u00e9cile <\/strong><strong>Vargaftig<\/strong><strong>. <\/strong><\/p>\n","protected":false},"excerpt":{"rendered":"<p>Cheyenne, jeune journaliste en fin de droits, d\u00e9cide de quitter Paris pour mener une vie marginale \u00e0 la campagne. Elle laisse derri\u00e8re elle la femme qu&rsquo;elle aime, Sonia, prof de physique-chimie dans un lyc\u00e9e parisien, qui fait tout ce qu&rsquo;elle peut pour l&rsquo;oublier&#8230; Mais ce n&rsquo;est pas facile. Comment concilier ce qu&rsquo;on veut et ce [&hellip;]<\/p>\n","protected":false},"featured_media":3917,"template":"","meta":[],"film-type":[35,22],"film-tag":[75],"class_list":["post-3916","film","type-film","status-publish","has-post-thumbnail","hentry","film-type-patrimoine","film-type-seances-speciales","film-tag-75"],"_links":{"self":[{"href":"https:\/\/cheries-cheris.com\/festival\/wp-json\/wp\/v2\/film\/3916","targetHints":{"allow":["GET"]}}],"collection":[{"href":"https:\/\/cheries-cheris.com\/festival\/wp-json\/wp\/v2\/film"}],"about":[{"href":"https:\/\/cheries-cheris.com\/festival\/wp-json\/wp\/v2\/types\/film"}],"wp:featuredmedia":[{"embeddable":true,"href":"https:\/\/cheries-cheris.com\/festival\/wp-json\/wp\/v2\/media\/3917"}],"wp:attachment":[{"href":"https:\/\/cheries-cheris.com\/festival\/wp-json\/wp\/v2\/media?parent=3916"}],"wp:term":[{"taxonomy":"film-type","embeddable":true,"href":"https:\/\/cheries-cheris.com\/festival\/wp-json\/wp\/v2\/film-type?post=3916"},{"taxonomy":"film-tag","embeddable":true,"href":"https:\/\/cheries-cheris.com\/festival\/wp-json\/wp\/v2\/film-tag?post=3916"}],"curies":[{"name":"wp","href":"https:\/\/api.w.org\/{rel}","templated":true}]}}