{"id":3834,"date":"2022-10-28T20:17:40","date_gmt":"2022-10-28T18:17:40","guid":{"rendered":"https:\/\/cheries-cheris.com\/festival\/?post_type=film&#038;p=3834"},"modified":"2022-11-04T15:25:10","modified_gmt":"2022-11-04T14:25:10","slug":"competition-courts-metrages-lesbiens-1-2022","status":"publish","type":"film","link":"https:\/\/cheries-cheris.com\/festival\/films\/competition-courts-metrages-lesbiens-1-2022\/","title":{"rendered":"COMP\u00c9TITION COURTS M\u00c9TRAGES LESBIENS 1 2022"},"content":{"rendered":"<style type=\"text\/css\">@media only screen and (min-width: 1000px) and (max-width: 5000px){body.kc-css-system .kc-css-818837{width: 9.97%;}body.kc-css-system .kc-css-203705{width: 29.53%;}body.kc-css-system .kc-css-192501{width: 50.26%;}body.kc-css-system .kc-css-410291{width: 10.22%;}body.kc-css-system .kc-css-339528{width: 10.08%;}body.kc-css-system .kc-css-264316{width: 29.42%;}body.kc-css-system .kc-css-35893{width: 50.04%;}body.kc-css-system .kc-css-611958{width: 10.44%;}body.kc-css-system .kc-css-626870{width: 9.97%;}body.kc-css-system .kc-css-201948{width: 29.53%;}body.kc-css-system .kc-css-975121{width: 50.26%;}body.kc-css-system .kc-css-628213{width: 10.22%;}body.kc-css-system .kc-css-775008{width: 9.97%;}body.kc-css-system .kc-css-727706{width: 29.53%;}body.kc-css-system .kc-css-46185{width: 50.26%;}body.kc-css-system .kc-css-283546{width: 10.22%;}body.kc-css-system .kc-css-754625{width: 9.97%;}body.kc-css-system .kc-css-400501{width: 29.53%;}body.kc-css-system .kc-css-374954{width: 50.26%;}body.kc-css-system .kc-css-403011{width: 10.22%;}}body.kc-css-system .kc-css-99793{margin-top: 20px;}body.kc-css-system .kc-css-750808{margin-top: 20px;}body.kc-css-system .kc-css-18955{margin-top: 20px;}body.kc-css-system .kc-css-71708{margin-top: 20px;}body.kc-css-system .kc-css-372875{margin-top: 20px;}<\/style>\n<section class=\"kc-elm kc-css-3389 kc_row\">\n<div class=\"kc-row-container  kc-container\">\n<div class=\"kc-wrap-columns\">\n<div class=\"kc-elm kc-css-560233 kc_column kc_col-sm-12\">\n<div class=\"kc-col-container\">\n<div class=\"kc-elm kc-css-800636\" style=\"height: 40px; clear: both; width:100%;\"><\/div>\n<\/div>\n<\/div>\n<\/div>\n<\/div>\n<\/section>\n<section class=\"kc-elm kc-css-99793 kc_row\">\n<div class=\"kc-row-container  kc-container\">\n<div class=\"kc-wrap-columns\">\n<div class=\"kc-elm kc-css-818837 kc_col-sm-1 kc_column kc_col-sm-1\">\n<div class=\"kc-col-container\"><\/div>\n<\/div>\n<div class=\"kc-elm kc-css-203705 kc_col-sm-4 kc_column kc_col-sm-4\">\n<div class=\"kc-col-container\">\n<div class=\"kc-elm kc-css-174139 kc_shortcode kc_single_image\">\n<p>        <img decoding=\"async\" src=\"https:\/\/cheries-cheris.com\/festival\/wp-content\/uploads\/2022\/10\/des-jeunes-filles.jpeg\" class=\"\" alt=\"image extraite du court-m\u00e9trage Des jeunes filles enterrent leur vie\" \/>    <\/div>\n<\/div>\n<\/div>\n<div class=\"kc-elm kc-css-192501 kc_col-sm-6 kc_column kc_col-sm-6\">\n<div class=\"kc-col-container\">\n<div class=\"kc-elm kc-css-752733 kc_text_block\">\n<h2>DES JEUNES FILLES ENTERRENT LEUR VIE<\/h2>\n<h5>Ma\u00eft\u00e9 Sonnet<\/h5>\n<p>Axelle vit le pire jour de sa vie : alors qu\u2019elle se remet mal d\u2019une rupture amoureuse, elle doit se rendre \u00e0 l\u2019Enterrement de Vie de Jeune Fille de sa s\u0153ur, dans une station thermale fantomatique en pleine montagne. Heureusement, parmi les invit\u00e9es, il y a Marguerite. Au d\u00e9tour d\u2019un regard, l\u2019amour revient.<\/p>\n<p><strong>Fiction. France. 2022. 33\u2019<\/strong><\/p>\n<\/div>\n<\/div>\n<\/div>\n<div class=\"kc-elm kc-css-410291 kc_col-sm-1 kc_column kc_col-sm-1\">\n<div class=\"kc-col-container\"><\/div>\n<\/div>\n<\/div>\n<\/div>\n<\/section>\n<section class=\"kc-elm kc-css-750808 kc_row\">\n<div class=\"kc-row-container  kc-container\">\n<div class=\"kc-wrap-columns\">\n<div class=\"kc-elm kc-css-339528 kc_col-sm-1 kc_column kc_col-sm-1\">\n<div class=\"kc-col-container\"><\/div>\n<\/div>\n<div class=\"kc-elm kc-css-264316 kc_col-sm-3 kc_column kc_col-sm-3\">\n<div class=\"kc-col-container\">\n<div class=\"kc-elm kc-css-977336 kc_shortcode kc_single_image\">\n<p>        <img decoding=\"async\" src=\"https:\/\/cheries-cheris.com\/festival\/wp-content\/uploads\/2022\/10\/swan-dans-le-centre.jpg\" class=\"\" alt=\"image extraite du court-m\u00e9trage swan dans le centre\" \/>    <\/div>\n<\/div>\n<\/div>\n<div class=\"kc-elm kc-css-35893 kc_col-sm-6 kc_column kc_col-sm-6\">\n<div class=\"kc-col-container\">\n<div class=\"kc-elm kc-css-272736 kc_text_block\">\n<h2>SWAN DANS LE CENTRE<\/h2>\n<h5>Iris Chassaigne<\/h5>\n<p>Dans un centre commercial d\u00e9peupl\u00e9, Swan, consultante junior, vient mener une \u00e9tude en vue d&#039;un prochain r\u00e9am\u00e9nagement. Alors qu&#039;elle traverse les galeries \u00e0 l&#039;aff\u00fbt des rares clients et commer\u00e7ants \u00e0 interroger, l&#039;ennui et la solitude se m\u00ealent au d\u00e9sir\u2026<\/p>\n<p><strong>Fiction. France. 2022. 25\u2019<\/strong><\/p>\n<\/div>\n<\/div>\n<\/div>\n<div class=\"kc-elm kc-css-611958 kc_col-sm-1 kc_column kc_col-sm-1\">\n<div class=\"kc-col-container\"><\/div>\n<\/div>\n<\/div>\n<\/div>\n<\/section>\n<section class=\"kc-elm kc-css-18955 kc_row\">\n<div class=\"kc-row-container  kc-container\">\n<div class=\"kc-wrap-columns\">\n<div class=\"kc-elm kc-css-626870 kc_col-sm-1 kc_column kc_col-sm-1\">\n<div class=\"kc-col-container\"><\/div>\n<\/div>\n<div class=\"kc-elm kc-css-201948 kc_col-sm-4 kc_column kc_col-sm-4\">\n<div class=\"kc-col-container\">\n<div class=\"kc-elm kc-css-33534 kc_shortcode kc_single_image\">\n<p>        <img decoding=\"async\" src=\"https:\/\/cheries-cheris.com\/festival\/wp-content\/uploads\/2022\/10\/st-jude.jpg\" class=\"\" alt=\"image extraite du court-m\u00e9trage St. Jude\" \/>    <\/div>\n<\/div>\n<\/div>\n<div class=\"kc-elm kc-css-975121 kc_col-sm-6 kc_column kc_col-sm-6\">\n<div class=\"kc-col-container\">\n<div class=\"kc-elm kc-css-564448 kc_text_block\">\n<h2>ST. JUDE<\/h2>\n<h5>Pauline Quinonero<\/h5>\n<p>Dans un quartier d\u00e9sertique, surplomb\u00e9 par une myst\u00e9rieuse pr\u00e9sence, Elisabeth traverse la nuit noire de ses souvenirs pour retrouver Florence, celle qu\u2019elle aime et qui a disparu. De l&#039;autre c\u00f4t\u00e9 du talkie-walkie, une voix inconnue s&#039;\u00e9l\u00e8ve et va l&#039;accompagner dans sa qu\u00eate.<\/p>\n<p><strong>Fiction. France. 2022. 16\u2019<\/strong><\/p>\n<\/div>\n<\/div>\n<\/div>\n<div class=\"kc-elm kc-css-628213 kc_col-sm-1 kc_column kc_col-sm-1\">\n<div class=\"kc-col-container\"><\/div>\n<\/div>\n<\/div>\n<\/div>\n<\/section>\n<section class=\"kc-elm kc-css-71708 kc_row\">\n<div class=\"kc-row-container  kc-container\">\n<div class=\"kc-wrap-columns\">\n<div class=\"kc-elm kc-css-775008 kc_col-sm-1 kc_column kc_col-sm-1\">\n<div class=\"kc-col-container\"><\/div>\n<\/div>\n<div class=\"kc-elm kc-css-727706 kc_col-sm-4 kc_column kc_col-sm-4\">\n<div class=\"kc-col-container\">\n<div class=\"kc-elm kc-css-990225 kc_shortcode kc_single_image\">\n<p>        <img decoding=\"async\" src=\"https:\/\/cheries-cheris.com\/festival\/wp-content\/uploads\/2022\/10\/l-attente.jpeg\" class=\"\" alt=\"image extraite du court-m\u00e9trage l&#039;attente\" \/>    <\/div>\n<\/div>\n<\/div>\n<div class=\"kc-elm kc-css-46185 kc_col-sm-6 kc_column kc_col-sm-6\">\n<div class=\"kc-col-container\">\n<div class=\"kc-elm kc-css-920020 kc_text_block\">\n<h2>L\u2019ATTENTE<\/h2>\n<h5>Alice Douard<\/h5>\n<p>C\u00e9line, \u00e0 la maternit\u00e9, attend l\u2019arriv\u00e9e de son premier enfant. C\u2019est Jeanne, sa compagne, qui va le mettre au monde. La nuit, dans le hall de l\u2019h\u00f4pital, elle fait la connaissance d\u2019hommes qui, comme elle, attendent.<\/p>\n<p><strong>Fiction. France. 2022. 30\u2019<\/strong><\/p>\n<\/div>\n<\/div>\n<\/div>\n<div class=\"kc-elm kc-css-283546 kc_col-sm-1 kc_column kc_col-sm-1\">\n<div class=\"kc-col-container\"><\/div>\n<\/div>\n<\/div>\n<\/div>\n<\/section>\n<section class=\"kc-elm kc-css-372875 kc_row\">\n<div class=\"kc-row-container  kc-container\">\n<div class=\"kc-wrap-columns\">\n<div class=\"kc-elm kc-css-754625 kc_col-sm-1 kc_column kc_col-sm-1\">\n<div class=\"kc-col-container\"><\/div>\n<\/div>\n<div class=\"kc-elm kc-css-400501 kc_col-sm-4 kc_column kc_col-sm-4\">\n<div class=\"kc-col-container\"><\/div>\n<\/div>\n<div class=\"kc-elm kc-css-374954 kc_col-sm-6 kc_column kc_col-sm-6\">\n<div class=\"kc-col-container\">\n<div class=\"kc-elm kc-css-910602 kc_text_block\">\n<p><strong>S\u00e9ance du 26 nov. en pr\u00e9sence des \u00e9quipes des films<\/strong><\/p>\n<\/div>\n<\/div>\n<\/div>\n<div class=\"kc-elm kc-css-403011 kc_col-sm-1 kc_column kc_col-sm-1\">\n<div class=\"kc-col-container\"><\/div>\n<\/div>\n<\/div>\n<\/div>\n<\/section>\n","protected":false},"excerpt":{"rendered":"<p>DES JEUNES FILLES ENTERRENT LEUR VIE Ma\u00eft\u00e9 Sonnet Axelle vit le pire jour de sa vie : alors qu\u2019elle se remet mal d\u2019une rupture amoureuse, elle doit se rendre \u00e0 l\u2019Enterrement de Vie de Jeune Fille de sa s\u0153ur, dans une station thermale fantomatique en pleine montagne. Heureusement, parmi les invit\u00e9es, il y a Marguerite. [&hellip;]<\/p>\n","protected":false},"featured_media":0,"template":"","meta":[],"film-type":[74],"film-tag":[75],"class_list":["post-3834","film","type-film","status-publish","hentry","film-type-competition-courts-metrages-2022","film-tag-75"],"_links":{"self":[{"href":"https:\/\/cheries-cheris.com\/festival\/wp-json\/wp\/v2\/film\/3834","targetHints":{"allow":["GET"]}}],"collection":[{"href":"https:\/\/cheries-cheris.com\/festival\/wp-json\/wp\/v2\/film"}],"about":[{"href":"https:\/\/cheries-cheris.com\/festival\/wp-json\/wp\/v2\/types\/film"}],"wp:attachment":[{"href":"https:\/\/cheries-cheris.com\/festival\/wp-json\/wp\/v2\/media?parent=3834"}],"wp:term":[{"taxonomy":"film-type","embeddable":true,"href":"https:\/\/cheries-cheris.com\/festival\/wp-json\/wp\/v2\/film-type?post=3834"},{"taxonomy":"film-tag","embeddable":true,"href":"https:\/\/cheries-cheris.com\/festival\/wp-json\/wp\/v2\/film-tag?post=3834"}],"curies":[{"name":"wp","href":"https:\/\/api.w.org\/{rel}","templated":true}]}}