{"id":3172,"date":"2021-11-04T14:36:53","date_gmt":"2021-11-04T13:36:53","guid":{"rendered":"https:\/\/cheries-cheris.com\/festival\/films\/down-in-paris\/"},"modified":"2021-11-10T17:14:49","modified_gmt":"2021-11-10T16:14:49","slug":"down-in-paris","status":"publish","type":"film","link":"https:\/\/cheries-cheris.com\/festival\/films\/down-in-paris\/","title":{"rendered":"DOWN IN PARIS"},"content":{"rendered":"<p>Richard, cin\u00e9aste d\u2019une quarantaine d\u2019ann\u00e9es gagn\u00e9 par une crise d\u2019angoisse inexpliqu\u00e9e, l\u00e2che son tournage en cours et se livre \u00e0 une d\u00e9ambulation<br \/>\ndans un Paris nocturne, \u00e0 la recherche de r\u00e9ponses, de r\u00e9confort et d\u2019inspiration. Au cours de cette nuit blanche, au hasard des rencontres, parfois chaleureuses, parfois inqui\u00e9tantes, croisant figures \u00e9trang\u00e8res, corps inconnus ou visages familiers, Richard va affronter ses peurs et questionner ses d\u00e9sirs profonds\u2026 jusqu\u2019au petit matin.<\/p>\n<p>Grand habitu\u00e9 de Ch\u00e9ries-Ch\u00e9ris, Antony Hickling revient avec un film tr\u00e8s personnel, \u00e0 la fois autoportrait d\u2019une grande sinc\u00e9rit\u00e9 et r\u00e9flexion passionnante sur le statut d\u2019artiste. Le cin\u00e9aste d\u00e9ploie avec finesse des questionnements intimes sur sa carri\u00e8re, l\u2019amour, la foi et l\u2019impulsion de cr\u00e9er. \u00c0 l\u2019image du Cl\u00e9o de 5 \u00e0 7 d\u2019Agn\u00e8s Varda, cette errance dans Paris donne l\u2019impression d\u2019avoir \u00e9t\u00e9 film\u00e9e en temps r\u00e9el et proc\u00e8de, au fil des personnages crois\u00e9s, \u00e0 une tomb\u00e9e \u00e9mouvante du \u00ab masque \u00bb, \u00e0 un cheminement allant de la noirceur vers la lumi\u00e8re. Une \u0153uvre profond\u00e9ment cathartique, impeccablement interpr\u00e9t\u00e9e, et sublim\u00e9e par une mise en sc\u00e8ne flirtant avec l\u2019onirisme.<\/p>\n<div class=\"page\" title=\"Page 8\">\n<div class=\"section\">\n<div class=\"layoutArea\">\n<div class=\"column\">\n<p><em>Se\u0301ances en pre\u0301sence de l\u2019e\u0301quipe du film.<\/em><\/p>\n<\/div>\n<\/div>\n<\/div>\n<\/div>\n","protected":false},"excerpt":{"rendered":"<p>Richard, cin\u00e9aste d\u2019une quarantaine d\u2019ann\u00e9es gagn\u00e9 par une crise d\u2019angoisse inexpliqu\u00e9e, l\u00e2che son tournage en cours et se livre \u00e0 une d\u00e9ambulation dans un Paris nocturne, \u00e0 la recherche de r\u00e9ponses, de r\u00e9confort et d\u2019inspiration. Au cours de cette nuit blanche, au hasard des rencontres, parfois chaleureuses, parfois inqui\u00e9tantes, croisant figures \u00e9trang\u00e8res, corps inconnus ou [&hellip;]<\/p>\n","protected":false},"featured_media":3035,"template":"","meta":[],"film-type":[12],"film-tag":[72],"class_list":["post-3172","film","type-film","status-publish","has-post-thumbnail","hentry","film-type-competition-longs-metrages","film-tag-72"],"_links":{"self":[{"href":"https:\/\/cheries-cheris.com\/festival\/wp-json\/wp\/v2\/film\/3172","targetHints":{"allow":["GET"]}}],"collection":[{"href":"https:\/\/cheries-cheris.com\/festival\/wp-json\/wp\/v2\/film"}],"about":[{"href":"https:\/\/cheries-cheris.com\/festival\/wp-json\/wp\/v2\/types\/film"}],"wp:featuredmedia":[{"embeddable":true,"href":"https:\/\/cheries-cheris.com\/festival\/wp-json\/wp\/v2\/media\/3035"}],"wp:attachment":[{"href":"https:\/\/cheries-cheris.com\/festival\/wp-json\/wp\/v2\/media?parent=3172"}],"wp:term":[{"taxonomy":"film-type","embeddable":true,"href":"https:\/\/cheries-cheris.com\/festival\/wp-json\/wp\/v2\/film-type?post=3172"},{"taxonomy":"film-tag","embeddable":true,"href":"https:\/\/cheries-cheris.com\/festival\/wp-json\/wp\/v2\/film-tag?post=3172"}],"curies":[{"name":"wp","href":"https:\/\/api.w.org\/{rel}","templated":true}]}}