{"id":1626,"date":"2019-10-15T09:23:17","date_gmt":"2019-10-15T07:23:17","guid":{"rendered":"http:\/\/cheries-cheris.com\/festival\/?post_type=film&#038;p=1626"},"modified":"2019-10-17T16:53:59","modified_gmt":"2019-10-17T14:53:59","slug":"knives-and-skin","status":"publish","type":"film","link":"https:\/\/cheries-cheris.com\/festival\/films\/knives-and-skin\/","title":{"rendered":"KNIVES AND SKIN"},"content":{"rendered":"<p>Suite \u00e0 un rendez-vous nocturne, Carolyn Harper ne r\u00e9appara\u00eet pas chez elle, dans sa petite ville bien trop tranquille de l\u2019Illinois. Sa m\u00e8re, qui dirige la chorale du lyc\u00e9e, est d\u00e9vast\u00e9e. Mais ses appels \u00e0 l\u2019aide ne sont gu\u00e8re entendus que par un sh\u00e9rif qui peine \u00e0 d\u00e9marrer l\u2019enqu\u00eate : son entourage semble comme indiff\u00e9rent \u00e0 l\u2019absence de cette jeune fille qu\u2019on connaissait mal. En r\u00e9alit\u00e9 pourtant, c\u2019est une onde de choc que provoque cette disparition, qui renvoie chacun \u00e0 ses propres angoisses, et qui va faire na\u00eetre de nouveaux rapports au sein de la communaut\u00e9\u2026<!--more--><\/p>\n<p><strong>Pour son deuxi\u00e8me long m\u00e9trage, la cin\u00e9aste am\u00e9ricaine Jennifer Reeder livre un beau r\u00e9cit initiatique choral sur l\u2019adolescence au f\u00e9minin, avec un univers d\u2019une grande richesse esth\u00e9tique et th\u00e9matique, un traitement fun et ludique et une dimension queer\/camp jubilatoire. Pr\u00e9sent\u00e9e au Festival de Berlin, cette fable f\u00e9ministe \u00e0 l\u2019humour extravagant et \u00e0 la mise en sc\u00e8ne ambitieuse \u00e9voque, de par son atmosph\u00e8re surr\u00e9aliste et v\u00e9n\u00e9neuse, les \u0153uvres de Gregg Araki et David Lynch (p\u00e9riode <em>Twin Peaks<\/em>). <\/strong><\/p>\n","protected":false},"excerpt":{"rendered":"<p>Suite \u00e0 un rendez-vous nocturne, Carolyn Harper ne r\u00e9appara\u00eet pas chez elle, dans sa petite ville bien trop tranquille de l\u2019Illinois. Sa m\u00e8re, qui dirige la chorale du lyc\u00e9e, est d\u00e9vast\u00e9e. Mais ses appels \u00e0 l\u2019aide ne sont gu\u00e8re entendus que par un sh\u00e9rif qui peine \u00e0 d\u00e9marrer l\u2019enqu\u00eate : son entourage semble comme indiff\u00e9rent [&hellip;]<\/p>\n","protected":false},"featured_media":1434,"template":"","meta":[],"film-type":[22],"film-tag":[],"class_list":["post-1626","film","type-film","status-publish","has-post-thumbnail","hentry","film-type-seances-speciales"],"_links":{"self":[{"href":"https:\/\/cheries-cheris.com\/festival\/wp-json\/wp\/v2\/film\/1626","targetHints":{"allow":["GET"]}}],"collection":[{"href":"https:\/\/cheries-cheris.com\/festival\/wp-json\/wp\/v2\/film"}],"about":[{"href":"https:\/\/cheries-cheris.com\/festival\/wp-json\/wp\/v2\/types\/film"}],"wp:featuredmedia":[{"embeddable":true,"href":"https:\/\/cheries-cheris.com\/festival\/wp-json\/wp\/v2\/media\/1434"}],"wp:attachment":[{"href":"https:\/\/cheries-cheris.com\/festival\/wp-json\/wp\/v2\/media?parent=1626"}],"wp:term":[{"taxonomy":"film-type","embeddable":true,"href":"https:\/\/cheries-cheris.com\/festival\/wp-json\/wp\/v2\/film-type?post=1626"},{"taxonomy":"film-tag","embeddable":true,"href":"https:\/\/cheries-cheris.com\/festival\/wp-json\/wp\/v2\/film-tag?post=1626"}],"curies":[{"name":"wp","href":"https:\/\/api.w.org\/{rel}","templated":true}]}}