{"id":1579,"date":"2019-10-14T19:00:20","date_gmt":"2019-10-14T17:00:20","guid":{"rendered":"http:\/\/cheries-cheris.com\/festival\/?post_type=film&#038;p=1579"},"modified":"2019-10-14T19:00:20","modified_gmt":"2019-10-14T17:00:20","slug":"el-principe","status":"publish","type":"film","link":"https:\/\/cheries-cheris.com\/festival\/films\/el-principe\/","title":{"rendered":"EL PR\u00cdNCIPE"},"content":{"rendered":"<p>Chili, 1970. Si le pays est en pleine \u00e9bullition sociale, Jaime est \u00e9touff\u00e9 par le conservatisme moral. Condamn\u00e9 \u00e0 la prison apr\u00e8s avoir assassin\u00e9 son amant, Jaime y rencontre \u00ab\u00a0El Potro\u00a0\u00bb, un homme respect\u00e9 et redout\u00e9 \u00e0 qui il r\u00e9v\u00e8le son besoin profond d&rsquo;affection et son d\u00e9sir ardent de pouvoir et de reconnaissance. Paradoxalement, l\u2019enfermement et l\u2019homo\u00e9rotisme ambiant vont lui permettre de se r\u00e9v\u00e9ler \u00e0 lui-m\u00eame malgr\u00e9 la violence \u00e9touffante.<\/p>\n<p><!--more--><br \/>\n<strong>Adapt\u00e9 d\u2019un roman chilien du m\u00eame nom, ce film \u00e9tonnant et provocateur m\u00e9lange crudit\u00e9 sexuelle, \u00e2pret\u00e9 des situations et romantisme exalt\u00e9, comme si \u00ab\u00a0Querelle de Brest\u00a0\u00bb avait \u00e9t\u00e9 transf\u00e9r\u00e9 dans une prison au Chili lors de l\u2019av\u00e8nement de Pinochet\u00a0! Dans cet univers carc\u00e9ral \u00e0 l\u2019homo\u00e9rotisme exacerb\u00e9, les relations entre les prisonniers sont constamment charg\u00e9es d\u2019affects, de d\u00e9sirs, de haines, de rapports de domination, de pulsions sexuelles et meurtri\u00e8res.\u00a0Mais le plus beau dans cette \u0153uvre choc r\u00e9compens\u00e9e du Queer Lion \u00e0 Venise 2019, est l\u2019histoire d\u2019amour troublante qui s\u2019\u00e9panouit entre un homme m\u00fbr protecteur et un jeune homme paum\u00e9 en besoin d\u2019amour. Dans le r\u00f4le de l\u2019intimidant mais sensible \u00ab\u00a0El Potro\u00a0\u00bb, Alfredo Castro (l\u2019acteur f\u00e9tiche de Pablo Larra\u00edn) livre une composition magistrale\u00a0!<\/strong><\/p>\n","protected":false},"excerpt":{"rendered":"<p>Chili, 1970. Si le pays est en pleine \u00e9bullition sociale, Jaime est \u00e9touff\u00e9 par le conservatisme moral. Condamn\u00e9 \u00e0 la prison apr\u00e8s avoir assassin\u00e9 son amant, Jaime y rencontre \u00ab\u00a0El Potro\u00a0\u00bb, un homme respect\u00e9 et redout\u00e9 \u00e0 qui il r\u00e9v\u00e8le son besoin profond d&rsquo;affection et son d\u00e9sir ardent de pouvoir et de reconnaissance. Paradoxalement, l\u2019enfermement [&hellip;]<\/p>\n","protected":false},"featured_media":1478,"template":"","meta":[],"film-type":[12],"film-tag":[],"class_list":["post-1579","film","type-film","status-publish","has-post-thumbnail","hentry","film-type-competition-longs-metrages"],"_links":{"self":[{"href":"https:\/\/cheries-cheris.com\/festival\/wp-json\/wp\/v2\/film\/1579","targetHints":{"allow":["GET"]}}],"collection":[{"href":"https:\/\/cheries-cheris.com\/festival\/wp-json\/wp\/v2\/film"}],"about":[{"href":"https:\/\/cheries-cheris.com\/festival\/wp-json\/wp\/v2\/types\/film"}],"wp:featuredmedia":[{"embeddable":true,"href":"https:\/\/cheries-cheris.com\/festival\/wp-json\/wp\/v2\/media\/1478"}],"wp:attachment":[{"href":"https:\/\/cheries-cheris.com\/festival\/wp-json\/wp\/v2\/media?parent=1579"}],"wp:term":[{"taxonomy":"film-type","embeddable":true,"href":"https:\/\/cheries-cheris.com\/festival\/wp-json\/wp\/v2\/film-type?post=1579"},{"taxonomy":"film-tag","embeddable":true,"href":"https:\/\/cheries-cheris.com\/festival\/wp-json\/wp\/v2\/film-tag?post=1579"}],"curies":[{"name":"wp","href":"https:\/\/api.w.org\/{rel}","templated":true}]}}