{"id":1572,"date":"2019-10-14T16:56:38","date_gmt":"2019-10-14T14:56:38","guid":{"rendered":"http:\/\/cheries-cheris.com\/festival\/?post_type=film&#038;p=1572"},"modified":"2019-11-04T10:18:11","modified_gmt":"2019-11-04T09:18:11","slug":"seance-speciale-carte-blanche-arte","status":"publish","type":"film","link":"https:\/\/cheries-cheris.com\/festival\/films\/seance-speciale-carte-blanche-arte\/","title":{"rendered":"S\u00c9ANCE SP\u00c9CIALE CARTE BLANCHE ARTE"},"content":{"rendered":"<style type=\"text\/css\">@media only screen and (min-width: 1000px) and (max-width: 5000px){body.kc-css-system .kc-css-652713{width: 12.41%;}body.kc-css-system .kc-css-621783{width: 75.94%;}body.kc-css-system .kc-css-471247{width: 11.61%;}body.kc-css-system .kc-css-950294{width: 12.5%;}body.kc-css-system .kc-css-414624{width: 25%;}body.kc-css-system .kc-css-806707{width: 50%;}body.kc-css-system .kc-css-476179{width: 12.5%;}body.kc-css-system .kc-css-649070{width: 12.41%;}body.kc-css-system .kc-css-790845{width: 75.94%;}body.kc-css-system .kc-css-569694{width: 11.61%;}body.kc-css-system .kc-css-79387{width: 12.26%;}body.kc-css-system .kc-css-49910{width: 75.94%;}body.kc-css-system .kc-css-70255{width: 11.76%;}body.kc-css-system .kc-css-972413{width: 12.41%;}body.kc-css-system .kc-css-134084{width: 75.94%;}body.kc-css-system .kc-css-615979{width: 11.61%;}body.kc-css-system .kc-css-775317{width: 12.5%;}body.kc-css-system .kc-css-83153{width: 25%;}body.kc-css-system .kc-css-856291{width: 50%;}body.kc-css-system .kc-css-115759{width: 12.5%;}body.kc-css-system .kc-css-912738{width: 12.41%;}body.kc-css-system .kc-css-450692{width: 75.94%;}body.kc-css-system .kc-css-246973{width: 11.61%;}body.kc-css-system .kc-css-225782{width: 12.41%;}body.kc-css-system .kc-css-584363{width: 75.94%;}body.kc-css-system .kc-css-171775{width: 11.61%;}body.kc-css-system .kc-css-861553{width: 12.41%;}body.kc-css-system .kc-css-825164{width: 75.94%;}body.kc-css-system .kc-css-32563{width: 11.61%;}body.kc-css-system .kc-css-742022{width: 12.5%;}body.kc-css-system .kc-css-631219{width: 25%;}body.kc-css-system .kc-css-252781{width: 50%;}body.kc-css-system .kc-css-593427{width: 12.5%;}body.kc-css-system .kc-css-334554{width: 12.41%;}body.kc-css-system .kc-css-188813{width: 75.94%;}body.kc-css-system .kc-css-758490{width: 11.61%;}body.kc-css-system .kc-css-835922{width: 12.41%;}body.kc-css-system .kc-css-574360{width: 75.94%;}body.kc-css-system .kc-css-856133{width: 11.61%;}body.kc-css-system .kc-css-610976{width: 12.41%;}body.kc-css-system .kc-css-37574{width: 75.94%;}body.kc-css-system .kc-css-583264{width: 11.61%;}body.kc-css-system .kc-css-274969{width: 12.5%;}body.kc-css-system .kc-css-264327{width: 25%;}body.kc-css-system .kc-css-385316{width: 50%;}body.kc-css-system .kc-css-102779{width: 12.5%;}body.kc-css-system .kc-css-268120{width: 12.5%;}body.kc-css-system .kc-css-711156{width: 25%;}body.kc-css-system .kc-css-224524{width: 50%;}body.kc-css-system .kc-css-190529{width: 12.5%;}}body.kc-css-system .kc-css-380254{margin-top: 20px;margin-bottom: 10px;}body.kc-css-system .kc-css-781185 ,body.kc-css-system .kc-css-781185 p{color: #450000;}body.kc-css-system .kc-css-781185{background: #ffebfa;padding-right: 20px;padding-left: 20px;}body.kc-css-system .kc-css-781185 p{margin-top: 30px;margin-bottom: 20px;}body.kc-css-system .kc-css-572039{margin-top: 20px;margin-bottom: 10px;}body.kc-css-system .kc-css-417964 ,body.kc-css-system .kc-css-417964 p{color: #450000;}body.kc-css-system .kc-css-417964{background: #ffebfa;padding-right: 20px;padding-left: 20px;}body.kc-css-system .kc-css-417964 p{margin-top: 30px;margin-bottom: 20px;}body.kc-css-system .kc-css-478516 p{margin-top: 30px;margin-bottom: 20px;}body.kc-css-system .kc-css-345350{margin-top: 20px;margin-bottom: 10px;}body.kc-css-system .kc-css-37653 ,body.kc-css-system .kc-css-37653 p{color: #450000;}body.kc-css-system .kc-css-37653{background: #ffebfa;padding-right: 20px;padding-left: 20px;}body.kc-css-system .kc-css-37653 p{margin-top: 30px;margin-bottom: 20px;}body.kc-css-system .kc-css-162361{margin-top: 20px;margin-bottom: 10px;}body.kc-css-system .kc-css-744744 ,body.kc-css-system .kc-css-744744 p{color: #450000;}body.kc-css-system .kc-css-744744{background: #ffebfa;padding-right: 20px;padding-left: 20px;}body.kc-css-system .kc-css-744744 p{margin-top: 30px;margin-bottom: 20px;}body.kc-css-system .kc-css-554528{margin-top: 20px;margin-bottom: 10px;}body.kc-css-system .kc-css-500128{margin-top: 20px;margin-bottom: 10px;}body.kc-css-system .kc-css-173796 ,body.kc-css-system .kc-css-173796 p{color: #450000;}body.kc-css-system .kc-css-173796{background: #ffebfa;padding-right: 20px;padding-left: 20px;}body.kc-css-system .kc-css-173796 p{margin-top: 30px;margin-bottom: 20px;}body.kc-css-system .kc-css-562902{margin-top: 20px;margin-bottom: 10px;}body.kc-css-system .kc-css-523137 ,body.kc-css-system .kc-css-523137 p{color: #450000;}body.kc-css-system .kc-css-523137{background: #ffebfa;padding-right: 20px;padding-left: 20px;}body.kc-css-system .kc-css-523137 p{margin-top: 30px;margin-bottom: 20px;}body.kc-css-system .kc-css-842066{margin-top: 20px;margin-bottom: 10px;}body.kc-css-system .kc-css-36033{margin-top: 20px;margin-bottom: 10px;}body.kc-css-system .kc-css-70683 ,body.kc-css-system .kc-css-70683 p{color: #450000;}body.kc-css-system .kc-css-70683{background: #ffebfa;padding-right: 20px;padding-left: 20px;}body.kc-css-system .kc-css-70683 p{margin-top: 30px;margin-bottom: 20px;}<\/style>\n<section class=\"kc-elm kc-css-113518 kc_row\">\n<div class=\"kc-row-container  kc-container\">\n<div class=\"kc-wrap-columns\">\n<div class=\"kc-elm kc-css-650338 kc_col-sm-12 kc_column kc_col-sm-12\">\n<div class=\"kc-col-container\">\n<div class=\"kc-elm kc-css-78633 kc_text_block\">\n<p>\nCourt-circuit, le magazine du court m\u00e9trage est heureux de vous proposer de d\u00e9couvrir en avant-premi\u00e8re de l\u2019antenne d\u2019ARTE des films d\u2019auteurs audacieux et originaux autour de la th\u00e9matique LGBT accompagn\u00e9s de reportages.<\/p>\n<p><em>S\u00e9ance en pr\u00e9sence des \u00e9quipes des films et d\u2019H\u00e9l\u00e8ne Vayssieres, responsable des courts et moyens m\u00e9trages d\u2019ARTE France.<\/em><\/p>\n<\/div>\n<div class=\"kc-elm kc-css-432512\" style=\"height: 20px; clear: both; width:100%;\"><\/div>\n<\/div>\n<\/div>\n<\/div>\n<\/div>\n<\/section>\n<section class=\"kc-elm kc-css-969322 kc_row\">\n<div class=\"kc-row-container  kc-container\">\n<div class=\"kc-wrap-columns\">\n<div class=\"kc-elm kc-css-901969 kc_col-sm-12 kc_column kc_col-sm-12\">\n<div class=\"kc-col-container\">\n<div class=\"kc-elm kc-css-380254 kc_row kc_row_inner\">\n<div class=\"kc-elm kc-css-652713 kc_col-sm-2 kc_column_inner kc_col-sm-2\">\n<div class=\"kc_wrapper kc-col-inner-container\"><\/div>\n<\/div>\n<div class=\"kc-elm kc-css-621783 kc_col-sm-9 kc_column_inner kc_col-sm-9\">\n<div class=\"kc_wrapper kc-col-inner-container\">\n<div class=\"kc-elm kc-css-781185 kc_text_block\">\n<h2 style=\"text-align: left;\">FILM<\/h2>\n<\/div>\n<\/div>\n<\/div>\n<div class=\"kc-elm kc-css-471247 kc_col-sm-1 kc_column_inner kc_col-sm-1\">\n<div class=\"kc_wrapper kc-col-inner-container\"><\/div>\n<\/div>\n<\/div>\n<div class=\"kc-elm kc-css-404450 kc_row kc_row_inner\">\n<div class=\"kc-elm kc-css-950294 kc_col-sm-2 kc_column_inner kc_col-sm-2\">\n<div class=\"kc_wrapper kc-col-inner-container\"><\/div>\n<\/div>\n<div class=\"kc-elm kc-css-414624 kc_col-sm-3 kc_column_inner kc_col-sm-3\">\n<div class=\"kc_wrapper kc-col-inner-container\">\n<div class=\"kc-elm kc-css-744364 kc_shortcode kc_single_image\">\n<p>        <img decoding=\"async\" src=\"https:\/\/cheries-cheris.com\/festival\/wp-content\/uploads\/2019\/10\/Seance-Speciale-Arte_2019-Sole-Mio.jpg\" class=\"\" alt=\"SOLE MIO\" \/>    <\/div>\n<\/div>\n<\/div>\n<div class=\"kc-elm kc-css-806707 kc_col-sm-6 kc_column_inner kc_col-sm-6\">\n<div class=\"kc_wrapper kc-col-inner-container\">\n<div class=\"kc-elm kc-css-212635 kc_text_block\">\n<h2 class=\"western\">SOLE MIO<\/h2>\n<h5 class=\"western\">Maxime Roy<\/h5>\n<p class=\"western\"><strong>France. 2019. 22\u2019. TS Productions.<\/strong><\/p>\n<p class=\"western\">Daniel g\u00e8re tant bien que mal la soci\u00e9t\u00e9 de chauffage EAU SOLE MIO, p\u00e8re &#038; fils depuis le d\u00e9part de son p\u00e8re en Italie. Celui-ci est de passage \u00e0 Lille le temps d\u2019une nuit avant la grande op\u00e9ration. Pour devenir d\u00e9finitivement une femme, Gianna.<\/p>\n<\/div>\n<\/div>\n<\/div>\n<div class=\"kc-elm kc-css-476179 kc_col-sm-2 kc_column_inner kc_col-sm-2\">\n<div class=\"kc_wrapper kc-col-inner-container\"><\/div>\n<\/div>\n<\/div>\n<div class=\"kc-elm kc-css-19907\" style=\"height: 20px; clear: both; width:100%;\"><\/div>\n<\/div>\n<\/div>\n<\/div>\n<\/div>\n<\/section>\n<section class=\"kc-elm kc-css-316175 kc_row\">\n<div class=\"kc-row-container  kc-container\">\n<div class=\"kc-wrap-columns\">\n<div class=\"kc-elm kc-css-579065 kc_col-sm-12 kc_column kc_col-sm-12\">\n<div class=\"kc-col-container\">\n<div class=\"kc-elm kc-css-572039 kc_row kc_row_inner\">\n<div class=\"kc-elm kc-css-649070 kc_col-sm-2 kc_column_inner kc_col-sm-2\">\n<div class=\"kc_wrapper kc-col-inner-container\"><\/div>\n<\/div>\n<div class=\"kc-elm kc-css-790845 kc_col-sm-9 kc_column_inner kc_col-sm-9\">\n<div class=\"kc_wrapper kc-col-inner-container\">\n<div class=\"kc-elm kc-css-417964 kc_text_block\">\n<h2>AUTOUR DU COURT<\/h2>\n<\/div>\n<\/div>\n<\/div>\n<div class=\"kc-elm kc-css-569694 kc_col-sm-1 kc_column_inner kc_col-sm-1\">\n<div class=\"kc_wrapper kc-col-inner-container\"><\/div>\n<\/div>\n<\/div>\n<div class=\"kc-elm kc-css-447544 kc_row kc_row_inner\">\n<div class=\"kc-elm kc-css-79387 kc_col-sm-2 kc_column_inner kc_col-sm-2\">\n<div class=\"kc_wrapper kc-col-inner-container\"><\/div>\n<\/div>\n<div class=\"kc-elm kc-css-49910 kc_col-sm-9 kc_column_inner kc_col-sm-9\">\n<div class=\"kc_wrapper kc-col-inner-container\">\n<div class=\"kc-elm kc-css-478516 kc_text_block\">\n<p>\nRetour sur l\u2019exposition CHAMPS D\u2019AMOUR \u00ab 100 ans de cin\u00e9ma arc-en-ciel \u00bb qui a eu lieu l\u2019\u00e9t\u00e9 2019 \u00e0 Paris.<\/p>\n<\/div>\n<\/div>\n<\/div>\n<div class=\"kc-elm kc-css-70255 kc_col-sm-1 kc_column_inner kc_col-sm-1\">\n<div class=\"kc_wrapper kc-col-inner-container\"><\/div>\n<\/div>\n<\/div>\n<div class=\"kc-elm kc-css-190937\" style=\"height: 20px; clear: both; width:100%;\"><\/div>\n<\/div>\n<\/div>\n<\/div>\n<\/div>\n<\/section>\n<section class=\"kc-elm kc-css-427864 kc_row\">\n<div class=\"kc-row-container  kc-container\">\n<div class=\"kc-wrap-columns\">\n<div class=\"kc-elm kc-css-481143 kc_col-sm-12 kc_column kc_col-sm-12\">\n<div class=\"kc-col-container\">\n<div class=\"kc-elm kc-css-345350 kc_row kc_row_inner\">\n<div class=\"kc-elm kc-css-972413 kc_col-sm-2 kc_column_inner kc_col-sm-2\">\n<div class=\"kc_wrapper kc-col-inner-container\"><\/div>\n<\/div>\n<div class=\"kc-elm kc-css-134084 kc_col-sm-9 kc_column_inner kc_col-sm-9\">\n<div class=\"kc_wrapper kc-col-inner-container\">\n<div class=\"kc-elm kc-css-37653 kc_text_block\">\n<h2 style=\"text-align: left;\">FILM<\/h2>\n<\/div>\n<\/div>\n<\/div>\n<div class=\"kc-elm kc-css-615979 kc_col-sm-1 kc_column_inner kc_col-sm-1\">\n<div class=\"kc_wrapper kc-col-inner-container\"><\/div>\n<\/div>\n<\/div>\n<div class=\"kc-elm kc-css-152255 kc_row kc_row_inner\">\n<div class=\"kc-elm kc-css-775317 kc_col-sm-2 kc_column_inner kc_col-sm-2\">\n<div class=\"kc_wrapper kc-col-inner-container\"><\/div>\n<\/div>\n<div class=\"kc-elm kc-css-83153 kc_col-sm-3 kc_column_inner kc_col-sm-3\">\n<div class=\"kc_wrapper kc-col-inner-container\">\n<div class=\"kc-elm kc-css-875110 kc_shortcode kc_single_image\">\n<p>        <img decoding=\"async\" src=\"https:\/\/cheries-cheris.com\/festival\/wp-content\/uploads\/2019\/10\/Seance-Speciale-Arte_2019-La-distance-entre-le-ciel-et-nous.jpg\" class=\"\" alt=\"\" \/>    <\/div>\n<\/div>\n<\/div>\n<div class=\"kc-elm kc-css-856291 kc_col-sm-6 kc_column_inner kc_col-sm-6\">\n<div class=\"kc_wrapper kc-col-inner-container\">\n<div class=\"kc-elm kc-css-749952 kc_text_block\">\n<h2 class=\"western\">LA DISTANCE ENTRE LE CIEL ET NOUS<\/h2>\n<h5 class=\"western\">Vasilis Kekatos<\/h5>\n<p class=\"western\"><strong>France-Gr\u00e8ce. 2019. 9\u2019. Tripode Productions<\/strong><\/p>\n<p class=\"western\">Deux inconnus se rencontrent pour la premi\u00e8re fois, la nuit, dans une station-service perdue. Alors que le premier fait le plein, il manque quelques euros au second pour rentrer chez lui. Les deux hommes vont marchander le prix de ce qui les s\u00e9pare d\u2019une histoire.<\/p>\n<p><em>Palme d\u2019or du court m\u00e9trage 2019 au Festival de Cannes.<\/em><\/p>\n<\/div>\n<\/div>\n<\/div>\n<div class=\"kc-elm kc-css-115759 kc_col-sm-2 kc_column_inner kc_col-sm-2\">\n<div class=\"kc_wrapper kc-col-inner-container\"><\/div>\n<\/div>\n<\/div>\n<div class=\"kc-elm kc-css-225362\" style=\"height: 20px; clear: both; width:100%;\"><\/div>\n<\/div>\n<\/div>\n<\/div>\n<\/div>\n<\/section>\n<section class=\"kc-elm kc-css-218025 kc_row\">\n<div class=\"kc-row-container  kc-container\">\n<div class=\"kc-wrap-columns\">\n<div class=\"kc-elm kc-css-144981 kc_col-sm-12 kc_column kc_col-sm-12\">\n<div class=\"kc-col-container\">\n<div class=\"kc-elm kc-css-162361 kc_row kc_row_inner\">\n<div class=\"kc-elm kc-css-912738 kc_col-sm-2 kc_column_inner kc_col-sm-2\">\n<div class=\"kc_wrapper kc-col-inner-container\"><\/div>\n<\/div>\n<div class=\"kc-elm kc-css-450692 kc_col-sm-9 kc_column_inner kc_col-sm-9\">\n<div class=\"kc_wrapper kc-col-inner-container\">\n<div class=\"kc-elm kc-css-744744 kc_text_block\">\n<h2 style=\"text-align: left;\">ZOOM<\/h2>\n<\/div>\n<\/div>\n<\/div>\n<div class=\"kc-elm kc-css-246973 kc_col-sm-1 kc_column_inner kc_col-sm-1\">\n<div class=\"kc_wrapper kc-col-inner-container\"><\/div>\n<\/div>\n<\/div>\n<div class=\"kc-elm kc-css-554528 kc_row kc_row_inner\">\n<div class=\"kc-elm kc-css-225782 kc_col-sm-2 kc_column_inner kc_col-sm-2\">\n<div class=\"kc_wrapper kc-col-inner-container\"><\/div>\n<\/div>\n<div class=\"kc-elm kc-css-584363 kc_col-sm-9 kc_column_inner kc_col-sm-9\">\n<div class=\"kc_wrapper kc-col-inner-container\">\n<div class=\"kc-elm kc-css-281558 kc_text_block\">\n<p>Rencontre avec Vasilis Kekatos, auteur du film \u00ab La Distance entre le ciel et nous \u00bb.<\/p>\n<\/div>\n<\/div>\n<\/div>\n<div class=\"kc-elm kc-css-171775 kc_col-sm-1 kc_column_inner kc_col-sm-1\">\n<div class=\"kc_wrapper kc-col-inner-container\"><\/div>\n<\/div>\n<\/div>\n<div class=\"kc-elm kc-css-691474\" style=\"height: 20px; clear: both; width:100%;\"><\/div>\n<\/div>\n<\/div>\n<\/div>\n<\/div>\n<\/section>\n<section class=\"kc-elm kc-css-577772 kc_row\">\n<div class=\"kc-row-container  kc-container\">\n<div class=\"kc-wrap-columns\">\n<div class=\"kc-elm kc-css-703539 kc_col-sm-12 kc_column kc_col-sm-12\">\n<div class=\"kc-col-container\">\n<div class=\"kc-elm kc-css-500128 kc_row kc_row_inner\">\n<div class=\"kc-elm kc-css-861553 kc_col-sm-2 kc_column_inner kc_col-sm-2\">\n<div class=\"kc_wrapper kc-col-inner-container\"><\/div>\n<\/div>\n<div class=\"kc-elm kc-css-825164 kc_col-sm-9 kc_column_inner kc_col-sm-9\">\n<div class=\"kc_wrapper kc-col-inner-container\">\n<div class=\"kc-elm kc-css-173796 kc_text_block\">\n<h2 style=\"text-align: left;\">FILM<\/h2>\n<\/div>\n<\/div>\n<\/div>\n<div class=\"kc-elm kc-css-32563 kc_col-sm-1 kc_column_inner kc_col-sm-1\">\n<div class=\"kc_wrapper kc-col-inner-container\"><\/div>\n<\/div>\n<\/div>\n<div class=\"kc-elm kc-css-955129 kc_row kc_row_inner\">\n<div class=\"kc-elm kc-css-742022 kc_col-sm-2 kc_column_inner kc_col-sm-2\">\n<div class=\"kc_wrapper kc-col-inner-container\"><\/div>\n<\/div>\n<div class=\"kc-elm kc-css-631219 kc_col-sm-3 kc_column_inner kc_col-sm-3\">\n<div class=\"kc_wrapper kc-col-inner-container\">\n<div class=\"kc-elm kc-css-930616 kc_shortcode kc_single_image\">\n<p>        <img decoding=\"async\" src=\"https:\/\/cheries-cheris.com\/festival\/wp-content\/uploads\/2019\/10\/Seance-Speciale-Arte_2019-Recit-de-soi-.jpg\" class=\"\" alt=\"RECIT DE SOI\" \/>    <\/div>\n<\/div>\n<\/div>\n<div class=\"kc-elm kc-css-252781 kc_col-sm-6 kc_column_inner kc_col-sm-6\">\n<div class=\"kc_wrapper kc-col-inner-container\">\n<div class=\"kc-elm kc-css-868381 kc_text_block\">\n<h2 class=\"western\">RECIT DE SOI<\/h2>\n<h5 class=\"western\">G\u00e9raldine Charpentier<\/h5>\n<p class=\"western\"><strong>Belgique.\u00a02018.\u00a04\u201940. La Cambre.<\/strong><\/p>\n<p class=\"western\">Lou se raconte, son rapport au genre, aux v\u00eatements et \u00e0 d\u2019autres marqueurs incontournables, alors que les repr\u00e9sentations non binaires sont rares.<\/p>\n<\/div>\n<\/div>\n<\/div>\n<div class=\"kc-elm kc-css-593427 kc_col-sm-2 kc_column_inner kc_col-sm-2\">\n<div class=\"kc_wrapper kc-col-inner-container\"><\/div>\n<\/div>\n<\/div>\n<div class=\"kc-elm kc-css-380701\" style=\"height: 20px; clear: both; width:100%;\"><\/div>\n<\/div>\n<\/div>\n<\/div>\n<\/div>\n<\/section>\n<section class=\"kc-elm kc-css-231751 kc_row\">\n<div class=\"kc-row-container  kc-container\">\n<div class=\"kc-wrap-columns\">\n<div class=\"kc-elm kc-css-460856 kc_col-sm-12 kc_column kc_col-sm-12\">\n<div class=\"kc-col-container\">\n<div class=\"kc-elm kc-css-562902 kc_row kc_row_inner\">\n<div class=\"kc-elm kc-css-334554 kc_col-sm-2 kc_column_inner kc_col-sm-2\">\n<div class=\"kc_wrapper kc-col-inner-container\"><\/div>\n<\/div>\n<div class=\"kc-elm kc-css-188813 kc_col-sm-9 kc_column_inner kc_col-sm-9\">\n<div class=\"kc_wrapper kc-col-inner-container\">\n<div class=\"kc-elm kc-css-523137 kc_text_block\">\n<h2 style=\"text-align: left;\">ZOOM<\/h2>\n<\/div>\n<\/div>\n<\/div>\n<div class=\"kc-elm kc-css-758490 kc_col-sm-1 kc_column_inner kc_col-sm-1\">\n<div class=\"kc_wrapper kc-col-inner-container\"><\/div>\n<\/div>\n<\/div>\n<div class=\"kc-elm kc-css-842066 kc_row kc_row_inner\">\n<div class=\"kc-elm kc-css-835922 kc_col-sm-2 kc_column_inner kc_col-sm-2\">\n<div class=\"kc_wrapper kc-col-inner-container\"><\/div>\n<\/div>\n<div class=\"kc-elm kc-css-574360 kc_col-sm-9 kc_column_inner kc_col-sm-9\">\n<div class=\"kc_wrapper kc-col-inner-container\">\n<div class=\"kc-elm kc-css-956219 kc_text_block\">\n<p>Rencontre au festival d\u2019Annecy avec la jeune r\u00e9alisatrice de \u00ab R\u00e9cit de soi \u00bb, G\u00e9raldine Charpentier<\/p>\n<\/div>\n<\/div>\n<\/div>\n<div class=\"kc-elm kc-css-856133 kc_col-sm-1 kc_column_inner kc_col-sm-1\">\n<div class=\"kc_wrapper kc-col-inner-container\"><\/div>\n<\/div>\n<\/div>\n<div class=\"kc-elm kc-css-62310\" style=\"height: 20px; clear: both; width:100%;\"><\/div>\n<\/div>\n<\/div>\n<\/div>\n<\/div>\n<\/section>\n<section class=\"kc-elm kc-css-685344 kc_row\">\n<div class=\"kc-row-container  kc-container\">\n<div class=\"kc-wrap-columns\">\n<div class=\"kc-elm kc-css-221605 kc_col-sm-12 kc_column kc_col-sm-12\">\n<div class=\"kc-col-container\">\n<div class=\"kc-elm kc-css-36033 kc_row kc_row_inner\">\n<div class=\"kc-elm kc-css-610976 kc_col-sm-2 kc_column_inner kc_col-sm-2\">\n<div class=\"kc_wrapper kc-col-inner-container\"><\/div>\n<\/div>\n<div class=\"kc-elm kc-css-37574 kc_col-sm-9 kc_column_inner kc_col-sm-9\">\n<div class=\"kc_wrapper kc-col-inner-container\">\n<div class=\"kc-elm kc-css-70683 kc_text_block\">\n<h2 style=\"text-align: left;\">MOYEN-M\u00c9TRAGE<\/h2>\n<\/div>\n<\/div>\n<\/div>\n<div class=\"kc-elm kc-css-583264 kc_col-sm-1 kc_column_inner kc_col-sm-1\">\n<div class=\"kc_wrapper kc-col-inner-container\"><\/div>\n<\/div>\n<\/div>\n<div class=\"kc-elm kc-css-381072 kc_row kc_row_inner\">\n<div class=\"kc-elm kc-css-274969 kc_col-sm-2 kc_column_inner kc_col-sm-2\">\n<div class=\"kc_wrapper kc-col-inner-container\"><\/div>\n<\/div>\n<div class=\"kc-elm kc-css-264327 kc_col-sm-3 kc_column_inner kc_col-sm-3\">\n<div class=\"kc_wrapper kc-col-inner-container\">\n<div class=\"kc-elm kc-css-680093 kc_shortcode kc_single_image\">\n<p>        <img decoding=\"async\" src=\"https:\/\/cheries-cheris.com\/festival\/wp-content\/uploads\/2019\/10\/Seance-Speciale-Arte_2019-Aline.jpg\" class=\"\" alt=\"ALINE\" \/>    <\/div>\n<\/div>\n<\/div>\n<div class=\"kc-elm kc-css-385316 kc_col-sm-6 kc_column_inner kc_col-sm-6\">\n<div class=\"kc_wrapper kc-col-inner-container\">\n<div class=\"kc-elm kc-css-469450 kc_text_block\">\n<h2 class=\"western\">ALINE<\/h2>\n<h5 class=\"western\">Simon\u00a0Gu\u00e9lat<\/h5>\n<p class=\"western\"><strong>France, Suisse. 2019. 30\u201929. Les Films du B\u00e9lier.<\/strong><\/p>\n<p class=\"western\">Alban vit dans une station de ski avec sa m\u00e8re. Chaque nuit, le jeune adolescent s\u2019\u00e9chappe en douce pour rejoindre Julien \u2013 ce gar\u00e7on plus \u00e2g\u00e9 qui porte \u00e9trangement le m\u00eame pr\u00e9nom que le h\u00e9ros du roman qu\u2019il d\u00e9vore.<\/p>\n<\/div>\n<\/div>\n<\/div>\n<div class=\"kc-elm kc-css-102779 kc_col-sm-2 kc_column_inner kc_col-sm-2\">\n<div class=\"kc_wrapper kc-col-inner-container\"><\/div>\n<\/div>\n<\/div>\n<div class=\"kc-elm kc-css-254752\" style=\"height: 20px; clear: both; width:100%;\"><\/div>\n<\/div>\n<\/div>\n<\/div>\n<\/div>\n<\/section>\n<section class=\"kc-elm kc-css-153856 kc_row\">\n<div class=\"kc-row-container  kc-container\">\n<div class=\"kc-wrap-columns\">\n<div class=\"kc-elm kc-css-486871 kc_col-sm-12 kc_column kc_col-sm-12\">\n<div class=\"kc-col-container\">\n<div class=\"kc-elm kc-css-414730 kc_row kc_row_inner\">\n<div class=\"kc-elm kc-css-268120 kc_col-sm-2 kc_column_inner kc_col-sm-2\">\n<div class=\"kc_wrapper kc-col-inner-container\"><\/div>\n<\/div>\n<div class=\"kc-elm kc-css-711156 kc_col-sm-3 kc_column_inner kc_col-sm-3\">\n<div class=\"kc_wrapper kc-col-inner-container\"><\/div>\n<\/div>\n<div class=\"kc-elm kc-css-224524 kc_col-sm-6 kc_column_inner kc_col-sm-6\">\n<div class=\"kc_wrapper kc-col-inner-container\">\n<div class=\"kc-elm kc-css-792145 kc_text_block\">\n<p>\n<em>S\u00e9ance en pr\u00e9sence des \u00e9quipes des films et d\u2019H\u00e9l\u00e8ne Vayssieres, responsable des courts et moyens m\u00e9trages d\u2019ARTE France.<\/em><\/p>\n<\/div>\n<\/div>\n<\/div>\n<div class=\"kc-elm kc-css-190529 kc_col-sm-2 kc_column_inner kc_col-sm-2\">\n<div class=\"kc_wrapper kc-col-inner-container\"><\/div>\n<\/div>\n<\/div>\n<div class=\"kc-elm kc-css-65565\" style=\"height: 20px; clear: both; width:100%;\"><\/div>\n<\/div>\n<\/div>\n<\/div>\n<\/div>\n<\/section>\n","protected":false},"excerpt":{"rendered":"<p>Court-circuit, le magazine du court m\u00e9trage est heureux de vous proposer de d\u00e9couvrir en avant-premi\u00e8re de l\u2019antenne d\u2019ARTE des films d\u2019auteurs audacieux et originaux autour de la th\u00e9matique LGBT accompagn\u00e9s de reportages.<\/p>\n","protected":false},"featured_media":1350,"template":"","meta":[],"film-type":[39,40,22],"film-tag":[],"class_list":["post-1572","film","type-film","status-publish","has-post-thumbnail","hentry","film-type-courts-metrages","film-type-hors-competition-courts-metrages","film-type-seances-speciales"],"_links":{"self":[{"href":"https:\/\/cheries-cheris.com\/festival\/wp-json\/wp\/v2\/film\/1572","targetHints":{"allow":["GET"]}}],"collection":[{"href":"https:\/\/cheries-cheris.com\/festival\/wp-json\/wp\/v2\/film"}],"about":[{"href":"https:\/\/cheries-cheris.com\/festival\/wp-json\/wp\/v2\/types\/film"}],"wp:featuredmedia":[{"embeddable":true,"href":"https:\/\/cheries-cheris.com\/festival\/wp-json\/wp\/v2\/media\/1350"}],"wp:attachment":[{"href":"https:\/\/cheries-cheris.com\/festival\/wp-json\/wp\/v2\/media?parent=1572"}],"wp:term":[{"taxonomy":"film-type","embeddable":true,"href":"https:\/\/cheries-cheris.com\/festival\/wp-json\/wp\/v2\/film-type?post=1572"},{"taxonomy":"film-tag","embeddable":true,"href":"https:\/\/cheries-cheris.com\/festival\/wp-json\/wp\/v2\/film-tag?post=1572"}],"curies":[{"name":"wp","href":"https:\/\/api.w.org\/{rel}","templated":true}]}}