{"id":1566,"date":"2019-10-14T16:14:24","date_gmt":"2019-10-14T14:14:24","guid":{"rendered":"http:\/\/cheries-cheris.com\/festival\/?post_type=film&#038;p=1566"},"modified":"2019-10-19T16:05:22","modified_gmt":"2019-10-19T14:05:22","slug":"courts-metrages-lesbiens-1-canicule","status":"publish","type":"film","link":"https:\/\/cheries-cheris.com\/festival\/films\/courts-metrages-lesbiens-1-canicule\/","title":{"rendered":"COURTS M\u00c9TRAGES LESBIENS 1- CANICULE"},"content":{"rendered":"<style type=\"text\/css\">@media only screen and (min-width: 1000px) and (max-width: 5000px){body.kc-css-system .kc-css-273366{width: 12.5%;}body.kc-css-system .kc-css-423442{width: 25%;}body.kc-css-system .kc-css-139855{width: 50%;}body.kc-css-system .kc-css-929714{width: 12.5%;}body.kc-css-system .kc-css-980621{width: 12.5%;}body.kc-css-system .kc-css-987985{width: 25%;}body.kc-css-system .kc-css-269553{width: 50%;}body.kc-css-system .kc-css-679175{width: 12.5%;}body.kc-css-system .kc-css-91281{width: 12.5%;}body.kc-css-system .kc-css-771918{width: 25%;}body.kc-css-system .kc-css-694234{width: 50%;}body.kc-css-system .kc-css-779845{width: 12.5%;}body.kc-css-system .kc-css-173594{width: 12.5%;}body.kc-css-system .kc-css-372166{width: 25%;}body.kc-css-system .kc-css-844950{width: 50%;}body.kc-css-system .kc-css-261833{width: 12.5%;}body.kc-css-system .kc-css-41782{width: 12.5%;}body.kc-css-system .kc-css-684722{width: 25%;}body.kc-css-system .kc-css-270855{width: 50%;}body.kc-css-system .kc-css-302560{width: 12.5%;}body.kc-css-system .kc-css-312949{width: 12.5%;}body.kc-css-system .kc-css-896747{width: 25%;}body.kc-css-system .kc-css-543883{width: 50%;}body.kc-css-system .kc-css-572773{width: 12.5%;}body.kc-css-system .kc-css-936355{width: 12.5%;}body.kc-css-system .kc-css-735872{width: 25%;}body.kc-css-system .kc-css-504297{width: 50%;}body.kc-css-system .kc-css-773078{width: 12.5%;}body.kc-css-system .kc-css-327816{width: 12.5%;}body.kc-css-system .kc-css-463252{width: 25%;}body.kc-css-system .kc-css-165163{width: 50%;}body.kc-css-system .kc-css-959766{width: 12.5%;}}<\/style>\n<section class=\"kc-elm kc-css-66104 kc_row\">\n<div class=\"kc-row-container  kc-container\">\n<div class=\"kc-wrap-columns\">\n<div class=\"kc-elm kc-css-619084 kc_col-sm-12 kc_column kc_col-sm-12\">\n<div class=\"kc-col-container\">\n<div class=\"kc-elm kc-css-900170 kc_row kc_row_inner\">\n<div class=\"kc-elm kc-css-273366 kc_col-sm-2 kc_column_inner kc_col-sm-2\">\n<div class=\"kc_wrapper kc-col-inner-container\"><\/div>\n<\/div>\n<div class=\"kc-elm kc-css-423442 kc_col-sm-3 kc_column_inner kc_col-sm-3\">\n<div class=\"kc_wrapper kc-col-inner-container\">\n<div class=\"kc-elm kc-css-838138 kc_shortcode kc_single_image\">\n<p>        <img decoding=\"async\" src=\"https:\/\/cheries-cheris.com\/festival\/wp-content\/uploads\/2019\/10\/Seance-lesbiens-1_2019-Saison-calme.jpg\" class=\"\" alt=\"SAISON CALME\" \/>    <\/div>\n<\/div>\n<\/div>\n<div class=\"kc-elm kc-css-139855 kc_col-sm-6 kc_column_inner kc_col-sm-6\">\n<div class=\"kc_wrapper kc-col-inner-container\">\n<div class=\"kc-elm kc-css-750782 kc_text_block\">\n<h2>SAISON CALME<\/h2>\n<h5>C\u00e9lia Bchir<\/h5>\n<p><strong>Fiction. France. 2019. 18\u201930<\/strong><\/p>\n<p>C\u2019est l\u2019\u00e9t\u00e9, Marion est sauveteuse. Bien que discr\u00e8te et solitaire, elle fait la connaissance d\u2019\u00c9lise. Mais la noyade d\u2019une baigneuse \u00e0 laquelle elle assiste lui r\u00e9v\u00e8le une part enfouie d\u2019elle-m\u00eame.<\/p>\n<\/div>\n<\/div>\n<\/div>\n<div class=\"kc-elm kc-css-929714 kc_col-sm-2 kc_column_inner kc_col-sm-2\">\n<div class=\"kc_wrapper kc-col-inner-container\"><\/div>\n<\/div>\n<\/div>\n<div class=\"kc-elm kc-css-159751\" style=\"height: 20px; clear: both; width:100%;\"><\/div>\n<\/div>\n<\/div>\n<\/div>\n<\/div>\n<\/section>\n<section class=\"kc-elm kc-css-285409 kc_row\">\n<div class=\"kc-row-container  kc-container\">\n<div class=\"kc-wrap-columns\">\n<div class=\"kc-elm kc-css-614349 kc_col-sm-12 kc_column kc_col-sm-12\">\n<div class=\"kc-col-container\">\n<div class=\"kc-elm kc-css-415181 kc_row kc_row_inner\">\n<div class=\"kc-elm kc-css-980621 kc_col-sm-2 kc_column_inner kc_col-sm-2\">\n<div class=\"kc_wrapper kc-col-inner-container\"><\/div>\n<\/div>\n<div class=\"kc-elm kc-css-987985 kc_col-sm-3 kc_column_inner kc_col-sm-3\">\n<div class=\"kc_wrapper kc-col-inner-container\">\n<div class=\"kc-elm kc-css-43554 kc_shortcode kc_single_image\">\n<p>        <img decoding=\"async\" src=\"https:\/\/cheries-cheris.com\/festival\/wp-content\/uploads\/2019\/10\/Seance-lesbiens-1_2019-Section-Feminines.jpg\" class=\"\" alt=\"SECTION F\u00c9MININE\" \/>    <\/div>\n<\/div>\n<\/div>\n<div class=\"kc-elm kc-css-269553 kc_col-sm-6 kc_column_inner kc_col-sm-6\">\n<div class=\"kc_wrapper kc-col-inner-container\">\n<div class=\"kc-elm kc-css-963521 kc_text_block\">\n<h2>SECTION F\u00c9MININE<\/h2>\n<h5>Estelle Carbonneau<\/h5>\n<p><strong>Documentaire. France. 2019. 14\u201916<\/strong><\/p>\n<p>Rencontre avec l\u2019\u00e9quipe de football f\u00e9minin du FC Paris Arc-En-Ciel o\u00f9 les points de vue sur la f\u00e9minit\u00e9, la construction des identit\u00e9s et le regard des autres s\u2019\u00e9changent au fil des entra\u00eenements et des comp\u00e9titions.<\/p>\n<\/div>\n<\/div>\n<\/div>\n<div class=\"kc-elm kc-css-679175 kc_col-sm-2 kc_column_inner kc_col-sm-2\">\n<div class=\"kc_wrapper kc-col-inner-container\"><\/div>\n<\/div>\n<\/div>\n<div class=\"kc-elm kc-css-146295\" style=\"height: 20px; clear: both; width:100%;\"><\/div>\n<\/div>\n<\/div>\n<\/div>\n<\/div>\n<\/section>\n<section class=\"kc-elm kc-css-728496 kc_row\">\n<div class=\"kc-row-container  kc-container\">\n<div class=\"kc-wrap-columns\">\n<div class=\"kc-elm kc-css-715230 kc_col-sm-12 kc_column kc_col-sm-12\">\n<div class=\"kc-col-container\">\n<div class=\"kc-elm kc-css-96964 kc_row kc_row_inner\">\n<div class=\"kc-elm kc-css-91281 kc_col-sm-2 kc_column_inner kc_col-sm-2\">\n<div class=\"kc_wrapper kc-col-inner-container\"><\/div>\n<\/div>\n<div class=\"kc-elm kc-css-771918 kc_col-sm-3 kc_column_inner kc_col-sm-3\">\n<div class=\"kc_wrapper kc-col-inner-container\">\n<div class=\"kc-elm kc-css-608446 kc_shortcode kc_single_image\">\n<p>        <img decoding=\"async\" src=\"https:\/\/cheries-cheris.com\/festival\/wp-content\/uploads\/2019\/10\/Seance-lesbiens-1_2019-Le-Coup-des-larmes.jpg\" class=\"\" alt=\"LE COUP DES LARMES\" \/>    <\/div>\n<\/div>\n<\/div>\n<div class=\"kc-elm kc-css-694234 kc_col-sm-6 kc_column_inner kc_col-sm-6\">\n<div class=\"kc_wrapper kc-col-inner-container\">\n<div class=\"kc-elm kc-css-190359 kc_text_block\">\n<h2>LE COUP DES LARMES<\/h2>\n<h5>Cl\u00e9mence Po\u00e9sy<\/h5>\n<p><strong>Fiction. France. 2019. 25\u2019<\/strong><\/p>\n<p>Florence est une actrice. La pr\u00e9paration de son prochain film va lui imposer une \u00e9preuve inattendue. Une initiation&#8230; \u00e0 balles r\u00e9elles.<\/p>\n<\/div>\n<\/div>\n<\/div>\n<div class=\"kc-elm kc-css-779845 kc_col-sm-2 kc_column_inner kc_col-sm-2\">\n<div class=\"kc_wrapper kc-col-inner-container\"><\/div>\n<\/div>\n<\/div>\n<div class=\"kc-elm kc-css-448005\" style=\"height: 20px; clear: both; width:100%;\"><\/div>\n<\/div>\n<\/div>\n<\/div>\n<\/div>\n<\/section>\n<section class=\"kc-elm kc-css-602859 kc_row\">\n<div class=\"kc-row-container  kc-container\">\n<div class=\"kc-wrap-columns\">\n<div class=\"kc-elm kc-css-259685 kc_col-sm-12 kc_column kc_col-sm-12\">\n<div class=\"kc-col-container\">\n<div class=\"kc-elm kc-css-217348 kc_row kc_row_inner\">\n<div class=\"kc-elm kc-css-173594 kc_col-sm-2 kc_column_inner kc_col-sm-2\">\n<div class=\"kc_wrapper kc-col-inner-container\"><\/div>\n<\/div>\n<div class=\"kc-elm kc-css-372166 kc_col-sm-3 kc_column_inner kc_col-sm-3\">\n<div class=\"kc_wrapper kc-col-inner-container\">\n<div class=\"kc-elm kc-css-807670 kc_shortcode kc_single_image\">\n<p>        <img decoding=\"async\" src=\"https:\/\/cheries-cheris.com\/festival\/wp-content\/uploads\/2019\/10\/Seance-lesbiens-1_2019-Entropia.jpg\" class=\"\" alt=\"ENTROPIA\" \/>    <\/div>\n<\/div>\n<\/div>\n<div class=\"kc-elm kc-css-844950 kc_col-sm-6 kc_column_inner kc_col-sm-6\">\n<div class=\"kc_wrapper kc-col-inner-container\">\n<div class=\"kc-elm kc-css-137664 kc_text_block\">\n<h2>ENTROPIA<\/h2>\n<h5>Fl\u00f3ra Anna Buda<\/h5>\n<p><strong>Animation. Hongrie. 2019. 10\u201930<\/strong><\/p>\n<p>3 jeunes filles m\u00e8nent chacune une vie bien distincte dans 3 univers parall\u00e8les. Jusqu\u2019\u00e0 ce qu\u2019un bug dans le syst\u00e8me Entropia caus\u00e9 par une mouche fasse s\u2019effondrer les fronti\u00e8res&#8230;<\/p>\n<\/div>\n<\/div>\n<\/div>\n<div class=\"kc-elm kc-css-261833 kc_col-sm-2 kc_column_inner kc_col-sm-2\">\n<div class=\"kc_wrapper kc-col-inner-container\"><\/div>\n<\/div>\n<\/div>\n<div class=\"kc-elm kc-css-925811\" style=\"height: 20px; clear: both; width:100%;\"><\/div>\n<\/div>\n<\/div>\n<\/div>\n<\/div>\n<\/section>\n<section class=\"kc-elm kc-css-941915 kc_row\">\n<div class=\"kc-row-container  kc-container\">\n<div class=\"kc-wrap-columns\">\n<div class=\"kc-elm kc-css-672410 kc_col-sm-12 kc_column kc_col-sm-12\">\n<div class=\"kc-col-container\">\n<div class=\"kc-elm kc-css-512920 kc_row kc_row_inner\">\n<div class=\"kc-elm kc-css-41782 kc_col-sm-2 kc_column_inner kc_col-sm-2\">\n<div class=\"kc_wrapper kc-col-inner-container\"><\/div>\n<\/div>\n<div class=\"kc-elm kc-css-684722 kc_col-sm-3 kc_column_inner kc_col-sm-3\">\n<div class=\"kc_wrapper kc-col-inner-container\">\n<div class=\"kc-elm kc-css-167646 kc_shortcode kc_single_image\">\n<p>        <img decoding=\"async\" src=\"https:\/\/cheries-cheris.com\/festival\/wp-content\/uploads\/2019\/10\/Seance-lesbiens-1_2019-Canicule.jpg\" class=\"\" alt=\"CANICULE\" \/>    <\/div>\n<\/div>\n<\/div>\n<div class=\"kc-elm kc-css-270855 kc_col-sm-6 kc_column_inner kc_col-sm-6\">\n<div class=\"kc_wrapper kc-col-inner-container\">\n<div class=\"kc-elm kc-css-333970 kc_text_block\">\n<h2>CANICULE<\/h2>\n<h5>Tatiana Issa, Guto Barra<\/h5>\n<p><strong>Fiction. Canada. 2019. 15\u201925<\/strong><\/p>\n<p>\u00c9t\u00e9 1997. Fanny, une jambe dans le pl\u00e2tre, se pr\u00e9pare \u00e0 passer des vacances bien mornes. Pourtant, l\u2019exploration de la chambre de sa s\u0153ur lui offre un nouvel univers et ses premiers \u00e9mois.<\/p>\n<\/div>\n<\/div>\n<\/div>\n<div class=\"kc-elm kc-css-302560 kc_col-sm-2 kc_column_inner kc_col-sm-2\">\n<div class=\"kc_wrapper kc-col-inner-container\"><\/div>\n<\/div>\n<\/div>\n<div class=\"kc-elm kc-css-882792\" style=\"height: 20px; clear: both; width:100%;\"><\/div>\n<\/div>\n<\/div>\n<\/div>\n<\/div>\n<\/section>\n<section class=\"kc-elm kc-css-270446 kc_row\">\n<div class=\"kc-row-container  kc-container\">\n<div class=\"kc-wrap-columns\">\n<div class=\"kc-elm kc-css-586187 kc_col-sm-12 kc_column kc_col-sm-12\">\n<div class=\"kc-col-container\">\n<div class=\"kc-elm kc-css-377105 kc_row kc_row_inner\">\n<div class=\"kc-elm kc-css-312949 kc_col-sm-2 kc_column_inner kc_col-sm-2\">\n<div class=\"kc_wrapper kc-col-inner-container\"><\/div>\n<\/div>\n<div class=\"kc-elm kc-css-896747 kc_col-sm-3 kc_column_inner kc_col-sm-3\">\n<div class=\"kc_wrapper kc-col-inner-container\">\n<div class=\"kc-elm kc-css-525713 kc_shortcode kc_single_image\">\n<p>        <img decoding=\"async\" src=\"https:\/\/cheries-cheris.com\/festival\/wp-content\/uploads\/2019\/10\/Seance-lesbiens-1_2019-Oranges.jpg\" class=\"\" alt=\"ORANGES\" \/>    <\/div>\n<\/div>\n<\/div>\n<div class=\"kc-elm kc-css-543883 kc_col-sm-6 kc_column_inner kc_col-sm-6\">\n<div class=\"kc_wrapper kc-col-inner-container\">\n<div class=\"kc-elm kc-css-742632 kc_text_block\">\n<h2>ORANGES<\/h2>\n<h5>Lud M\u00f4naco<\/h5>\n<p><strong>Fiction. France. 2019. 7\u2019<\/strong><\/p>\n<p>Une jeune femme plonge dans les souvenirs de son ex-amour. Elle remonte jusqu\u2019au moment de leur rencontre, o\u00f9 elle atteint des r\u00e9ponses au-del\u00e0 de ses esp\u00e9rances.<\/p>\n<\/div>\n<\/div>\n<\/div>\n<div class=\"kc-elm kc-css-572773 kc_col-sm-2 kc_column_inner kc_col-sm-2\">\n<div class=\"kc_wrapper kc-col-inner-container\"><\/div>\n<\/div>\n<\/div>\n<div class=\"kc-elm kc-css-517541\" style=\"height: 20px; clear: both; width:100%;\"><\/div>\n<\/div>\n<\/div>\n<\/div>\n<\/div>\n<\/section>\n<section class=\"kc-elm kc-css-327703 kc_row\">\n<div class=\"kc-row-container  kc-container\">\n<div class=\"kc-wrap-columns\">\n<div class=\"kc-elm kc-css-737893 kc_col-sm-12 kc_column kc_col-sm-12\">\n<div class=\"kc-col-container\">\n<div class=\"kc-elm kc-css-341933 kc_row kc_row_inner\">\n<div class=\"kc-elm kc-css-936355 kc_col-sm-2 kc_column_inner kc_col-sm-2\">\n<div class=\"kc_wrapper kc-col-inner-container\"><\/div>\n<\/div>\n<div class=\"kc-elm kc-css-735872 kc_col-sm-3 kc_column_inner kc_col-sm-3\">\n<div class=\"kc_wrapper kc-col-inner-container\">\n<div class=\"kc-elm kc-css-398945 kc_shortcode kc_single_image\">\n<p>        <img decoding=\"async\" src=\"https:\/\/cheries-cheris.com\/festival\/wp-content\/uploads\/2019\/10\/Seance-lesbiens-1_2019-Amies.jpg\" class=\"\" alt=\"AMIES\" \/>    <\/div>\n<\/div>\n<\/div>\n<div class=\"kc-elm kc-css-504297 kc_col-sm-6 kc_column_inner kc_col-sm-6\">\n<div class=\"kc_wrapper kc-col-inner-container\">\n<div class=\"kc-elm kc-css-836574 kc_text_block\">\n<h2>AMIES<\/h2>\n<h5>Marie Davignon<\/h5>\n<p><strong>Fiction. Canada. 2018. 19\u2019<\/strong><\/p>\n<p>\u00c0 l\u2019aube de l\u2019an 2000, \u00c9milie invite ses amies Maude et Pascale \u00e0 un chalet pour se retrouver. Mais la rivalit\u00e9 entre ces deux derni\u00e8res prend rapidement une tournure extr\u00eame.<\/p>\n<\/div>\n<\/div>\n<\/div>\n<div class=\"kc-elm kc-css-773078 kc_col-sm-2 kc_column_inner kc_col-sm-2\">\n<div class=\"kc_wrapper kc-col-inner-container\"><\/div>\n<\/div>\n<\/div>\n<div class=\"kc-elm kc-css-803786\" style=\"height: 20px; clear: both; width:100%;\"><\/div>\n<\/div>\n<\/div>\n<\/div>\n<\/div>\n<\/section>\n<section class=\"kc-elm kc-css-921863 kc_row\">\n<div class=\"kc-row-container  kc-container\">\n<div class=\"kc-wrap-columns\">\n<div class=\"kc-elm kc-css-146557 kc_col-sm-12 kc_column kc_col-sm-12\">\n<div class=\"kc-col-container\">\n<div class=\"kc-elm kc-css-994004 kc_row kc_row_inner\">\n<div class=\"kc-elm kc-css-327816 kc_col-sm-2 kc_column_inner kc_col-sm-2\">\n<div class=\"kc_wrapper kc-col-inner-container\"><\/div>\n<\/div>\n<div class=\"kc-elm kc-css-463252 kc_col-sm-3 kc_column_inner kc_col-sm-3\">\n<div class=\"kc_wrapper kc-col-inner-container\"><\/div>\n<\/div>\n<div class=\"kc-elm kc-css-165163 kc_col-sm-6 kc_column_inner kc_col-sm-6\">\n<div class=\"kc_wrapper kc-col-inner-container\">\n<div class=\"kc-elm kc-css-740473 kc_text_block\">\n<p><i>La projection du dimanche 24 novembre sera en pr\u00e9sence des \u00e9quipes des films.<\/i><\/p>\n<\/div>\n<\/div>\n<\/div>\n<div class=\"kc-elm kc-css-959766 kc_col-sm-2 kc_column_inner kc_col-sm-2\">\n<div class=\"kc_wrapper kc-col-inner-container\"><\/div>\n<\/div>\n<\/div>\n<div class=\"kc-elm kc-css-396749\" style=\"height: 20px; clear: both; width:100%;\"><\/div>\n<\/div>\n<\/div>\n<\/div>\n<\/div>\n<\/section>\n","protected":false},"excerpt":{"rendered":"<p>Saison calme, Section f\u00e9minine, Le coup des larmes, Entropia, Canicule, Oranges, Amies<\/p>\n","protected":false},"featured_media":1410,"template":"","meta":[],"film-type":[11,39],"film-tag":[],"class_list":["post-1566","film","type-film","status-publish","has-post-thumbnail","hentry","film-type-competition-courts-metrages","film-type-courts-metrages"],"_links":{"self":[{"href":"https:\/\/cheries-cheris.com\/festival\/wp-json\/wp\/v2\/film\/1566","targetHints":{"allow":["GET"]}}],"collection":[{"href":"https:\/\/cheries-cheris.com\/festival\/wp-json\/wp\/v2\/film"}],"about":[{"href":"https:\/\/cheries-cheris.com\/festival\/wp-json\/wp\/v2\/types\/film"}],"wp:featuredmedia":[{"embeddable":true,"href":"https:\/\/cheries-cheris.com\/festival\/wp-json\/wp\/v2\/media\/1410"}],"wp:attachment":[{"href":"https:\/\/cheries-cheris.com\/festival\/wp-json\/wp\/v2\/media?parent=1566"}],"wp:term":[{"taxonomy":"film-type","embeddable":true,"href":"https:\/\/cheries-cheris.com\/festival\/wp-json\/wp\/v2\/film-type?post=1566"},{"taxonomy":"film-tag","embeddable":true,"href":"https:\/\/cheries-cheris.com\/festival\/wp-json\/wp\/v2\/film-tag?post=1566"}],"curies":[{"name":"wp","href":"https:\/\/api.w.org\/{rel}","templated":true}]}}