{"id":1529,"date":"2019-10-14T10:22:02","date_gmt":"2019-10-14T08:22:02","guid":{"rendered":"http:\/\/cheries-cheris.com\/festival\/?post_type=film&#038;p=1529"},"modified":"2019-10-14T10:22:02","modified_gmt":"2019-10-14T08:22:02","slug":"ocean","status":"publish","type":"film","link":"https:\/\/cheries-cheris.com\/festival\/films\/ocean\/","title":{"rendered":"OC\u00c9AN"},"content":{"rendered":"<p>Enfin pr\u00eat \u00e0 affronter le regard social, en mai 2018, Oc\u00e9an d\u00e9cide de faire son coming out, de changer de genre et de s\u2019affirmer tel qu\u2019il est\u00a0: un homme trans. Peur du regard des autres, de s&rsquo;\u00e9loigner de ses proches,\u00a0de voir \u00e9voluer son statut d\u2019artiste, mais aussi tr\u00e8s impatient et heureux de vivre cette immense exp\u00e9rience.\u00a0Comment Oc\u00e9an va-t-il traverser toutes les \u00e9tapes physiques, psychologiques\u00a0et sentimentales de cette transition \u00ab\u00a0Femme vers Homme\u00a0\u00bb ?<\/p>\n<p><!--more--><br \/>\n<strong>L\u2019humour et les personnes savoureuses crois\u00e9es dans le documentaire \u00e0 la premi\u00e8re personne d\u2019Oc\u00e9an feraient presque oublier la difficult\u00e9 d\u2019une transition. Et c\u2019est sans doute l\u2019un des beaux succ\u00e8s de sa r\u00e9alisation, dont la joie et l\u2019optimisme s\u2019opposent \u00e0 beaucoup de clich\u00e9s mis\u00e9rabilistes encore associ\u00e9s \u00e0 la transidentit\u00e9. Pour autant, les obstacles, la violence, la peur de l\u2019inconnu, notamment au sein m\u00eame de la famille, ne sont pas exclus. L\u2019autoportrait, contenu dans le format tr\u00e8s actuel d\u2019une webs\u00e9rie &#8211; ici restitu\u00e9e dans son int\u00e9gralit\u00e9 &#8211; d\u00e9voile derri\u00e8re l\u2019artiste une personnalit\u00e9 particuli\u00e8rement attachante et g\u00e9n\u00e9reuse. En questionnant avec verve la \u00ab normativit\u00e9 \u00bb du regard cisgenre, Oc\u00e9an ouvre avec g\u00e9n\u00e9rosit\u00e9 le dialogue et concourt de mani\u00e8re efficace \u00e0 \u00ab\u00a0simplifier\u00a0\u00bb la transition de genre. Une \u0153uvre lumineuse, captivante, incontournable !<\/strong><\/p>\n<p><em>Les 2 projection seront suivies d\u2019une rencontre avec le r\u00e9alisateur Oc\u00e9an. <\/em><\/p>\n","protected":false},"excerpt":{"rendered":"<p>Enfin pr\u00eat \u00e0 affronter le regard social, en mai 2018, Oc\u00e9an d\u00e9cide de faire son coming out, de changer de genre et de s\u2019affirmer tel qu\u2019il est\u00a0: un homme trans. Peur du regard des autres, de s&rsquo;\u00e9loigner de ses proches,\u00a0de voir \u00e9voluer son statut d\u2019artiste, mais aussi tr\u00e8s impatient et heureux de vivre cette immense [&hellip;]<\/p>\n","protected":false},"featured_media":1363,"template":"","meta":[],"film-type":[43,22],"film-tag":[],"class_list":["post-1529","film","type-film","status-publish","has-post-thumbnail","hentry","film-type-docus-militants","film-type-seances-speciales"],"_links":{"self":[{"href":"https:\/\/cheries-cheris.com\/festival\/wp-json\/wp\/v2\/film\/1529","targetHints":{"allow":["GET"]}}],"collection":[{"href":"https:\/\/cheries-cheris.com\/festival\/wp-json\/wp\/v2\/film"}],"about":[{"href":"https:\/\/cheries-cheris.com\/festival\/wp-json\/wp\/v2\/types\/film"}],"wp:featuredmedia":[{"embeddable":true,"href":"https:\/\/cheries-cheris.com\/festival\/wp-json\/wp\/v2\/media\/1363"}],"wp:attachment":[{"href":"https:\/\/cheries-cheris.com\/festival\/wp-json\/wp\/v2\/media?parent=1529"}],"wp:term":[{"taxonomy":"film-type","embeddable":true,"href":"https:\/\/cheries-cheris.com\/festival\/wp-json\/wp\/v2\/film-type?post=1529"},{"taxonomy":"film-tag","embeddable":true,"href":"https:\/\/cheries-cheris.com\/festival\/wp-json\/wp\/v2\/film-tag?post=1529"}],"curies":[{"name":"wp","href":"https:\/\/api.w.org\/{rel}","templated":true}]}}